{"version":"1.0","provider_name":"Barcelona Obertura","provider_url":"https:\/\/www.barcelonaobertura.com\/ca\/","author_name":"Laura N\u00fa\u00f1ez","author_url":"https:\/\/www.barcelonaobertura.com\/ca\/author\/laura\/","title":"S\u00f3nar: 30 anys d'innovaci\u00f3 musical i creativa - Barcelona Obertura","type":"rich","width":600,"height":338,"html":"<blockquote class=\"wp-embedded-content\" data-secret=\"KGBPHnGckc\"><a href=\"https:\/\/www.barcelonaobertura.com\/ca\/plan\/sonar-30-years-of-creative-musical-innovation\/\">S\u00f3nar: 30 anys d&#8217;innovaci\u00f3 musical i creativa<\/a><\/blockquote><iframe sandbox=\"allow-scripts\" security=\"restricted\" src=\"https:\/\/www.barcelonaobertura.com\/ca\/plan\/sonar-30-years-of-creative-musical-innovation\/embed\/#?secret=KGBPHnGckc\" width=\"600\" height=\"338\" title=\"&#8220;S\u00f3nar: 30 anys d&#8217;innovaci\u00f3 musical i creativa&#8221; &#8212; Barcelona Obertura\" data-secret=\"KGBPHnGckc\" frameborder=\"0\" marginwidth=\"0\" marginheight=\"0\" scrolling=\"no\" class=\"wp-embedded-content\"><\/iframe><script type=\"text\/javascript\">\n\/* <![CDATA[ *\/\n\/*! This file is auto-generated *\/\n!function(d,l){\"use strict\";l.querySelector&&d.addEventListener&&\"undefined\"!=typeof URL&&(d.wp=d.wp||{},d.wp.receiveEmbedMessage||(d.wp.receiveEmbedMessage=function(e){var t=e.data;if((t||t.secret||t.message||t.value)&&!\/[^a-zA-Z0-9]\/.test(t.secret)){for(var s,r,n,a=l.querySelectorAll('iframe[data-secret=\"'+t.secret+'\"]'),o=l.querySelectorAll('blockquote[data-secret=\"'+t.secret+'\"]'),c=new RegExp(\"^https?:$\",\"i\"),i=0;i<o.length;i++)o[i].style.display=\"none\";for(i=0;i<a.length;i++)s=a[i],e.source===s.contentWindow&&(s.removeAttribute(\"style\"),\"height\"===t.message?(1e3<(r=parseInt(t.value,10))?r=1e3:~~r<200&&(r=200),s.height=r):\"link\"===t.message&&(r=new URL(s.getAttribute(\"src\")),n=new URL(t.value),c.test(n.protocol))&&n.host===r.host&&l.activeElement===s&&(d.top.location.href=t.value))}},d.addEventListener(\"message\",d.wp.receiveEmbedMessage,!1),l.addEventListener(\"DOMContentLoaded\",function(){for(var e,t,s=l.querySelectorAll(\"iframe.wp-embedded-content\"),r=0;r<s.length;r++)(t=(e=s[r]).getAttribute(\"data-secret\"))||(t=Math.random().toString(36).substring(2,12),e.src+=\"#?secret=\"+t,e.setAttribute(\"data-secret\",t)),e.contentWindow.postMessage({message:\"ready\",secret:t},\"*\")},!1)))}(window,document);\n\/\/# sourceURL=https:\/\/www.barcelonaobertura.com\/wp-includes\/js\/wp-embed.min.js\n\/* ]]> *\/\n<\/script>\n","thumbnail_url":"https:\/\/www.barcelonaobertura.com\/wp-content\/uploads\/2024\/03\/2_sonar-de-noche_nereacoll-scaled.jpg","thumbnail_width":2560,"thumbnail_height":1707,"description":"L\u00b4ic\u00f2nic festival barcelon\u00ed \u00e9s un esdeveniment \u00fanic que transforma la ciutat cada mes de juny. M\u00e9s de tres d\u00e8cades despr\u00e9s, el S\u00f3nar ha consolidat la seva posici\u00f3 com l'epicentre de les m\u00fasiques i les arts d'avantguarda."}