{"id":3575,"date":"2022-09-14T11:18:45","date_gmt":"2022-09-14T11:18:45","guid":{"rendered":"http:\/\/barcelonaobertura.lamagnetica.net\/?page_id=3575"},"modified":"2024-10-03T15:29:22","modified_gmt":"2024-10-03T15:29:22","slug":"qui-som","status":"publish","type":"page","link":"https:\/\/www.barcelonaobertura.com\/ca\/qui-som\/","title":{"rendered":"Qui Som"},"content":{"rendered":"\n<div class=\"wp-block-cover is-light content-header html\"><span aria-hidden=\"true\" class=\"wp-block-cover__background has-background-dim-0 has-background-dim\" style=\"background-color:#fbf2a4\"><\/span><img loading=\"lazy\" decoding=\"async\" width=\"1440\" height=\"281\" class=\"wp-block-cover__image-background wp-image-3605\" alt=\"\" src=\"https:\/\/www.barcelonaobertura.com\/wp-content\/uploads\/2022\/09\/Barcelona-Obertura-c.jpg\" style=\"object-position:50% 51%\" data-object-fit=\"cover\" data-object-position=\"50% 51%\" srcset=\"https:\/\/www.barcelonaobertura.com\/wp-content\/uploads\/2022\/09\/Barcelona-Obertura-c.jpg 1440w, https:\/\/www.barcelonaobertura.com\/wp-content\/uploads\/2022\/09\/Barcelona-Obertura-c-300x59.jpg 300w, https:\/\/www.barcelonaobertura.com\/wp-content\/uploads\/2022\/09\/Barcelona-Obertura-c-1024x200.jpg 1024w, https:\/\/www.barcelonaobertura.com\/wp-content\/uploads\/2022\/09\/Barcelona-Obertura-c-768x150.jpg 768w\" sizes=\"auto, (max-width: 1440px) 100vw, 1440px\" \/><div class=\"wp-block-cover__inner-container is-layout-flow wp-block-cover-is-layout-flow\"><div id=\"container-block_e76faab330ff66baa7c6dabf28875b5f\" class=\"wp-block-group wp-block-container medium-padding-top medium-padding-bottom medium-wrapper\">\n    \n\n<h1 class=\"wp-block-heading has-text-align-center\">Barcelona Obertura<\/h1>\n\n\n<\/div><\/div><\/div>\n\n\n<div id=\"container-block_edb89b07e8f16bcc19ba576fdd499929\" class=\"html wp-block-container big-wrapper\">\n    \n\n<div class=\"wp-block-media-text alignwide has-media-on-the-right is-stacked-on-mobile\"><div class=\"wp-block-media-text__content\">\n<h2 class=\"wp-block-heading has-text-align-left has-large-font-size\">Qui som<\/h2>\n\n\n\n<p>Barcelona Obertura \u00e9s una iniciativa fruit de la uni\u00f3 de les tres sales de m\u00fasica cl\u00e0ssica m\u00e9s importants de la ciutat, El Gran Teatre del Liceu, el Palau de la M\u00fasica Catalana i L&#8217;Auditori, amb l&#8217;objectiu de promocionar internacionalment la ciutat de Barcelona a trav\u00e9s de la m\u00fasica cl\u00e0ssica.<\/p>\n\n\n\n<h2 class=\"wp-block-heading\"><strong><strong>Un repertori fant\u00e0stic per a gaudir en una ciutat fant\u00e0stica<\/strong><\/strong><\/h2>\n\n\n\n<p class=\"has-text-align-left\">Cada temporada, Barcelona Obertura selecciona els millors concerts i produccions musicals de les tres sales i els agrupa en paquets especials, oferint al visitant una experi\u00e8ncia excepcional.<\/p>\n<\/div><figure class=\"wp-block-media-text__media\"><img loading=\"lazy\" decoding=\"async\" width=\"1024\" height=\"661\" src=\"https:\/\/www.barcelonaobertura.com\/wp-content\/uploads\/2022\/09\/Barcelona_Obertura_stay_for_the_rest-1024x661.jpg\" alt=\"\" class=\"wp-image-2363 size-full\" srcset=\"https:\/\/www.barcelonaobertura.com\/wp-content\/uploads\/2022\/09\/Barcelona_Obertura_stay_for_the_rest-1024x661.jpg 1024w, https:\/\/www.barcelonaobertura.com\/wp-content\/uploads\/2022\/09\/Barcelona_Obertura_stay_for_the_rest-300x194.jpg 300w, https:\/\/www.barcelonaobertura.com\/wp-content\/uploads\/2022\/09\/Barcelona_Obertura_stay_for_the_rest-768x496.jpg 768w, https:\/\/www.barcelonaobertura.com\/wp-content\/uploads\/2022\/09\/Barcelona_Obertura_stay_for_the_rest.jpg 1200w\" sizes=\"auto, (max-width: 1024px) 100vw, 1024px\" \/><\/figure><\/div>\n\n\n<\/div>\n\n<div id=\"container-block_26bf9cde86b258e075ca1dba0ac7f89d\" class=\"html wp-block-container small-margin-top big-wrapper\">\n    \n\n<div class=\"wp-block-media-text alignwide is-stacked-on-mobile\"><figure class=\"wp-block-media-text__media\"><img loading=\"lazy\" decoding=\"async\" width=\"600\" height=\"400\" src=\"https:\/\/www.barcelonaobertura.com\/wp-content\/uploads\/2022\/08\/MusicMuseum.jpg\" alt=\"\" class=\"wp-image-2149 size-full\" srcset=\"https:\/\/www.barcelonaobertura.com\/wp-content\/uploads\/2022\/08\/MusicMuseum.jpg 600w, https:\/\/www.barcelonaobertura.com\/wp-content\/uploads\/2022\/08\/MusicMuseum-300x200.jpg 300w\" sizes=\"auto, (max-width: 600px) 100vw, 600px\" \/><\/figure><div class=\"wp-block-media-text__content\">\n<h2 class=\"wp-block-heading has-text-align-left\"><strong>Barcelona Obertura Ciutat de Cl\u00e0ssica<\/strong><\/h2>\n\n\n\n<p class=\"has-text-align-left\">Un estil de vida mediterrani, una cultura sense l\u00edmits, una arquitectura i uns museus fascinants i una excelent i variada oferta gastron\u00f2mica. Qualsevol moment \u00e9s adequat per visitar Barcelona, per\u00f2 si cal escollir, mar\u00e7 hauria de ser l&#8217;elecci\u00f3. Durant aquest mes t\u00e9 lloc el festival &#8220;Ciutat de Cl\u00e0ssica&#8221;, i tota la ciutat floreix i respira m\u00fasica cl\u00e0ssica.<\/p>\n<\/div><\/div>\n\n\n<\/div>\n\n<div id=\"container-block_5bcb651ecb03e6066ee7929be2846247\" class=\"wp-block-group wp-block-container medium-padding-top big-wrapper\">\n    \n\n<h2 class=\"wp-block-heading has-text-align-center has-x-large-font-size\" style=\"font-style:normal;font-weight:600\">Els tres temples de la m\u00fasica<\/h2>\n\n\n<\/div>\n\n<div id=\"liceu\" class=\"wp-block-group wp-block-container big-padding-top big-wrapper\">\n    \n\n<div class=\"wp-block-columns grid-header header-right is-layout-flex wp-container-core-columns-is-layout-9d6595d7 wp-block-columns-is-layout-flex\">\n<div class=\"wp-block-column html is-layout-flow wp-block-column-is-layout-flow\" style=\"flex-basis:66.66%\">\n<p>El Gran Teatre del Liceu, o simplement, el Liceu, es va fundar a la Rambla de Barcelona l\u2019any 1847. Amb la seva activitat ininterrompuda al llarg de m\u00e9s de 170 anys, el Liceu compleix a la perfecci\u00f3 la seva funci\u00f3 de centre art\u00edstic i \u00e9s un referent cultural i social de la ciutat i el pa\u00eds. El Liceu s\u2019ha convertit en un teatre l\u00edder a escala internacional i avui \u00e9s una destinaci\u00f3 imprescindible per als amants de l\u2019\u00f2pera d\u2019arreu del m\u00f3n, gr\u00e0cies al fet que cada temporada s\u2019estrenen m\u00e9s de deu produccions diferents amb els artistes m\u00e9s prestigiosos i les \u00faltimes produccions d\u2019\u00e8xit internacional.<\/p>\n<\/div>\n\n\n\n<div class=\"wp-block-column header is-layout-flow wp-block-column-is-layout-flow\" style=\"flex-basis:33.33%\">\n<h2 class=\"wp-block-heading\">Liceu Opera<\/h2>\n<\/div>\n<\/div>\n\n\n<\/div>\n\n<div id=\"container-block_fb194b4adce583909cbf1bd950b841d2\" class=\"grid-03 grid small-padding-top big-wrapper\">\n    \n\n<div class=\"wp-block-cover is-light grid-item-01 html\"><span aria-hidden=\"true\" class=\"wp-block-cover__background has-background-dim-100 has-background-dim\" style=\"background-color:#f7f7f7\"><\/span><div class=\"wp-block-cover__inner-container is-layout-flow wp-block-cover-is-layout-flow\">\n<p><em>&#8220;<\/em>\u00c9s una gran not\u00edcia que els pilars de la m\u00fasica cl\u00e0ssica a Barcelona col\u00b7laborin per presentar una temporada espl\u00e8ndida. El Palau de la M\u00fasica Catalana, el Gran Teatre del Liceu, Ibercamera i L\u2019Auditori treballaran conjuntament perqu\u00e8 la ciutat de Barcelona esdevingui una de les capitals mundials de la m\u00fasica simf\u00f2nica<em>.&#8221;<\/em><\/p>\n\n\n\n<p class=\"medium-padding-top\">Valent\u00ed Oviedo, Director General del Gran Teatre del Liceu<\/p>\n<\/div><\/div>\n\n\n\n<div class=\"wp-block-cover is-light grid-item-02\"><span aria-hidden=\"true\" class=\"wp-block-cover__background has-background-dim-0 has-background-dim\"><\/span><img loading=\"lazy\" decoding=\"async\" width=\"1200\" height=\"801\" class=\"wp-block-cover__image-background wp-image-1833\" alt=\"\" src=\"https:\/\/www.barcelonaobertura.com\/wp-content\/uploads\/2022\/09\/teatre-liceu.jpg\" data-object-fit=\"cover\" srcset=\"https:\/\/www.barcelonaobertura.com\/wp-content\/uploads\/2022\/09\/teatre-liceu.jpg 1200w, https:\/\/www.barcelonaobertura.com\/wp-content\/uploads\/2022\/09\/teatre-liceu-300x200.jpg 300w, https:\/\/www.barcelonaobertura.com\/wp-content\/uploads\/2022\/09\/teatre-liceu-1024x684.jpg 1024w, https:\/\/www.barcelonaobertura.com\/wp-content\/uploads\/2022\/09\/teatre-liceu-768x513.jpg 768w\" sizes=\"auto, (max-width: 1200px) 100vw, 1200px\" \/><div class=\"wp-block-cover__inner-container is-layout-flow wp-block-cover-is-layout-flow\">\n<p class=\"has-text-align-center has-large-font-size\"><\/p>\n<\/div><\/div>\n\n\n\n<div class=\"wp-block-cover grid-item-03\"><span aria-hidden=\"true\" class=\"wp-block-cover__background has-background-dim-0 has-background-dim\"><\/span><img loading=\"lazy\" decoding=\"async\" width=\"1200\" height=\"801\" class=\"wp-block-cover__image-background wp-image-1824\" alt=\"\" src=\"https:\/\/www.barcelonaobertura.com\/wp-content\/uploads\/2022\/09\/liceu_espais_Paco-Amate.jpg\" data-object-fit=\"cover\" srcset=\"https:\/\/www.barcelonaobertura.com\/wp-content\/uploads\/2022\/09\/liceu_espais_Paco-Amate.jpg 1200w, https:\/\/www.barcelonaobertura.com\/wp-content\/uploads\/2022\/09\/liceu_espais_Paco-Amate-300x200.jpg 300w, https:\/\/www.barcelonaobertura.com\/wp-content\/uploads\/2022\/09\/liceu_espais_Paco-Amate-1024x684.jpg 1024w, https:\/\/www.barcelonaobertura.com\/wp-content\/uploads\/2022\/09\/liceu_espais_Paco-Amate-768x513.jpg 768w\" sizes=\"auto, (max-width: 1200px) 100vw, 1200px\" \/><div class=\"wp-block-cover__inner-container is-layout-flow wp-block-cover-is-layout-flow\">\n<p class=\"has-text-align-center has-large-font-size\"><\/p>\n<\/div><\/div>\n\n\n\n<div class=\"wp-block-cover grid-item-04\"><span aria-hidden=\"true\" class=\"wp-block-cover__background has-background-dim-0 has-background-dim\"><\/span><img loading=\"lazy\" decoding=\"async\" width=\"1200\" height=\"801\" class=\"wp-block-cover__image-background wp-image-1845\" alt=\"\" src=\"https:\/\/www.barcelonaobertura.com\/wp-content\/uploads\/2022\/09\/teatr-liceu-paco-amate.jpg\" data-object-fit=\"cover\" srcset=\"https:\/\/www.barcelonaobertura.com\/wp-content\/uploads\/2022\/09\/teatr-liceu-paco-amate.jpg 1200w, https:\/\/www.barcelonaobertura.com\/wp-content\/uploads\/2022\/09\/teatr-liceu-paco-amate-300x200.jpg 300w, https:\/\/www.barcelonaobertura.com\/wp-content\/uploads\/2022\/09\/teatr-liceu-paco-amate-1024x684.jpg 1024w, https:\/\/www.barcelonaobertura.com\/wp-content\/uploads\/2022\/09\/teatr-liceu-paco-amate-768x513.jpg 768w\" sizes=\"auto, (max-width: 1200px) 100vw, 1200px\" \/><div class=\"wp-block-cover__inner-container is-layout-flow wp-block-cover-is-layout-flow\">\n<p class=\"has-text-align-center has-large-font-size\"><\/p>\n<\/div><\/div>\n\n\n\n<div class=\"wp-block-cover grid-item-05\"><span aria-hidden=\"true\" class=\"wp-block-cover__background has-background-dim-0 has-background-dim\"><\/span><img loading=\"lazy\" decoding=\"async\" width=\"1200\" height=\"801\" class=\"wp-block-cover__image-background wp-image-1842\" alt=\"\" src=\"https:\/\/www.barcelonaobertura.com\/wp-content\/uploads\/2022\/09\/Teatre_liceu_PAmate.jpg\" data-object-fit=\"cover\" srcset=\"https:\/\/www.barcelonaobertura.com\/wp-content\/uploads\/2022\/09\/Teatre_liceu_PAmate.jpg 1200w, https:\/\/www.barcelonaobertura.com\/wp-content\/uploads\/2022\/09\/Teatre_liceu_PAmate-300x200.jpg 300w, https:\/\/www.barcelonaobertura.com\/wp-content\/uploads\/2022\/09\/Teatre_liceu_PAmate-1024x684.jpg 1024w, https:\/\/www.barcelonaobertura.com\/wp-content\/uploads\/2022\/09\/Teatre_liceu_PAmate-768x513.jpg 768w\" sizes=\"auto, (max-width: 1200px) 100vw, 1200px\" \/><div class=\"wp-block-cover__inner-container is-layout-flow wp-block-cover-is-layout-flow\">\n<p class=\"has-text-align-center has-large-font-size\"><\/p>\n<\/div><\/div>\n\n\n\n<div class=\"wp-block-cover grid-item-06\"><span aria-hidden=\"true\" class=\"wp-block-cover__background has-background-dim-0 has-background-dim\"><\/span><img loading=\"lazy\" decoding=\"async\" width=\"1200\" height=\"800\" class=\"wp-block-cover__image-background wp-image-509\" alt=\"\" src=\"https:\/\/www.barcelonaobertura.com\/wp-content\/uploads\/2022\/07\/Enjoy_Music_Liceu.jpg\" data-object-fit=\"cover\" srcset=\"https:\/\/www.barcelonaobertura.com\/wp-content\/uploads\/2022\/07\/Enjoy_Music_Liceu.jpg 1200w, https:\/\/www.barcelonaobertura.com\/wp-content\/uploads\/2022\/07\/Enjoy_Music_Liceu-300x200.jpg 300w, https:\/\/www.barcelonaobertura.com\/wp-content\/uploads\/2022\/07\/Enjoy_Music_Liceu-1024x683.jpg 1024w, https:\/\/www.barcelonaobertura.com\/wp-content\/uploads\/2022\/07\/Enjoy_Music_Liceu-768x512.jpg 768w\" sizes=\"auto, (max-width: 1200px) 100vw, 1200px\" \/><div class=\"wp-block-cover__inner-container is-layout-flow wp-block-cover-is-layout-flow\">\n<p class=\"has-text-align-center has-large-font-size\"><\/p>\n<\/div><\/div>\n\n\n\n<div class=\"wp-block-cover is-light grid-item-07\"><span aria-hidden=\"true\" class=\"wp-block-cover__background has-background-dim-0 has-background-dim\"><\/span><img loading=\"lazy\" decoding=\"async\" width=\"1200\" height=\"801\" class=\"wp-block-cover__image-background wp-image-2413\" alt=\"\" src=\"https:\/\/www.barcelonaobertura.com\/wp-content\/uploads\/2022\/09\/liceu_Paco-Amate-2.jpg\" data-object-fit=\"cover\" srcset=\"https:\/\/www.barcelonaobertura.com\/wp-content\/uploads\/2022\/09\/liceu_Paco-Amate-2.jpg 1200w, https:\/\/www.barcelonaobertura.com\/wp-content\/uploads\/2022\/09\/liceu_Paco-Amate-2-300x200.jpg 300w, https:\/\/www.barcelonaobertura.com\/wp-content\/uploads\/2022\/09\/liceu_Paco-Amate-2-1024x684.jpg 1024w, https:\/\/www.barcelonaobertura.com\/wp-content\/uploads\/2022\/09\/liceu_Paco-Amate-2-768x513.jpg 768w\" sizes=\"auto, (max-width: 1200px) 100vw, 1200px\" \/><div class=\"wp-block-cover__inner-container is-layout-flow wp-block-cover-is-layout-flow\">\n<p class=\"has-text-align-center has-large-font-size\"><\/p>\n<\/div><\/div>\n\n\n<\/div>\n\n<div id=\"palau\" class=\"wp-block-group wp-block-container big-padding-top small-padding-bottom big-wrapper\">\n    \n\n<div class=\"wp-block-columns grid-header header-left is-layout-flex wp-container-core-columns-is-layout-9d6595d7 wp-block-columns-is-layout-flex\">\n<div class=\"wp-block-column html is-layout-flow wp-block-column-is-layout-flow\" style=\"flex-basis:66.66%\">\n<p>El Palau de la M\u00fasica Catalana, obra de l\u2019arquitecte Llu\u00eds Dom\u00e8nech i Montaner, va ser constru\u00eft entre els anys 1905 i 1908 com a seu de l\u2019Orfe\u00f3 Catal\u00e0. La construcci\u00f3 va ser finan\u00e7ada a trav\u00e9s de subscripci\u00f3 popular. Joia arquitect\u00f2nica del modernisme catal\u00e0, \u00e9s l\u2019\u00fanica sala de concerts d\u2019aquest estil declarada Patrimoni de la Humanitat per la Unesco, i actualment \u00e9s un referent essencial en la vida cultural catalana.<\/p>\n\n\n\n<p>La missi\u00f3 de la Fundaci\u00f3 Orfe\u00f3 Catal\u00e0 &#8211; Palau de la M\u00fasica Catalana \u00e9s promoure la m\u00fasica, amb una atenci\u00f3 especial al cant coral, el coneixement i la difusi\u00f3 del patrimoni cultural, i la consolidaci\u00f3 de la cohesi\u00f3 social.<\/p>\n<\/div>\n\n\n\n<div class=\"wp-block-column header is-layout-flow wp-block-column-is-layout-flow\" style=\"flex-basis:33.33%\">\n<h2 class=\"wp-block-heading\">Palau de la M\u00fasica Catalana<\/h2>\n<\/div>\n<\/div>\n\n\n<\/div>\n\n<div id=\"container-block_1d6ef03868956b1d890107937112b739\" class=\"grid-04 grid small-padding-top big-wrapper\">\n    \n\n<div class=\"wp-block-cover is-light grid-item-01 html\"><span aria-hidden=\"true\" class=\"wp-block-cover__background has-background-dim-100 has-background-dim\" style=\"background-color:#f7f7f7\"><\/span><div class=\"wp-block-cover__inner-container is-layout-flow wp-block-cover-is-layout-flow\">\n<p><br><br><br>&#8220;Barcelona t\u00e9 un atractiu musical enormement poder\u00f3s, tant per la seva qualitat com per la seva personalitat.&#8221;<\/p>\n\n\n\n<p>Joan Oller, Director Palau de la M\u00fasica Catalana<\/p>\n\n\n\n<p><br><br><br><br><\/p>\n<\/div><\/div>\n\n\n\n<div class=\"wp-block-cover grid-item-02\"><span aria-hidden=\"true\" class=\"wp-block-cover__background has-background-dim-0 has-background-dim\"><\/span><img loading=\"lazy\" decoding=\"async\" width=\"682\" height=\"1024\" class=\"wp-block-cover__image-background wp-image-1806\" alt=\"\" src=\"https:\/\/www.barcelonaobertura.com\/wp-content\/uploads\/2022\/09\/Matteo_Vecchi_Palau_obertura.jpg\" data-object-fit=\"cover\" srcset=\"https:\/\/www.barcelonaobertura.com\/wp-content\/uploads\/2022\/09\/Matteo_Vecchi_Palau_obertura.jpg 682w, https:\/\/www.barcelonaobertura.com\/wp-content\/uploads\/2022\/09\/Matteo_Vecchi_Palau_obertura-200x300.jpg 200w\" sizes=\"auto, (max-width: 682px) 100vw, 682px\" \/><div class=\"wp-block-cover__inner-container is-layout-flow wp-block-cover-is-layout-flow\">\n<p class=\"has-text-align-center has-large-font-size\"><\/p>\n<\/div><\/div>\n\n\n\n<div class=\"wp-block-cover is-light grid-item-03\"><span aria-hidden=\"true\" class=\"wp-block-cover__background has-background-dim-0 has-background-dim\"><\/span><img loading=\"lazy\" decoding=\"async\" width=\"1024\" height=\"682\" class=\"wp-block-cover__image-background wp-image-1800\" alt=\"\" src=\"https:\/\/www.barcelonaobertura.com\/wp-content\/uploads\/2022\/09\/matteo-vecchi-palau-1.jpg\" style=\"object-position:52% 49%\" data-object-fit=\"cover\" data-object-position=\"52% 49%\" srcset=\"https:\/\/www.barcelonaobertura.com\/wp-content\/uploads\/2022\/09\/matteo-vecchi-palau-1.jpg 1024w, https:\/\/www.barcelonaobertura.com\/wp-content\/uploads\/2022\/09\/matteo-vecchi-palau-1-300x200.jpg 300w, https:\/\/www.barcelonaobertura.com\/wp-content\/uploads\/2022\/09\/matteo-vecchi-palau-1-768x512.jpg 768w\" sizes=\"auto, (max-width: 1024px) 100vw, 1024px\" \/><div class=\"wp-block-cover__inner-container is-layout-flow wp-block-cover-is-layout-flow\">\n<p class=\"has-text-align-center has-large-font-size\"><\/p>\n<\/div><\/div>\n\n\n\n<div class=\"wp-block-cover grid-item-04\"><span aria-hidden=\"true\" class=\"wp-block-cover__background has-background-dim-0 has-background-dim\"><\/span><img loading=\"lazy\" decoding=\"async\" width=\"1200\" height=\"1800\" class=\"wp-block-cover__image-background wp-image-1809\" alt=\"\" src=\"https:\/\/www.barcelonaobertura.com\/wp-content\/uploads\/2022\/09\/palau-musica-a-bofill.jpg\" data-object-fit=\"cover\" srcset=\"https:\/\/www.barcelonaobertura.com\/wp-content\/uploads\/2022\/09\/palau-musica-a-bofill.jpg 1200w, https:\/\/www.barcelonaobertura.com\/wp-content\/uploads\/2022\/09\/palau-musica-a-bofill-200x300.jpg 200w, https:\/\/www.barcelonaobertura.com\/wp-content\/uploads\/2022\/09\/palau-musica-a-bofill-683x1024.jpg 683w, https:\/\/www.barcelonaobertura.com\/wp-content\/uploads\/2022\/09\/palau-musica-a-bofill-768x1152.jpg 768w, https:\/\/www.barcelonaobertura.com\/wp-content\/uploads\/2022\/09\/palau-musica-a-bofill-1024x1536.jpg 1024w\" sizes=\"auto, (max-width: 1200px) 100vw, 1200px\" \/><div class=\"wp-block-cover__inner-container is-layout-flow wp-block-cover-is-layout-flow\">\n<p class=\"has-text-align-center has-large-font-size\"><\/p>\n<\/div><\/div>\n\n\n\n<div class=\"wp-block-cover grid-item-05\"><span aria-hidden=\"true\" class=\"wp-block-cover__background has-background-dim-0 has-background-dim\"><\/span><img loading=\"lazy\" decoding=\"async\" width=\"682\" height=\"1024\" class=\"wp-block-cover__image-background wp-image-1812\" alt=\"\" src=\"https:\/\/www.barcelonaobertura.com\/wp-content\/uploads\/2022\/09\/lorenzo-di-nozzi-palau.jpg\" data-object-fit=\"cover\" srcset=\"https:\/\/www.barcelonaobertura.com\/wp-content\/uploads\/2022\/09\/lorenzo-di-nozzi-palau.jpg 682w, https:\/\/www.barcelonaobertura.com\/wp-content\/uploads\/2022\/09\/lorenzo-di-nozzi-palau-200x300.jpg 200w\" sizes=\"auto, (max-width: 682px) 100vw, 682px\" \/><div class=\"wp-block-cover__inner-container is-layout-flow wp-block-cover-is-layout-flow\">\n<p class=\"has-text-align-center has-large-font-size\"><\/p>\n<\/div><\/div>\n\n\n\n<div class=\"wp-block-cover is-light grid-item-06\"><span aria-hidden=\"true\" class=\"wp-block-cover__background has-background-dim-0 has-background-dim\"><\/span><img loading=\"lazy\" decoding=\"async\" width=\"669\" height=\"1024\" class=\"wp-block-cover__image-background wp-image-1815\" alt=\"\" src=\"https:\/\/www.barcelonaobertura.com\/wp-content\/uploads\/2022\/09\/matteo-vecchi-palau.jpg\" data-object-fit=\"cover\" srcset=\"https:\/\/www.barcelonaobertura.com\/wp-content\/uploads\/2022\/09\/matteo-vecchi-palau.jpg 669w, https:\/\/www.barcelonaobertura.com\/wp-content\/uploads\/2022\/09\/matteo-vecchi-palau-196x300.jpg 196w\" sizes=\"auto, (max-width: 669px) 100vw, 669px\" \/><div class=\"wp-block-cover__inner-container is-layout-flow wp-block-cover-is-layout-flow\">\n<p class=\"has-text-align-center has-large-font-size\"><\/p>\n<\/div><\/div>\n\n\n\n<div class=\"wp-block-cover is-light grid-item-07\"><span aria-hidden=\"true\" class=\"wp-block-cover__background has-background-dim-0 has-background-dim\"><\/span><img loading=\"lazy\" decoding=\"async\" width=\"1024\" height=\"682\" class=\"wp-block-cover__image-background wp-image-1818\" alt=\"\" src=\"https:\/\/www.barcelonaobertura.com\/wp-content\/uploads\/2022\/09\/Palau_de_la_musica-1.jpg\" data-object-fit=\"cover\" srcset=\"https:\/\/www.barcelonaobertura.com\/wp-content\/uploads\/2022\/09\/Palau_de_la_musica-1.jpg 1024w, https:\/\/www.barcelonaobertura.com\/wp-content\/uploads\/2022\/09\/Palau_de_la_musica-1-300x200.jpg 300w, https:\/\/www.barcelonaobertura.com\/wp-content\/uploads\/2022\/09\/Palau_de_la_musica-1-768x512.jpg 768w\" sizes=\"auto, (max-width: 1024px) 100vw, 1024px\" \/><div class=\"wp-block-cover__inner-container is-layout-flow wp-block-cover-is-layout-flow\">\n<p class=\"has-text-align-center has-large-font-size\"><\/p>\n<\/div><\/div>\n\n\n<\/div>\n\n<div id=\"auditori\" class=\"wp-block-group wp-block-container big-padding-top big-wrapper\">\n    \n\n<div class=\"wp-block-columns grid-header header-right is-layout-flex wp-container-core-columns-is-layout-9d6595d7 wp-block-columns-is-layout-flex\">\n<div class=\"wp-block-column html is-layout-flow wp-block-column-is-layout-flow\" style=\"flex-basis:66.66%\">\n<p>L\u2019Auditori, fundat l\u2019any 1999, \u00e9s l\u2019espai musical de creaci\u00f3 m\u00e9s recent de Barcelona. \u00c9s la seu de l\u2019Orquestra Simf\u00f2nica de Barcelona i Nacional de Catalunya, la Banda Municipal de Barcelona i el Museu de la M\u00fasica. L\u2019Auditori t\u00e9 una programaci\u00f3 estable de m\u00e9s de cinc-centes activitats a l\u2019any en les seves quatre sales de concerts, amb uns nivells d\u2019excel\u00b7l\u00e8ncia que situen Barcelona entre les grans capitals europees de la m\u00fasica cl\u00e0ssica. El seu programa educatiu, de prestigi internacional, inspira la passi\u00f3 per la m\u00fasica en els m\u00e9s joves i contribueix a fer que la cultura estigui a l\u2019abast de tothom. L\u2019Auditori va ser la primera sala de concerts de l\u2019Estat espanyol que va formar part de l\u2019ECHO (European Concert Hall Organization o Organitzaci\u00f3 Europea de Sales de Concerts), de la qual \u00e9s membre des del 2007.<\/p>\n<\/div>\n\n\n\n<div class=\"wp-block-column header is-layout-flow wp-block-column-is-layout-flow\" style=\"flex-basis:33.33%\">\n<h2 class=\"wp-block-heading\">L\u2019Auditori<\/h2>\n<\/div>\n<\/div>\n\n\n<\/div>\n\n<div id=\"container-block_fb194b4adce583909cbf1bd950b841d2\" class=\"grid-03 grid small-padding-top big-wrapper\">\n    \n\n<div class=\"wp-block-cover is-light grid-item-01 html\"><span aria-hidden=\"true\" class=\"wp-block-cover__background has-background-dim-100 has-background-dim\" style=\"background-color:#f7f7f7\"><\/span><div class=\"wp-block-cover__inner-container is-layout-flow wp-block-cover-is-layout-flow\">\n<p><\/p>\n\n\n\n<p>\u00ab<em>La for\u00e7a de la tradici\u00f3 musical rau en la seva capacitat de romandre contempor\u00e0nia, ser cultura viva. Com a aparador de la modernitat musical, L&#8217;Auditori pret\u00e9n presentar la hist\u00f2ria viva de la m\u00fasica en el context de la societat plural del segle XXI.<\/em>&#8220;<\/p>\n\n\n\n<p>Robert Brufau, Director General del L&#8217;Auditori Barcelona<\/p>\n<\/div><\/div>\n\n\n\n<div class=\"wp-block-cover grid-item-02\"><span aria-hidden=\"true\" class=\"wp-block-cover__background has-background-dim-0 has-background-dim\"><\/span><img loading=\"lazy\" decoding=\"async\" width=\"1200\" height=\"799\" class=\"wp-block-cover__image-background wp-image-3284\" alt=\"\" src=\"https:\/\/www.barcelonaobertura.com\/wp-content\/uploads\/2022\/09\/Auditorio-Barcelona-Obertura4.jpg\" data-object-fit=\"cover\" srcset=\"https:\/\/www.barcelonaobertura.com\/wp-content\/uploads\/2022\/09\/Auditorio-Barcelona-Obertura4.jpg 1200w, https:\/\/www.barcelonaobertura.com\/wp-content\/uploads\/2022\/09\/Auditorio-Barcelona-Obertura4-300x200.jpg 300w, https:\/\/www.barcelonaobertura.com\/wp-content\/uploads\/2022\/09\/Auditorio-Barcelona-Obertura4-1024x682.jpg 1024w, https:\/\/www.barcelonaobertura.com\/wp-content\/uploads\/2022\/09\/Auditorio-Barcelona-Obertura4-768x511.jpg 768w\" sizes=\"auto, (max-width: 1200px) 100vw, 1200px\" \/><div class=\"wp-block-cover__inner-container is-layout-flow wp-block-cover-is-layout-flow\">\n<p class=\"has-text-align-center has-large-font-size\"><\/p>\n<\/div><\/div>\n\n\n\n<div class=\"wp-block-cover grid-item-03\"><span aria-hidden=\"true\" class=\"wp-block-cover__background has-background-dim-0 has-background-dim\"><\/span><img loading=\"lazy\" decoding=\"async\" width=\"1200\" height=\"798\" class=\"wp-block-cover__image-background wp-image-3275\" alt=\"\" src=\"https:\/\/www.barcelonaobertura.com\/wp-content\/uploads\/2022\/09\/Auditorio-Barcelona-Obertura.jpg\" data-object-fit=\"cover\" srcset=\"https:\/\/www.barcelonaobertura.com\/wp-content\/uploads\/2022\/09\/Auditorio-Barcelona-Obertura.jpg 1200w, https:\/\/www.barcelonaobertura.com\/wp-content\/uploads\/2022\/09\/Auditorio-Barcelona-Obertura-300x200.jpg 300w, https:\/\/www.barcelonaobertura.com\/wp-content\/uploads\/2022\/09\/Auditorio-Barcelona-Obertura-1024x681.jpg 1024w, https:\/\/www.barcelonaobertura.com\/wp-content\/uploads\/2022\/09\/Auditorio-Barcelona-Obertura-768x511.jpg 768w\" sizes=\"auto, (max-width: 1200px) 100vw, 1200px\" \/><div class=\"wp-block-cover__inner-container is-layout-flow wp-block-cover-is-layout-flow\">\n<p class=\"has-text-align-center has-large-font-size\"><\/p>\n<\/div><\/div>\n\n\n\n<div class=\"wp-block-cover grid-item-04\"><span aria-hidden=\"true\" class=\"wp-block-cover__background has-background-dim-0 has-background-dim\"><\/span><img loading=\"lazy\" decoding=\"async\" width=\"1200\" height=\"798\" class=\"wp-block-cover__image-background wp-image-3281\" alt=\"\" src=\"https:\/\/www.barcelonaobertura.com\/wp-content\/uploads\/2022\/09\/Auditorio-Barcelona-Obertura3.jpg\" data-object-fit=\"cover\" srcset=\"https:\/\/www.barcelonaobertura.com\/wp-content\/uploads\/2022\/09\/Auditorio-Barcelona-Obertura3.jpg 1200w, https:\/\/www.barcelonaobertura.com\/wp-content\/uploads\/2022\/09\/Auditorio-Barcelona-Obertura3-300x200.jpg 300w, https:\/\/www.barcelonaobertura.com\/wp-content\/uploads\/2022\/09\/Auditorio-Barcelona-Obertura3-1024x681.jpg 1024w, https:\/\/www.barcelonaobertura.com\/wp-content\/uploads\/2022\/09\/Auditorio-Barcelona-Obertura3-768x511.jpg 768w\" sizes=\"auto, (max-width: 1200px) 100vw, 1200px\" \/><div class=\"wp-block-cover__inner-container is-layout-flow wp-block-cover-is-layout-flow\">\n<p class=\"has-text-align-center has-large-font-size\"><\/p>\n<\/div><\/div>\n\n\n\n<div class=\"wp-block-cover grid-item-05\"><span aria-hidden=\"true\" class=\"wp-block-cover__background has-background-dim-0 has-background-dim\"><\/span><img loading=\"lazy\" decoding=\"async\" width=\"1200\" height=\"675\" class=\"wp-block-cover__image-background wp-image-2273\" alt=\"\" src=\"https:\/\/www.barcelonaobertura.com\/wp-content\/uploads\/2022\/09\/auditori-barcelona-obertura2.jpg\" style=\"object-position:51% 47%\" data-object-fit=\"cover\" data-object-position=\"51% 47%\" srcset=\"https:\/\/www.barcelonaobertura.com\/wp-content\/uploads\/2022\/09\/auditori-barcelona-obertura2.jpg 1200w, https:\/\/www.barcelonaobertura.com\/wp-content\/uploads\/2022\/09\/auditori-barcelona-obertura2-300x169.jpg 300w, https:\/\/www.barcelonaobertura.com\/wp-content\/uploads\/2022\/09\/auditori-barcelona-obertura2-1024x576.jpg 1024w, https:\/\/www.barcelonaobertura.com\/wp-content\/uploads\/2022\/09\/auditori-barcelona-obertura2-768x432.jpg 768w\" sizes=\"auto, (max-width: 1200px) 100vw, 1200px\" \/><div class=\"wp-block-cover__inner-container is-layout-flow wp-block-cover-is-layout-flow\">\n<p class=\"has-text-align-center has-large-font-size\"><\/p>\n<\/div><\/div>\n\n\n\n<div class=\"wp-block-cover grid-item-06\"><span aria-hidden=\"true\" class=\"wp-block-cover__background has-background-dim-0 has-background-dim\"><\/span><img decoding=\"async\" class=\"wp-block-cover__image-background wp-image-3287\" alt=\"\" src=\"https:\/\/www.barcelonaobertura.com\/wp-content\/uploads\/2022\/09\/auditorio-barcelona-obertura.jpg\" data-object-fit=\"cover\"\/><div class=\"wp-block-cover__inner-container is-layout-flow wp-block-cover-is-layout-flow\">\n<p class=\"has-text-align-center has-large-font-size\"><\/p>\n<\/div><\/div>\n\n\n\n<div class=\"wp-block-cover grid-item-07\"><span aria-hidden=\"true\" class=\"wp-block-cover__background has-background-dim-0 has-background-dim\"><\/span><img loading=\"lazy\" decoding=\"async\" width=\"1200\" height=\"800\" class=\"wp-block-cover__image-background wp-image-2270\" alt=\"\" src=\"https:\/\/www.barcelonaobertura.com\/wp-content\/uploads\/2022\/09\/Auditori_Barcelona_Obertura.jpg\" data-object-fit=\"cover\" srcset=\"https:\/\/www.barcelonaobertura.com\/wp-content\/uploads\/2022\/09\/Auditori_Barcelona_Obertura.jpg 1200w, https:\/\/www.barcelonaobertura.com\/wp-content\/uploads\/2022\/09\/Auditori_Barcelona_Obertura-300x200.jpg 300w, https:\/\/www.barcelonaobertura.com\/wp-content\/uploads\/2022\/09\/Auditori_Barcelona_Obertura-1024x683.jpg 1024w, https:\/\/www.barcelonaobertura.com\/wp-content\/uploads\/2022\/09\/Auditori_Barcelona_Obertura-768x512.jpg 768w\" sizes=\"auto, (max-width: 1200px) 100vw, 1200px\" \/><div class=\"wp-block-cover__inner-container is-layout-flow wp-block-cover-is-layout-flow\">\n<p class=\"has-text-align-center has-large-font-size\"><\/p>\n<\/div><\/div>\n\n\n<\/div>\n\n<div id=\"container-block_9630e44bc83bab883f3e3304bb4b2237\" class=\"wp-block-group wp-block-container big-wrapper\">\n    \n<\/div>\n\n<div id=\"container-block_1aeaf4422a2941fb8cc48792561296e2\" class=\"html wp-block-container big-padding-top medium-padding-bottom big-wrapper\">\n    \n\n<h2 class=\"wp-block-heading has-text-align-center has-x-large-font-size\"><strong>Barcelona, ciutat de m\u00fasica<\/strong><\/h2>\n\n\n\n<p class=\"has-text-align-left\">Pau Casals, Al\u00edcia de&nbsp;Larrocha, Frederic Mompou, Josep Carreras, Jaume&nbsp;Aragall, Montserrat&nbsp;Caball\u00e9, Vict\u00f2ria de \u00c0ngels, Jordi Savall, el Cuarteto Casals&#8230; tots tenen una cosa en com\u00fa: Barcelona es la seva ciutat. Barcelona sempre ha mostrat orgull pel seu patromoni musical. Despr\u00e9s de moltes d\u00e8cades de treball continu, avui la ciutat gaudeix d&#8217;una oferta musical excepcionalment variada en tres espectaculars espais: el Gran Teatre del Liceu, un dels teatres m\u00e9s grans d&#8217;Europa; el Palau de la M\u00fasica Catalana, l&#8217;\u00fanica sala de concerts Patrimoni de l&#8217;Humanitat per la Unesco, i L&#8217;Auditori, espaci modern i de l\u00ednies depurades. Cada temporada, aquestes institucions presenten atractius programes protagonitzats per artistes destacats del nostre temps. Per dimensions i abast, Barcelona \u00e9s, sens dubte, una ciutat de m\u00fasica.<\/p>\n\n\n<\/div>\n\n<div id=\"container-block_9630e44bc83bab883f3e3304bb4b2237\" class=\"wp-block-group wp-block-container big-wrapper\">\n    \n\n<figure class=\"wp-block-image size-large is-resized\"><img loading=\"lazy\" decoding=\"async\" width=\"1024\" height=\"291\" src=\"https:\/\/www.barcelonaobertura.com\/wp-content\/uploads\/2022\/09\/Barcelona_Obertura_barcelona-1024x291.jpg\" alt=\"\" class=\"wp-image-2263\" style=\"width:1208px;height:351px\" srcset=\"https:\/\/www.barcelonaobertura.com\/wp-content\/uploads\/2022\/09\/Barcelona_Obertura_barcelona-1024x291.jpg 1024w, https:\/\/www.barcelonaobertura.com\/wp-content\/uploads\/2022\/09\/Barcelona_Obertura_barcelona-300x85.jpg 300w, https:\/\/www.barcelonaobertura.com\/wp-content\/uploads\/2022\/09\/Barcelona_Obertura_barcelona-768x218.jpg 768w, https:\/\/www.barcelonaobertura.com\/wp-content\/uploads\/2022\/09\/Barcelona_Obertura_barcelona-1536x436.jpg 1536w, https:\/\/www.barcelonaobertura.com\/wp-content\/uploads\/2022\/09\/Barcelona_Obertura_barcelona.jpg 2048w\" sizes=\"auto, (max-width: 1024px) 100vw, 1024px\" \/><\/figure>\n\n\n<\/div>","protected":false},"excerpt":{"rendered":"","protected":false},"author":1,"featured_media":0,"parent":0,"menu_order":0,"comment_status":"closed","ping_status":"closed","template":"","meta":{"_acf_changed":false,"footnotes":""},"class_list":["post-3575","page","type-page","status-publish","hentry"],"acf":[],"yoast_head":"<!-- This site is optimized with the Yoast SEO plugin v27.5 - https:\/\/yoast.com\/product\/yoast-seo-wordpress\/ -->\n<title>Qui Som - Barcelona Obertura<\/title>\n<meta name=\"robots\" content=\"index, follow, max-snippet:-1, max-image-preview:large, max-video-preview:-1\" \/>\n<link rel=\"canonical\" href=\"https:\/\/www.barcelonaobertura.com\/ca\/qui-som\/\" \/>\n<meta property=\"og:locale\" content=\"ca_ES\" \/>\n<meta property=\"og:type\" content=\"article\" \/>\n<meta property=\"og:title\" content=\"Qui Som - Barcelona Obertura\" \/>\n<meta property=\"og:url\" content=\"https:\/\/www.barcelonaobertura.com\/ca\/qui-som\/\" \/>\n<meta property=\"og:site_name\" content=\"Barcelona Obertura\" \/>\n<meta property=\"article:modified_time\" content=\"2024-10-03T15:29:22+00:00\" \/>\n<meta property=\"og:image\" content=\"https:\/\/www.barcelonaobertura.com\/wp-content\/uploads\/2022\/09\/Barcelona-Obertura-c.jpg\" \/>\n<meta name=\"twitter:card\" content=\"summary_large_image\" \/>\n<meta name=\"twitter:label1\" content=\"Temps estimat de lectura\" \/>\n\t<meta name=\"twitter:data1\" content=\"8 minuts\" \/>\n<script type=\"application\/ld+json\" class=\"yoast-schema-graph\">{\"@context\":\"https:\\\/\\\/schema.org\",\"@graph\":[{\"@type\":\"WebPage\",\"@id\":\"https:\\\/\\\/www.barcelonaobertura.com\\\/ca\\\/qui-som\\\/\",\"url\":\"https:\\\/\\\/www.barcelonaobertura.com\\\/ca\\\/qui-som\\\/\",\"name\":\"Qui Som - Barcelona Obertura\",\"isPartOf\":{\"@id\":\"https:\\\/\\\/www.barcelonaobertura.com\\\/ca\\\/#website\"},\"primaryImageOfPage\":{\"@id\":\"https:\\\/\\\/www.barcelonaobertura.com\\\/ca\\\/qui-som\\\/#primaryimage\"},\"image\":{\"@id\":\"https:\\\/\\\/www.barcelonaobertura.com\\\/ca\\\/qui-som\\\/#primaryimage\"},\"thumbnailUrl\":\"https:\\\/\\\/www.barcelonaobertura.com\\\/wp-content\\\/uploads\\\/2022\\\/09\\\/Barcelona-Obertura-c.jpg\",\"datePublished\":\"2022-09-14T11:18:45+00:00\",\"dateModified\":\"2024-10-03T15:29:22+00:00\",\"breadcrumb\":{\"@id\":\"https:\\\/\\\/www.barcelonaobertura.com\\\/ca\\\/qui-som\\\/#breadcrumb\"},\"inLanguage\":\"ca\",\"potentialAction\":[{\"@type\":\"ReadAction\",\"target\":[\"https:\\\/\\\/www.barcelonaobertura.com\\\/ca\\\/qui-som\\\/\"]}]},{\"@type\":\"ImageObject\",\"inLanguage\":\"ca\",\"@id\":\"https:\\\/\\\/www.barcelonaobertura.com\\\/ca\\\/qui-som\\\/#primaryimage\",\"url\":\"https:\\\/\\\/www.barcelonaobertura.com\\\/wp-content\\\/uploads\\\/2022\\\/09\\\/Barcelona-Obertura-c.jpg\",\"contentUrl\":\"https:\\\/\\\/www.barcelonaobertura.com\\\/wp-content\\\/uploads\\\/2022\\\/09\\\/Barcelona-Obertura-c.jpg\"},{\"@type\":\"BreadcrumbList\",\"@id\":\"https:\\\/\\\/www.barcelonaobertura.com\\\/ca\\\/qui-som\\\/#breadcrumb\",\"itemListElement\":[{\"@type\":\"ListItem\",\"position\":1,\"name\":\"Home\",\"item\":\"https:\\\/\\\/www.barcelonaobertura.com\\\/ca\\\/\"},{\"@type\":\"ListItem\",\"position\":2,\"name\":\"Qui Som\"}]},{\"@type\":\"WebSite\",\"@id\":\"https:\\\/\\\/www.barcelonaobertura.com\\\/ca\\\/#website\",\"url\":\"https:\\\/\\\/www.barcelonaobertura.com\\\/ca\\\/\",\"name\":\"Barcelona Obertura\",\"description\":\"Come for the music, Stay for the rest\",\"potentialAction\":[{\"@type\":\"SearchAction\",\"target\":{\"@type\":\"EntryPoint\",\"urlTemplate\":\"https:\\\/\\\/www.barcelonaobertura.com\\\/ca\\\/?s={search_term_string}\"},\"query-input\":{\"@type\":\"PropertyValueSpecification\",\"valueRequired\":true,\"valueName\":\"search_term_string\"}}],\"inLanguage\":\"ca\"}]}<\/script>\n<!-- \/ Yoast SEO plugin. -->","yoast_head_json":{"title":"Qui Som - Barcelona Obertura","robots":{"index":"index","follow":"follow","max-snippet":"max-snippet:-1","max-image-preview":"max-image-preview:large","max-video-preview":"max-video-preview:-1"},"canonical":"https:\/\/www.barcelonaobertura.com\/ca\/qui-som\/","og_locale":"ca_ES","og_type":"article","og_title":"Qui Som - Barcelona Obertura","og_url":"https:\/\/www.barcelonaobertura.com\/ca\/qui-som\/","og_site_name":"Barcelona Obertura","article_modified_time":"2024-10-03T15:29:22+00:00","og_image":[{"url":"https:\/\/www.barcelonaobertura.com\/wp-content\/uploads\/2022\/09\/Barcelona-Obertura-c.jpg","type":"","width":"","height":""}],"twitter_card":"summary_large_image","twitter_misc":{"Temps estimat de lectura":"8 minuts"},"schema":{"@context":"https:\/\/schema.org","@graph":[{"@type":"WebPage","@id":"https:\/\/www.barcelonaobertura.com\/ca\/qui-som\/","url":"https:\/\/www.barcelonaobertura.com\/ca\/qui-som\/","name":"Qui Som - Barcelona Obertura","isPartOf":{"@id":"https:\/\/www.barcelonaobertura.com\/ca\/#website"},"primaryImageOfPage":{"@id":"https:\/\/www.barcelonaobertura.com\/ca\/qui-som\/#primaryimage"},"image":{"@id":"https:\/\/www.barcelonaobertura.com\/ca\/qui-som\/#primaryimage"},"thumbnailUrl":"https:\/\/www.barcelonaobertura.com\/wp-content\/uploads\/2022\/09\/Barcelona-Obertura-c.jpg","datePublished":"2022-09-14T11:18:45+00:00","dateModified":"2024-10-03T15:29:22+00:00","breadcrumb":{"@id":"https:\/\/www.barcelonaobertura.com\/ca\/qui-som\/#breadcrumb"},"inLanguage":"ca","potentialAction":[{"@type":"ReadAction","target":["https:\/\/www.barcelonaobertura.com\/ca\/qui-som\/"]}]},{"@type":"ImageObject","inLanguage":"ca","@id":"https:\/\/www.barcelonaobertura.com\/ca\/qui-som\/#primaryimage","url":"https:\/\/www.barcelonaobertura.com\/wp-content\/uploads\/2022\/09\/Barcelona-Obertura-c.jpg","contentUrl":"https:\/\/www.barcelonaobertura.com\/wp-content\/uploads\/2022\/09\/Barcelona-Obertura-c.jpg"},{"@type":"BreadcrumbList","@id":"https:\/\/www.barcelonaobertura.com\/ca\/qui-som\/#breadcrumb","itemListElement":[{"@type":"ListItem","position":1,"name":"Home","item":"https:\/\/www.barcelonaobertura.com\/ca\/"},{"@type":"ListItem","position":2,"name":"Qui Som"}]},{"@type":"WebSite","@id":"https:\/\/www.barcelonaobertura.com\/ca\/#website","url":"https:\/\/www.barcelonaobertura.com\/ca\/","name":"Barcelona Obertura","description":"Come for the music, Stay for the rest","potentialAction":[{"@type":"SearchAction","target":{"@type":"EntryPoint","urlTemplate":"https:\/\/www.barcelonaobertura.com\/ca\/?s={search_term_string}"},"query-input":{"@type":"PropertyValueSpecification","valueRequired":true,"valueName":"search_term_string"}}],"inLanguage":"ca"}]}},"_links":{"self":[{"href":"https:\/\/www.barcelonaobertura.com\/ca\/wp-json\/wp\/v2\/pages\/3575","targetHints":{"allow":["GET"]}}],"collection":[{"href":"https:\/\/www.barcelonaobertura.com\/ca\/wp-json\/wp\/v2\/pages"}],"about":[{"href":"https:\/\/www.barcelonaobertura.com\/ca\/wp-json\/wp\/v2\/types\/page"}],"author":[{"embeddable":true,"href":"https:\/\/www.barcelonaobertura.com\/ca\/wp-json\/wp\/v2\/users\/1"}],"replies":[{"embeddable":true,"href":"https:\/\/www.barcelonaobertura.com\/ca\/wp-json\/wp\/v2\/comments?post=3575"}],"version-history":[{"count":0,"href":"https:\/\/www.barcelonaobertura.com\/ca\/wp-json\/wp\/v2\/pages\/3575\/revisions"}],"wp:attachment":[{"href":"https:\/\/www.barcelonaobertura.com\/ca\/wp-json\/wp\/v2\/media?parent=3575"}],"curies":[{"name":"wp","href":"https:\/\/api.w.org\/{rel}","templated":true}]}}