{"id":61364,"date":"2024-03-22T10:16:27","date_gmt":"2024-03-22T10:16:27","guid":{"rendered":"https:\/\/www.barcelonaobertura.com\/plan\/sonar-30-years-of-creative-musical-innovation\/"},"modified":"2024-03-22T10:35:30","modified_gmt":"2024-03-22T10:35:30","slug":"sonar-30-years-of-creative-musical-innovation","status":"publish","type":"plan","link":"https:\/\/www.barcelonaobertura.com\/ca\/plan\/sonar-30-years-of-creative-musical-innovation\/","title":{"rendered":"S\u00f3nar: 30 anys d&#8217;innovaci\u00f3 musical i creativa"},"content":{"rendered":"\n<p>L\u00b4<strong>ic\u00f2nic festival barcelon\u00ed <\/strong>\u00e9s un esdeveniment \u00fanic que transforma la ciutat cada mes de juny. Amb m\u00e9s de <strong>tres d\u00e8cades d&#8217;exist\u00e8ncia <\/strong>i un centenar d&#8217;edicions a tot el m\u00f3n, S\u00f3nar ha consolidat la seva posici\u00f3 com <strong>l&#8217;epicentre de les m\u00fasiques i les arts d&#8217;avantguarda <\/strong>des de la inauguraci\u00f3 el 1994. El festival, a m\u00e9s, compta amb seus a ciutats com Lisboa i Istanbul.<\/p>\n\n\n\n<p>La 31a edici\u00f3 es dur\u00e0 a terme els dies 13, 14 i 15 de juny a <strong>Fira Montju\u00efc <\/strong>(S\u00f2nar de Dia i S\u00f3nar+D) i <strong>Fira Gran Via <\/strong>(S\u00f2nar de Nit). Durant aquesta setmana, la ciutat es transformar\u00e0 novament a la capital mundial de la <strong>m\u00fasica, la creativitat i la tecnologia<\/strong>. Entre les propostes trobareu actuacions musicals, DJ sets, confer\u00e8ncies audiovisuals, f\u00f2rums de debat i masterclasses.<\/p>\n\n\n\n<p><\/p>\n\n\n\n<h2 class=\"wp-block-heading\"><strong>Una mirada cap al futur<\/strong><\/h2>\n\n\n\n<p>El festival, que porta impr\u00e8s en nom seu el significat de ser <strong>un detector de sons<\/strong>, no nom\u00e9s reflecteix el present musical, sin\u00f3 que amplifica i projecta <strong>el futur del panorama art\u00edstic<\/strong>. Barcelona es converteix aix\u00ed en el centre de la innovaci\u00f3 en continguts i formats, congregant un p\u00fablic divers, <strong>artistes de renom <\/strong>i professionals de tots els racons del globus.<\/p>\n\n\n\n<p>Fidel a la seva ess\u00e8ncia, es posiciona com el catalitzador que propulsa <strong>les propostes art\u00edstiques m\u00e9s influents del moment <\/strong>globalment. Aquest escenari de creativitat s&#8217;erigeix aix\u00ed com un espai on convergeixen la m\u00fasica, la ci\u00e8ncia, la tecnologia i la societat, fomentant el descobriment de <strong>tend\u00e8ncies i corrents emergents <\/strong>en les arts.<\/p>\n\n\n\n<p><\/p>\n\n\n\n<h2 class=\"wp-block-heading\"><strong>Els convidats d\u00b4aquesta edici\u00f3<\/strong><\/h2>\n\n\n\n<p>A la nova edici\u00f3 destaquen artistes de renom que exploren diversos g\u00e8neres dins de la <strong>m\u00fasica de ball<\/strong>. Entre ells, <strong>Charlotte de Witte<\/strong>, que fusiona techno i tr\u00e0ngol; l&#8217;ic\u00f2nic DJ de m\u00fasica disco i house <strong>Folamour<\/strong>, que presenta el seu nou show audiovisual; o <strong>Ben B\u00f6hmer<\/strong>, <strong>Floating Points <\/strong>i <strong>Reinier Zonneveld live<\/strong>, que oferiran una experi\u00e8ncia en viu \u00fanica.<\/p>\n\n\n\n<p><strong>Jessie Ware<\/strong>, per part seva, d\u00f3na vida a les sensuals vibracions del seu cinqu\u00e8 \u00e0lbum, impregnat de soul i disc, mentre que <strong>Kaytranada <\/strong>aporta la seva ecl\u00e8ctica barreja de hip hop, funk i R&amp;B. Grans noms que podr\u00e0s descobrir als dos espais del festival: el <strong>S\u00f3nar de Dia<\/strong>, a l&#8217;aire lliure i amb un ambient dist\u00e8s i mediterrani, i el <strong>S\u00f3nar de Nit<\/strong>, molt m\u00e9s proper a la cultura de club europea.<\/p>\n\n\n\n<p><\/p>\n\n\n\n<h2 class=\"wp-block-heading\"><strong>Performances radicals i sons nous<\/strong><\/h2>\n\n\n\n<p>La <strong>provocaci\u00f3 <\/strong>ser\u00e0 un element destacat a la propera edici\u00f3. <strong>Team Rolfes <\/strong>presentar\u00e0 la seva pol\u00e8mica \u00f2pera de realitat virtual \u201c321Rule\u201d, mentre <strong>Blackhaine <\/strong>fusionar\u00e0 <em>drill<\/em>, <em>noise <\/em>i coreografies. <strong>VMO a.k.a. Violent Magic Orchestra<\/strong>, per la seva banda, combinar\u00e0 <em>black-metall <\/em>i <em>gabber<\/em>, mentre que el col\u00b7lectiu <strong>ASIANDOPEBOYS <\/strong>presentar\u00e0 \u201cPHYSIS\u201d, un espectacle radical de sis hores de durada.<\/p>\n\n\n\n<p>S\u00f3nar tamb\u00e9 aposta per promoure <strong>sons completament nous<\/strong>. Aix\u00ed, podreu experimentar el pop amb influ\u00e8ncies funk i flamenques de <strong>Judeline<\/strong>, el synth-pop amb tints rap de <strong>CASISDEAD <\/strong>i l&#8217;electr\u00f2nica d&#8217;avantguarda de <strong>Marie Davidson<\/strong>. Moviments com el downtempo, el neo-soul afro i l&#8217;afro-rave tamb\u00e9 estaran presents en una programaci\u00f3, que inclou una \u00e0mplia varietat de propostes d&#8217;estrelles i talents emergents.<\/p>\n\n\n\n<p><\/p>\n\n\n\n<p><\/p>\n\n\n\n<figure class=\"wp-block-image size-full\"><img loading=\"lazy\" decoding=\"async\" width=\"900\" height=\"600\" src=\"https:\/\/www.barcelonaobertura.com\/wp-content\/uploads\/2024\/03\/sonard_sonar360_by_alex_augier.jpg\" alt=\"\" class=\"wp-image-61360\" srcset=\"https:\/\/www.barcelonaobertura.com\/wp-content\/uploads\/2024\/03\/sonard_sonar360_by_alex_augier.jpg 900w, https:\/\/www.barcelonaobertura.com\/wp-content\/uploads\/2024\/03\/sonard_sonar360_by_alex_augier-300x200.jpg 300w, https:\/\/www.barcelonaobertura.com\/wp-content\/uploads\/2024\/03\/sonard_sonar360_by_alex_augier-768x512.jpg 768w\" sizes=\"auto, (max-width: 900px) 100vw, 900px\" \/><\/figure>\n\n\n\n<p><\/p>\n\n\n\n<h2 class=\"wp-block-heading\"><strong>S\u00f3nar+D, xerrades i masterclasses amb els millors<\/strong><\/h2>\n\n\n\n<p>Des del 2013, <strong>S\u00f3nar+D<\/strong> s&#8217;ha posicionat com la trobada internacional per excel\u00b7l\u00e8ncia que fusiona art, ci\u00e8ncia i cultura digital, revelant com la creativitat no nom\u00e9s modela el present, sin\u00f3 que tamb\u00e9 \u00e9s la for\u00e7a impulsora darrere de <strong>futurs inexplorats<\/strong>. Per aix\u00f2, aquest esdeveniment convoca destacats artistes, tecn\u00f2legs, creatius, m\u00fasics, pensadors, cient\u00edfics i emprenedors.<\/p>\n\n\n\n<p>En un programa comissariat meticulosament, S\u00f3nar+D ofereix <strong>xerrades, masterclasses i tech-shows<\/strong> amb l&#8217;objectiu d&#8217;inspirar i fomentar el networking. Aquest espai \u00fanic, obert i relaxat, ha atret <strong>professionals i curiosos de m\u00e9s de 100 pa\u00efsos<\/strong>, brindant l&#8217;oportunitat de descobrir feines innovadores, adquirir noves habilitats i establir connexions valuoses i sostenibles.<\/p>\n\n\n\n<p><\/p>\n\n\n\n<h2 class=\"wp-block-heading\"><strong>Amb un focus especial en la intel\u00b7lig\u00e8ncia artificial<\/strong><\/h2>\n\n\n\n<p>La <strong>relaci\u00f3 entre la natura i la tecnologia<\/strong> ser\u00e0 un dels enfocaments principals de les confer\u00e8ncies audiovisuals a S\u00f3nar+D 2024. Podr\u00e0s con\u00e8ixer <strong>Tom\u00e1s Saraceno<\/strong>, reconegut pels seus innovadors treballs amb globus solars i teranyines. Aix\u00ed mateix, el fundador i director del projecte CETI (Cetacean Translation Initiative), <strong>David Gruber<\/strong>, compartir\u00e0 els aven\u00e7os en la traducci\u00f3 del llenguatge dels catxalots mitjan\u00e7ant l&#8217;\u00fas de la intel\u00b7lig\u00e8ncia artificial.<\/p>\n\n\n\n<p>Enriquint encara m\u00e9s l&#8217;experi\u00e8ncia, <strong>Nicole L\u2019Huillier<\/strong> i <strong>Marta Verde <\/strong>presentaran fascinants masterclasses, brindant una perspectiva l\u00fadica sobre com fan servir la IA en les seves disciplines respectives. A m\u00e9s, no us perdeu el hacklab de m\u00fasica &amp; IA, liderat pel destacat tecn\u00f2leg <strong>Peter Kirn<\/strong>, i l&#8217;<strong>AI &amp; Blockchain Creative Summit<\/strong>, un espai per a l&#8217;intercanvi d&#8217;idees sobre els usos creatius de la IA i la Web3.<\/p>\n\n\n\n<p><\/p>\n\n\n\n<h2 class=\"wp-block-heading\"><strong>Explora els Sons de S\u00f3nar a les Playlists Oficials<\/strong><\/h2>\n\n\n\n<p>Submergeix-te en l&#8217;experi\u00e8ncia auditiva de #sonar2024 amb les <strong>playlists oficials<\/strong>, dissenyades per introduir-te als diversos paisatges sonors que defineixen el festival. Can\u00e7ons com Pleasure Peak d&#8217;<strong>Eliza Rose <\/strong>i <strong>The Martinez Brothers<\/strong>, <em>Spring <\/em>de Dan Shake, o You Are In My System, Kerri Chandler, Dennis Quin i Troy Denari formen part de les elaborades llistes de reproducci\u00f3 que estan disponibles a Spotify i Youtube. <\/p>\n\n\n\n<p><strong>SonarMix<\/strong>, per la seva banda, \u00e9s una captivadora s\u00e8rie de <strong>DJ sets, mixos i podcasts <\/strong>seleccionats per l&#8217;equip del festival. Aquesta s\u00e8rie destaca artistes d?edicions passades, actuals i futures, capturant l?esperit avantguardista, innovador i arriscat que defineix S\u00f3nar. Un bon exemple \u00e9s el SonarMix 031 de <strong>Kapote <\/strong>i <strong>Sam Ruffillo<\/strong>, amb qu\u00e8 presenten una impressionant sessi\u00f3 de house i disc. Una mostra m\u00e9s de com el S\u00f3nar continua desdibuixant els <strong>l\u00edmits tradicionals d&#8217;un festival<\/strong>.<\/p>\n","protected":false},"excerpt":{"rendered":"<p>L\u00b4ic\u00f2nic festival barcelon\u00ed \u00e9s un esdeveniment \u00fanic que transforma la ciutat cada mes de juny. Amb m\u00e9s de tres d\u00e8cades d&#8217;exist\u00e8ncia i un centenar d&#8217;edicions a tot el m\u00f3n, S\u00f3nar ha consolidat la seva posici\u00f3 com l&#8217;epicentre de les m\u00fasiques i les arts d&#8217;avantguarda.<\/p>\n","protected":false},"featured_media":61358,"template":"","plan-season":[245],"class_list":["post-61364","plan","type-plan","status-publish","has-post-thumbnail","hentry","plan-season-primavera"],"acf":[],"yoast_head":"<!-- This site is optimized with the Yoast SEO plugin v27.4 - https:\/\/yoast.com\/product\/yoast-seo-wordpress\/ -->\n<title>S\u00f3nar: 30 anys d&#039;innovaci\u00f3 musical i creativa - Barcelona Obertura<\/title>\n<meta name=\"description\" content=\"L\u00b4ic\u00f2nic festival barcelon\u00ed \u00e9s un esdeveniment \u00fanic que transforma la ciutat cada mes de juny. M\u00e9s de tres d\u00e8cades despr\u00e9s, el S\u00f3nar ha consolidat la seva posici\u00f3 com l&#039;epicentre de les m\u00fasiques i les arts d&#039;avantguarda.\" \/>\n<meta name=\"robots\" content=\"index, follow, max-snippet:-1, max-image-preview:large, max-video-preview:-1\" \/>\n<link rel=\"canonical\" href=\"https:\/\/www.barcelonaobertura.com\/ca\/plan\/sonar-30-years-of-creative-musical-innovation\/\" \/>\n<meta property=\"og:locale\" content=\"ca_ES\" \/>\n<meta property=\"og:type\" content=\"article\" \/>\n<meta property=\"og:title\" content=\"S\u00f3nar: 30 anys d&#039;innovaci\u00f3 musical i creativa - Barcelona Obertura\" \/>\n<meta property=\"og:description\" content=\"L\u00b4ic\u00f2nic festival barcelon\u00ed \u00e9s un esdeveniment \u00fanic que transforma la ciutat cada mes de juny. M\u00e9s de tres d\u00e8cades despr\u00e9s, el S\u00f3nar ha consolidat la seva posici\u00f3 com l&#039;epicentre de les m\u00fasiques i les arts d&#039;avantguarda.\" \/>\n<meta property=\"og:url\" content=\"https:\/\/www.barcelonaobertura.com\/ca\/plan\/sonar-30-years-of-creative-musical-innovation\/\" \/>\n<meta property=\"og:site_name\" content=\"Barcelona Obertura\" \/>\n<meta property=\"article:modified_time\" content=\"2024-03-22T10:35:30+00:00\" \/>\n<meta property=\"og:image\" content=\"https:\/\/www.barcelonaobertura.com\/wp-content\/uploads\/2024\/03\/2_sonar-de-noche_nereacoll-scaled.jpg\" \/>\n\t<meta property=\"og:image:width\" content=\"2560\" \/>\n\t<meta property=\"og:image:height\" content=\"1707\" \/>\n\t<meta property=\"og:image:type\" content=\"image\/jpeg\" \/>\n<meta name=\"twitter:card\" content=\"summary_large_image\" \/>\n<meta name=\"twitter:label1\" content=\"Temps estimat de lectura\" \/>\n\t<meta name=\"twitter:data1\" content=\"5 minuts\" \/>\n<script type=\"application\/ld+json\" class=\"yoast-schema-graph\">{\"@context\":\"https:\\\/\\\/schema.org\",\"@graph\":[{\"@type\":\"WebPage\",\"@id\":\"https:\\\/\\\/www.barcelonaobertura.com\\\/ca\\\/plan\\\/sonar-30-years-of-creative-musical-innovation\\\/\",\"url\":\"https:\\\/\\\/www.barcelonaobertura.com\\\/ca\\\/plan\\\/sonar-30-years-of-creative-musical-innovation\\\/\",\"name\":\"S\u00f3nar: 30 anys d'innovaci\u00f3 musical i creativa - Barcelona Obertura\",\"isPartOf\":{\"@id\":\"https:\\\/\\\/www.barcelonaobertura.com\\\/ca\\\/#website\"},\"primaryImageOfPage\":{\"@id\":\"https:\\\/\\\/www.barcelonaobertura.com\\\/ca\\\/plan\\\/sonar-30-years-of-creative-musical-innovation\\\/#primaryimage\"},\"image\":{\"@id\":\"https:\\\/\\\/www.barcelonaobertura.com\\\/ca\\\/plan\\\/sonar-30-years-of-creative-musical-innovation\\\/#primaryimage\"},\"thumbnailUrl\":\"https:\\\/\\\/www.barcelonaobertura.com\\\/wp-content\\\/uploads\\\/2024\\\/03\\\/2_sonar-de-noche_nereacoll-scaled.jpg\",\"datePublished\":\"2024-03-22T10:16:27+00:00\",\"dateModified\":\"2024-03-22T10:35:30+00:00\",\"description\":\"L\u00b4ic\u00f2nic festival barcelon\u00ed \u00e9s un esdeveniment \u00fanic que transforma la ciutat cada mes de juny. M\u00e9s de tres d\u00e8cades despr\u00e9s, el S\u00f3nar ha consolidat la seva posici\u00f3 com l'epicentre de les m\u00fasiques i les arts d'avantguarda.\",\"breadcrumb\":{\"@id\":\"https:\\\/\\\/www.barcelonaobertura.com\\\/ca\\\/plan\\\/sonar-30-years-of-creative-musical-innovation\\\/#breadcrumb\"},\"inLanguage\":\"ca\",\"potentialAction\":[{\"@type\":\"ReadAction\",\"target\":[\"https:\\\/\\\/www.barcelonaobertura.com\\\/ca\\\/plan\\\/sonar-30-years-of-creative-musical-innovation\\\/\"]}]},{\"@type\":\"ImageObject\",\"inLanguage\":\"ca\",\"@id\":\"https:\\\/\\\/www.barcelonaobertura.com\\\/ca\\\/plan\\\/sonar-30-years-of-creative-musical-innovation\\\/#primaryimage\",\"url\":\"https:\\\/\\\/www.barcelonaobertura.com\\\/wp-content\\\/uploads\\\/2024\\\/03\\\/2_sonar-de-noche_nereacoll-scaled.jpg\",\"contentUrl\":\"https:\\\/\\\/www.barcelonaobertura.com\\\/wp-content\\\/uploads\\\/2024\\\/03\\\/2_sonar-de-noche_nereacoll-scaled.jpg\",\"width\":2560,\"height\":1707},{\"@type\":\"BreadcrumbList\",\"@id\":\"https:\\\/\\\/www.barcelonaobertura.com\\\/ca\\\/plan\\\/sonar-30-years-of-creative-musical-innovation\\\/#breadcrumb\",\"itemListElement\":[{\"@type\":\"ListItem\",\"position\":1,\"name\":\"Home\",\"item\":\"https:\\\/\\\/www.barcelonaobertura.com\\\/ca\\\/\"},{\"@type\":\"ListItem\",\"position\":2,\"name\":\"Planes\",\"item\":\"https:\\\/\\\/www.barcelonaobertura.com\\\/ca\\\/plan\\\/\"},{\"@type\":\"ListItem\",\"position\":3,\"name\":\"S\u00f3nar: 30 anys d&#8217;innovaci\u00f3 musical i creativa\"}]},{\"@type\":\"WebSite\",\"@id\":\"https:\\\/\\\/www.barcelonaobertura.com\\\/ca\\\/#website\",\"url\":\"https:\\\/\\\/www.barcelonaobertura.com\\\/ca\\\/\",\"name\":\"Barcelona Obertura\",\"description\":\"Come for the music, Stay for the rest\",\"potentialAction\":[{\"@type\":\"SearchAction\",\"target\":{\"@type\":\"EntryPoint\",\"urlTemplate\":\"https:\\\/\\\/www.barcelonaobertura.com\\\/ca\\\/?s={search_term_string}\"},\"query-input\":{\"@type\":\"PropertyValueSpecification\",\"valueRequired\":true,\"valueName\":\"search_term_string\"}}],\"inLanguage\":\"ca\"}]}<\/script>\n<!-- \/ Yoast SEO plugin. -->","yoast_head_json":{"title":"S\u00f3nar: 30 anys d'innovaci\u00f3 musical i creativa - Barcelona Obertura","description":"L\u00b4ic\u00f2nic festival barcelon\u00ed \u00e9s un esdeveniment \u00fanic que transforma la ciutat cada mes de juny. M\u00e9s de tres d\u00e8cades despr\u00e9s, el S\u00f3nar ha consolidat la seva posici\u00f3 com l'epicentre de les m\u00fasiques i les arts d'avantguarda.","robots":{"index":"index","follow":"follow","max-snippet":"max-snippet:-1","max-image-preview":"max-image-preview:large","max-video-preview":"max-video-preview:-1"},"canonical":"https:\/\/www.barcelonaobertura.com\/ca\/plan\/sonar-30-years-of-creative-musical-innovation\/","og_locale":"ca_ES","og_type":"article","og_title":"S\u00f3nar: 30 anys d'innovaci\u00f3 musical i creativa - Barcelona Obertura","og_description":"L\u00b4ic\u00f2nic festival barcelon\u00ed \u00e9s un esdeveniment \u00fanic que transforma la ciutat cada mes de juny. M\u00e9s de tres d\u00e8cades despr\u00e9s, el S\u00f3nar ha consolidat la seva posici\u00f3 com l'epicentre de les m\u00fasiques i les arts d'avantguarda.","og_url":"https:\/\/www.barcelonaobertura.com\/ca\/plan\/sonar-30-years-of-creative-musical-innovation\/","og_site_name":"Barcelona Obertura","article_modified_time":"2024-03-22T10:35:30+00:00","og_image":[{"width":2560,"height":1707,"url":"https:\/\/www.barcelonaobertura.com\/wp-content\/uploads\/2024\/03\/2_sonar-de-noche_nereacoll-scaled.jpg","type":"image\/jpeg"}],"twitter_card":"summary_large_image","twitter_misc":{"Temps estimat de lectura":"5 minuts"},"schema":{"@context":"https:\/\/schema.org","@graph":[{"@type":"WebPage","@id":"https:\/\/www.barcelonaobertura.com\/ca\/plan\/sonar-30-years-of-creative-musical-innovation\/","url":"https:\/\/www.barcelonaobertura.com\/ca\/plan\/sonar-30-years-of-creative-musical-innovation\/","name":"S\u00f3nar: 30 anys d'innovaci\u00f3 musical i creativa - Barcelona Obertura","isPartOf":{"@id":"https:\/\/www.barcelonaobertura.com\/ca\/#website"},"primaryImageOfPage":{"@id":"https:\/\/www.barcelonaobertura.com\/ca\/plan\/sonar-30-years-of-creative-musical-innovation\/#primaryimage"},"image":{"@id":"https:\/\/www.barcelonaobertura.com\/ca\/plan\/sonar-30-years-of-creative-musical-innovation\/#primaryimage"},"thumbnailUrl":"https:\/\/www.barcelonaobertura.com\/wp-content\/uploads\/2024\/03\/2_sonar-de-noche_nereacoll-scaled.jpg","datePublished":"2024-03-22T10:16:27+00:00","dateModified":"2024-03-22T10:35:30+00:00","description":"L\u00b4ic\u00f2nic festival barcelon\u00ed \u00e9s un esdeveniment \u00fanic que transforma la ciutat cada mes de juny. M\u00e9s de tres d\u00e8cades despr\u00e9s, el S\u00f3nar ha consolidat la seva posici\u00f3 com l'epicentre de les m\u00fasiques i les arts d'avantguarda.","breadcrumb":{"@id":"https:\/\/www.barcelonaobertura.com\/ca\/plan\/sonar-30-years-of-creative-musical-innovation\/#breadcrumb"},"inLanguage":"ca","potentialAction":[{"@type":"ReadAction","target":["https:\/\/www.barcelonaobertura.com\/ca\/plan\/sonar-30-years-of-creative-musical-innovation\/"]}]},{"@type":"ImageObject","inLanguage":"ca","@id":"https:\/\/www.barcelonaobertura.com\/ca\/plan\/sonar-30-years-of-creative-musical-innovation\/#primaryimage","url":"https:\/\/www.barcelonaobertura.com\/wp-content\/uploads\/2024\/03\/2_sonar-de-noche_nereacoll-scaled.jpg","contentUrl":"https:\/\/www.barcelonaobertura.com\/wp-content\/uploads\/2024\/03\/2_sonar-de-noche_nereacoll-scaled.jpg","width":2560,"height":1707},{"@type":"BreadcrumbList","@id":"https:\/\/www.barcelonaobertura.com\/ca\/plan\/sonar-30-years-of-creative-musical-innovation\/#breadcrumb","itemListElement":[{"@type":"ListItem","position":1,"name":"Home","item":"https:\/\/www.barcelonaobertura.com\/ca\/"},{"@type":"ListItem","position":2,"name":"Planes","item":"https:\/\/www.barcelonaobertura.com\/ca\/plan\/"},{"@type":"ListItem","position":3,"name":"S\u00f3nar: 30 anys d&#8217;innovaci\u00f3 musical i creativa"}]},{"@type":"WebSite","@id":"https:\/\/www.barcelonaobertura.com\/ca\/#website","url":"https:\/\/www.barcelonaobertura.com\/ca\/","name":"Barcelona Obertura","description":"Come for the music, Stay for the rest","potentialAction":[{"@type":"SearchAction","target":{"@type":"EntryPoint","urlTemplate":"https:\/\/www.barcelonaobertura.com\/ca\/?s={search_term_string}"},"query-input":{"@type":"PropertyValueSpecification","valueRequired":true,"valueName":"search_term_string"}}],"inLanguage":"ca"}]}},"_links":{"self":[{"href":"https:\/\/www.barcelonaobertura.com\/ca\/wp-json\/wp\/v2\/plan\/61364","targetHints":{"allow":["GET"]}}],"collection":[{"href":"https:\/\/www.barcelonaobertura.com\/ca\/wp-json\/wp\/v2\/plan"}],"about":[{"href":"https:\/\/www.barcelonaobertura.com\/ca\/wp-json\/wp\/v2\/types\/plan"}],"wp:featuredmedia":[{"embeddable":true,"href":"https:\/\/www.barcelonaobertura.com\/ca\/wp-json\/wp\/v2\/media\/61358"}],"wp:attachment":[{"href":"https:\/\/www.barcelonaobertura.com\/ca\/wp-json\/wp\/v2\/media?parent=61364"}],"wp:term":[{"taxonomy":"plan-season","embeddable":true,"href":"https:\/\/www.barcelonaobertura.com\/ca\/wp-json\/wp\/v2\/plan-season?post=61364"}],"curies":[{"name":"wp","href":"https:\/\/api.w.org\/{rel}","templated":true}]}}