{"id":62777,"date":"2024-06-10T14:22:52","date_gmt":"2024-06-10T14:22:52","guid":{"rendered":"https:\/\/www.barcelonaobertura.com\/plan\/talents-jazz-unique-moonlight-concerts-at-la-pedrera\/"},"modified":"2024-06-10T14:26:24","modified_gmt":"2024-06-10T14:26:24","slug":"talents-jazz-unique-moonlight-concerts-at-la-pedrera","status":"publish","type":"plan","link":"https:\/\/www.barcelonaobertura.com\/ca\/plan\/talents-jazz-unique-moonlight-concerts-at-la-pedrera\/","title":{"rendered":"Talents Jazz: Concerts \u00fanics a la llum de la lluna a La Pedrera"},"content":{"rendered":"\n<p>Imagina\u2019t <strong>gaudir d\u2019una posta de sol <\/strong>en un dels llocs m\u00e9s emblem\u00e0tics de Barcelona. Sota un cel tenyit de tons rosats, les notes d\u2019un sax\u00f2fon o un piano ressonen, transformant l\u2019escenari ic\u00f2nic dissenyat per <strong>Antoni Gaud\u00ed<\/strong> en una inigualable sala de concerts de jazz. Aquest \u00e9s l\u2019encant de <a href=\"https:\/\/www.lapedrera.com\/ca\/agenda-activitats-barcelona\/festival-talents-jazz\"><strong>Talents Jazz<\/strong><\/a>, un cicle de concerts que t\u2019endinsa en el talent emergent de m\u00fasics provinents de les millors escoles del pa\u00eds.<\/p>\n\n\n\n<p>Aquesta trobada musical, ja consolidada com un cl\u00e0ssic de l\u2019estiu barcelon\u00ed, es duu a terme en col\u00b7laboraci\u00f3 amb el <strong>Conservatori del Liceu<\/strong>, l\u2019<strong>ESMUC<\/strong> i el <strong>Taller de M\u00fasics<\/strong>. Aquestes prestigioses institucions s\u2019uneixen per impulsar i donar suport al talent musical en formaci\u00f3, oferint als estudiants l\u2019oportunitat d\u2019adquirir experi\u00e8ncia en condicions similars a les de l\u2019entorn professional. La nova edici\u00f3 se celebrar\u00e0 del <strong>16 de maig al 26 de juliol<\/strong>.<\/p>\n\n\n\n<p>Talents Jazz es distingeix aix\u00ed per presentar <strong>projectes de nova creaci\u00f3 <\/strong>que fusionen el jazz amb diversos estils, des de la m\u00fasica cl\u00e0ssica de Johann Sebastian Bach fins al neosoul i els ritmes electr\u00f2nics m\u00e9s contemporanis. Endinsa\u2019t en aquesta experi\u00e8ncia \u00fanica, on <strong>l\u2019art, l\u2019arquitectura i la formaci\u00f3 <\/strong>s\u2019entrellacen en un entorn m\u00e0gic, creant records inoblidables en cada acord.<\/p>\n\n\n\n<p><\/p>\n\n\n\n<figure class=\"wp-block-image size-full\"><img loading=\"lazy\" decoding=\"async\" width=\"850\" height=\"566\" src=\"https:\/\/www.barcelonaobertura.com\/wp-content\/uploads\/2024\/06\/visita-especial-pedrera-dia-barcelona-1.jpg\" alt=\"\" class=\"wp-image-62759\" srcset=\"https:\/\/www.barcelonaobertura.com\/wp-content\/uploads\/2024\/06\/visita-especial-pedrera-dia-barcelona-1.jpg 850w, https:\/\/www.barcelonaobertura.com\/wp-content\/uploads\/2024\/06\/visita-especial-pedrera-dia-barcelona-1-300x200.jpg 300w, https:\/\/www.barcelonaobertura.com\/wp-content\/uploads\/2024\/06\/visita-especial-pedrera-dia-barcelona-1-768x511.jpg 768w\" sizes=\"auto, (max-width: 850px) 100vw, 850px\" \/><\/figure>\n\n\n\n<h2 class=\"wp-block-heading\"><strong><strong>Concerts amb vistes panor\u00e0miques de Barcelona<\/strong><\/strong><\/h2>\n\n\n\n<p>La vibrant programaci\u00f3 consta d\u2019una <strong>vintena de concerts <\/strong>que ofereixen l\u2019escenari als talents joves m\u00e9s prometedors del panorama jazz\u00edstic actual. Cada dijous i divendres a les 20 h, la <strong>terrassa de La Pedrera &#8211; Casa Mil\u00e0 <\/strong>s\u2019omple de la m\u00fasica d\u2019aquests artistes formats en institucions culturals de renom. La combinaci\u00f3 de la m\u00fasica, l\u2019entorn a l\u2019aire lliure i les vistes panor\u00e0miques crea una sinergia perfecta.<\/p>\n\n\n\n<p>I \u00e9s que les impressionants <strong>vistes de 360\u00ba de Barcelona <\/strong>creen una experi\u00e8ncia \u00fanica per als amants de la m\u00fasica i de l\u2019arquitectura amb hist\u00f2ria. Per aix\u00f2, et recomanem que arribis una mica abans del concert, de manera que tinguis temps per descobrir alguns dels <strong>detalls arquitect\u00f2nics de l\u2019edifici<\/strong>, visitar les exposicions que s\u2019inclouen a l\u2019entrada i passejar-te a gust per la ondulant terrassa gaudiniana abans que comenci la festa.<\/p>\n\n\n\n<p>Cal tenir en compte que La Pedrera &#8211; Casa Mil\u00e0 \u00e9s un dels primers edificis de Gaud\u00ed que va realitzar <strong>activitats nocturnes <\/strong>a la terrassa. Aquest edifici patrimoni de la UNESCO, B\u00e9 Cultural del Patrimoni Mundial i monument hist\u00f2rico-art\u00edstic d\u2019Inter\u00e8s Nacional, a m\u00e9s, organitza altres esdeveniments interessants com <strong>La Pedrera Night Experience<\/strong>, on s\u2019inclou un videomapatge a la terrassa.<\/p>\n\n\n\n<p><\/p>\n\n\n\n<h2 class=\"wp-block-heading\"><strong><strong>Els artistes convidats a Talents Jazz<\/strong><\/strong><\/h2>\n\n\n\n<p>El cicle de concerts compta amb un <strong>repertori ecl\u00e8ctic <\/strong>de la millor m\u00fasica jazz i contempor\u00e0nia d\u2019Espanya. Endinsa\u2019t en la creativitat <strong>d\u2019int\u00e8rprets i compositors joves<\/strong>, molts dels quals reten homenatge a llegendes del jazz com <strong>Stan Getz<\/strong>, <strong>Tom Jobim<\/strong> o <strong>Chris Cheek<\/strong>. Altres prefereixen rescatar int\u00e8rprets oblidats del segle XX, especialment dones que, com <strong>Betty Comden<\/strong> i <strong>Carolyn Leigh<\/strong>, van deixar la seva empremta en les sonoritats jazz\u00edstiques.<\/p>\n\n\n\n<p>Tamb\u00e9 hi ha alguns m\u00fasics que prefereixen explorar la fusi\u00f3 de diferents estils, com l\u2019<strong>electr\u00f2nica<\/strong>, el <strong>flamenc<\/strong>, l\u2019<strong>R&amp;B<\/strong> o el <strong>neo soul<\/strong>, entre altres. Altres decideixen experimentar amb apunts de rock amb modulacions jazz\u00edstiques, creant atmosferes de m\u00e9s cinematogr\u00e0fiques. Cada vegada m\u00e9s, com a curiositat, els m\u00fasics participants aposten per <strong>sonoritats electr\u00f2niques<\/strong>, reflectint una creixent tend\u00e8ncia en aquest g\u00e8nere musical.<\/p>\n\n\n\n<p>Per als artistes m\u00e9s reconeguts, \u00e9s com\u00fa aprofitar els seus concerts a Talents Jazz per avan\u00e7ar <strong>temes dels seus nous discos<\/strong>. En edicions recents, noms com <strong>Isaac Romagosa<\/strong> o <strong>Arnau Torn\u00e9<\/strong> han presentat en prim\u00edcia alguns dels seus temes, moltes vegades abans del seu llan\u00e7ament oficial en altres llocs. Assisteix a aquests concerts per descobrir exclusivament els <strong>nous sons<\/strong> que marcaran tend\u00e8ncia a l\u2019escena musical contempor\u00e0nia.<\/p>\n\n\n\n<p><\/p>\n\n\n\n<figure class=\"wp-block-image size-large\"><img loading=\"lazy\" decoding=\"async\" width=\"1024\" height=\"746\" src=\"https:\/\/www.barcelonaobertura.com\/wp-content\/uploads\/2024\/06\/La-Pedrera-03-1-1024x746.jpg\" alt=\"\" class=\"wp-image-62756\" srcset=\"https:\/\/www.barcelonaobertura.com\/wp-content\/uploads\/2024\/06\/La-Pedrera-03-1-1024x746.jpg 1024w, https:\/\/www.barcelonaobertura.com\/wp-content\/uploads\/2024\/06\/La-Pedrera-03-1-300x218.jpg 300w, https:\/\/www.barcelonaobertura.com\/wp-content\/uploads\/2024\/06\/La-Pedrera-03-1-768x559.jpg 768w, https:\/\/www.barcelonaobertura.com\/wp-content\/uploads\/2024\/06\/La-Pedrera-03-1-1536x1118.jpg 1536w, https:\/\/www.barcelonaobertura.com\/wp-content\/uploads\/2024\/06\/La-Pedrera-03-1-2048x1491.jpg 2048w\" sizes=\"auto, (max-width: 1024px) 100vw, 1024px\" \/><\/figure>\n\n\n\n<h2 class=\"wp-block-heading\"><strong><strong>Molt m\u00e9s que m\u00fasica: La visita a La Pedrera<\/strong><\/strong><\/h2>\n\n\n\n<p>Talents Jazz no nom\u00e9s t\u2019endinsa en la m\u00e0gia de la m\u00fasica, sin\u00f3 que tamb\u00e9 t\u2019invita a explorar <a href=\"https:\/\/www.lapedrera.com\/ca\"><strong>La Pedrera &#8211; Casa Mil\u00e0<\/strong><\/a>. Abans d\u2019entrar, <strong>admira la fa\u00e7ana de l\u2019edifici<\/strong>, una obra mestra constru\u00efda amb blocs de pedra calc\u00e0ria del Garraf i la pedrera de Vilafranca. Les formes ondulants evoquen el <strong>moviment del mar<\/strong>, mentre que les baranes de ferro tor\u00e7ut s\u2019assemblen a les formes de les algues.<\/p>\n\n\n\n<p>En endinsar-te, el <strong>Pati de les Flors<\/strong> et captivar\u00e0 amb les seves pintures murals florals i una espectacular escala que et porta al pis principal. A les golfes de La Pedrera, conegudes com el <strong>\u00c0tic de la Balena<\/strong>, descobrir\u00e0s l\u2019exposici\u00f3 \u2018Gaud\u00ed\u2019, ubicada en el lloc que abans albergava els safareigs. Dividida en set \u00e0mbits, mostra les <strong>inspiracions naturals <\/strong>i la genialitat de l\u2019arquitecte a trav\u00e9s de maquetes, pl\u00e0nols, objectes i dissenys.<\/p>\n\n\n\n<p>Ja a la terrassa de l\u2019edifici, ser\u00e0s rebut per <strong>xemeneies que semblen guardians guerrers<\/strong>, oferint vistes impressionants de Barcelona tant de dia com de nit, les mateixes que gaudir\u00e0s durant els concerts. Per fer l\u2019experi\u00e8ncia encara m\u00e9s completa, en arribar t\u2019obsequiaran amb una <strong>copa de cava <\/strong>per brindar per l\u2019inici del concert. Un pla perfecte per aprofitar al m\u00e0xim les nits d\u2019estiu a la ciutat.<\/p>\n","protected":false},"excerpt":{"rendered":"<p>Sota un cel tenyit de tons rosats, les notes d\u2019un sax\u00f2fon o un piano ressonen, transformant l\u2019escenari ic\u00f2nic dissenyat per Antoni Gaud\u00ed en una inigualable sala de concerts de jazz.<\/p>\n","protected":false},"featured_media":62760,"template":"","plan-season":[250],"class_list":["post-62777","plan","type-plan","status-publish","has-post-thumbnail","hentry","plan-season-estiu"],"acf":[],"yoast_head":"<!-- This site is optimized with the Yoast SEO plugin v27.4 - https:\/\/yoast.com\/product\/yoast-seo-wordpress\/ -->\n<title>Talents Jazz: Concerts \u00fanics a la llum de la lluna a La Pedrera - Barcelona Obertura<\/title>\n<meta name=\"description\" content=\"Sota un cel tenyit de tons rosats, les notes d\u2019un sax\u00f2fon o un piano ressonen, transformant l\u2019escenari ic\u00f2nic dissenyat per Antoni Gaud\u00ed en una inigualable sala de concerts de jazz.\" \/>\n<meta name=\"robots\" content=\"index, follow, max-snippet:-1, max-image-preview:large, max-video-preview:-1\" \/>\n<link rel=\"canonical\" href=\"https:\/\/www.barcelonaobertura.com\/ca\/plan\/talents-jazz-unique-moonlight-concerts-at-la-pedrera\/\" \/>\n<meta property=\"og:locale\" content=\"ca_ES\" \/>\n<meta property=\"og:type\" content=\"article\" \/>\n<meta property=\"og:title\" content=\"Talents Jazz: Concerts \u00fanics a la llum de la lluna a La Pedrera - Barcelona Obertura\" \/>\n<meta property=\"og:description\" content=\"Sota un cel tenyit de tons rosats, les notes d\u2019un sax\u00f2fon o un piano ressonen, transformant l\u2019escenari ic\u00f2nic dissenyat per Antoni Gaud\u00ed en una inigualable sala de concerts de jazz.\" \/>\n<meta property=\"og:url\" content=\"https:\/\/www.barcelonaobertura.com\/ca\/plan\/talents-jazz-unique-moonlight-concerts-at-la-pedrera\/\" \/>\n<meta property=\"og:site_name\" content=\"Barcelona Obertura\" \/>\n<meta property=\"article:modified_time\" content=\"2024-06-10T14:26:24+00:00\" \/>\n<meta property=\"og:image\" content=\"https:\/\/www.barcelonaobertura.com\/wp-content\/uploads\/2024\/06\/visita-especial-pedrera-dia-barcelona-1.jpg\" \/>\n\t<meta property=\"og:image:width\" content=\"850\" \/>\n\t<meta property=\"og:image:height\" content=\"566\" \/>\n\t<meta property=\"og:image:type\" content=\"image\/jpeg\" \/>\n<meta name=\"twitter:card\" content=\"summary_large_image\" \/>\n<meta name=\"twitter:label1\" content=\"Temps estimat de lectura\" \/>\n\t<meta name=\"twitter:data1\" content=\"5 minuts\" \/>\n<script type=\"application\/ld+json\" class=\"yoast-schema-graph\">{\"@context\":\"https:\\\/\\\/schema.org\",\"@graph\":[{\"@type\":\"WebPage\",\"@id\":\"https:\\\/\\\/www.barcelonaobertura.com\\\/ca\\\/plan\\\/talents-jazz-unique-moonlight-concerts-at-la-pedrera\\\/\",\"url\":\"https:\\\/\\\/www.barcelonaobertura.com\\\/ca\\\/plan\\\/talents-jazz-unique-moonlight-concerts-at-la-pedrera\\\/\",\"name\":\"Talents Jazz: Concerts \u00fanics a la llum de la lluna a La Pedrera - Barcelona Obertura\",\"isPartOf\":{\"@id\":\"https:\\\/\\\/www.barcelonaobertura.com\\\/ca\\\/#website\"},\"primaryImageOfPage\":{\"@id\":\"https:\\\/\\\/www.barcelonaobertura.com\\\/ca\\\/plan\\\/talents-jazz-unique-moonlight-concerts-at-la-pedrera\\\/#primaryimage\"},\"image\":{\"@id\":\"https:\\\/\\\/www.barcelonaobertura.com\\\/ca\\\/plan\\\/talents-jazz-unique-moonlight-concerts-at-la-pedrera\\\/#primaryimage\"},\"thumbnailUrl\":\"https:\\\/\\\/www.barcelonaobertura.com\\\/wp-content\\\/uploads\\\/2024\\\/06\\\/visita-especial-pedrera-dia-barcelona-1.jpg\",\"datePublished\":\"2024-06-10T14:22:52+00:00\",\"dateModified\":\"2024-06-10T14:26:24+00:00\",\"description\":\"Sota un cel tenyit de tons rosats, les notes d\u2019un sax\u00f2fon o un piano ressonen, transformant l\u2019escenari ic\u00f2nic dissenyat per Antoni Gaud\u00ed en una inigualable sala de concerts de jazz.\",\"breadcrumb\":{\"@id\":\"https:\\\/\\\/www.barcelonaobertura.com\\\/ca\\\/plan\\\/talents-jazz-unique-moonlight-concerts-at-la-pedrera\\\/#breadcrumb\"},\"inLanguage\":\"ca\",\"potentialAction\":[{\"@type\":\"ReadAction\",\"target\":[\"https:\\\/\\\/www.barcelonaobertura.com\\\/ca\\\/plan\\\/talents-jazz-unique-moonlight-concerts-at-la-pedrera\\\/\"]}]},{\"@type\":\"ImageObject\",\"inLanguage\":\"ca\",\"@id\":\"https:\\\/\\\/www.barcelonaobertura.com\\\/ca\\\/plan\\\/talents-jazz-unique-moonlight-concerts-at-la-pedrera\\\/#primaryimage\",\"url\":\"https:\\\/\\\/www.barcelonaobertura.com\\\/wp-content\\\/uploads\\\/2024\\\/06\\\/visita-especial-pedrera-dia-barcelona-1.jpg\",\"contentUrl\":\"https:\\\/\\\/www.barcelonaobertura.com\\\/wp-content\\\/uploads\\\/2024\\\/06\\\/visita-especial-pedrera-dia-barcelona-1.jpg\",\"width\":850,\"height\":566},{\"@type\":\"BreadcrumbList\",\"@id\":\"https:\\\/\\\/www.barcelonaobertura.com\\\/ca\\\/plan\\\/talents-jazz-unique-moonlight-concerts-at-la-pedrera\\\/#breadcrumb\",\"itemListElement\":[{\"@type\":\"ListItem\",\"position\":1,\"name\":\"Home\",\"item\":\"https:\\\/\\\/www.barcelonaobertura.com\\\/ca\\\/\"},{\"@type\":\"ListItem\",\"position\":2,\"name\":\"Planes\",\"item\":\"https:\\\/\\\/www.barcelonaobertura.com\\\/ca\\\/plan\\\/\"},{\"@type\":\"ListItem\",\"position\":3,\"name\":\"Talents Jazz: Concerts \u00fanics a la llum de la lluna a La Pedrera\"}]},{\"@type\":\"WebSite\",\"@id\":\"https:\\\/\\\/www.barcelonaobertura.com\\\/ca\\\/#website\",\"url\":\"https:\\\/\\\/www.barcelonaobertura.com\\\/ca\\\/\",\"name\":\"Barcelona Obertura\",\"description\":\"Come for the music, Stay for the rest\",\"potentialAction\":[{\"@type\":\"SearchAction\",\"target\":{\"@type\":\"EntryPoint\",\"urlTemplate\":\"https:\\\/\\\/www.barcelonaobertura.com\\\/ca\\\/?s={search_term_string}\"},\"query-input\":{\"@type\":\"PropertyValueSpecification\",\"valueRequired\":true,\"valueName\":\"search_term_string\"}}],\"inLanguage\":\"ca\"}]}<\/script>\n<!-- \/ Yoast SEO plugin. -->","yoast_head_json":{"title":"Talents Jazz: Concerts \u00fanics a la llum de la lluna a La Pedrera - Barcelona Obertura","description":"Sota un cel tenyit de tons rosats, les notes d\u2019un sax\u00f2fon o un piano ressonen, transformant l\u2019escenari ic\u00f2nic dissenyat per Antoni Gaud\u00ed en una inigualable sala de concerts de jazz.","robots":{"index":"index","follow":"follow","max-snippet":"max-snippet:-1","max-image-preview":"max-image-preview:large","max-video-preview":"max-video-preview:-1"},"canonical":"https:\/\/www.barcelonaobertura.com\/ca\/plan\/talents-jazz-unique-moonlight-concerts-at-la-pedrera\/","og_locale":"ca_ES","og_type":"article","og_title":"Talents Jazz: Concerts \u00fanics a la llum de la lluna a La Pedrera - Barcelona Obertura","og_description":"Sota un cel tenyit de tons rosats, les notes d\u2019un sax\u00f2fon o un piano ressonen, transformant l\u2019escenari ic\u00f2nic dissenyat per Antoni Gaud\u00ed en una inigualable sala de concerts de jazz.","og_url":"https:\/\/www.barcelonaobertura.com\/ca\/plan\/talents-jazz-unique-moonlight-concerts-at-la-pedrera\/","og_site_name":"Barcelona Obertura","article_modified_time":"2024-06-10T14:26:24+00:00","og_image":[{"width":850,"height":566,"url":"https:\/\/www.barcelonaobertura.com\/wp-content\/uploads\/2024\/06\/visita-especial-pedrera-dia-barcelona-1.jpg","type":"image\/jpeg"}],"twitter_card":"summary_large_image","twitter_misc":{"Temps estimat de lectura":"5 minuts"},"schema":{"@context":"https:\/\/schema.org","@graph":[{"@type":"WebPage","@id":"https:\/\/www.barcelonaobertura.com\/ca\/plan\/talents-jazz-unique-moonlight-concerts-at-la-pedrera\/","url":"https:\/\/www.barcelonaobertura.com\/ca\/plan\/talents-jazz-unique-moonlight-concerts-at-la-pedrera\/","name":"Talents Jazz: Concerts \u00fanics a la llum de la lluna a La Pedrera - Barcelona Obertura","isPartOf":{"@id":"https:\/\/www.barcelonaobertura.com\/ca\/#website"},"primaryImageOfPage":{"@id":"https:\/\/www.barcelonaobertura.com\/ca\/plan\/talents-jazz-unique-moonlight-concerts-at-la-pedrera\/#primaryimage"},"image":{"@id":"https:\/\/www.barcelonaobertura.com\/ca\/plan\/talents-jazz-unique-moonlight-concerts-at-la-pedrera\/#primaryimage"},"thumbnailUrl":"https:\/\/www.barcelonaobertura.com\/wp-content\/uploads\/2024\/06\/visita-especial-pedrera-dia-barcelona-1.jpg","datePublished":"2024-06-10T14:22:52+00:00","dateModified":"2024-06-10T14:26:24+00:00","description":"Sota un cel tenyit de tons rosats, les notes d\u2019un sax\u00f2fon o un piano ressonen, transformant l\u2019escenari ic\u00f2nic dissenyat per Antoni Gaud\u00ed en una inigualable sala de concerts de jazz.","breadcrumb":{"@id":"https:\/\/www.barcelonaobertura.com\/ca\/plan\/talents-jazz-unique-moonlight-concerts-at-la-pedrera\/#breadcrumb"},"inLanguage":"ca","potentialAction":[{"@type":"ReadAction","target":["https:\/\/www.barcelonaobertura.com\/ca\/plan\/talents-jazz-unique-moonlight-concerts-at-la-pedrera\/"]}]},{"@type":"ImageObject","inLanguage":"ca","@id":"https:\/\/www.barcelonaobertura.com\/ca\/plan\/talents-jazz-unique-moonlight-concerts-at-la-pedrera\/#primaryimage","url":"https:\/\/www.barcelonaobertura.com\/wp-content\/uploads\/2024\/06\/visita-especial-pedrera-dia-barcelona-1.jpg","contentUrl":"https:\/\/www.barcelonaobertura.com\/wp-content\/uploads\/2024\/06\/visita-especial-pedrera-dia-barcelona-1.jpg","width":850,"height":566},{"@type":"BreadcrumbList","@id":"https:\/\/www.barcelonaobertura.com\/ca\/plan\/talents-jazz-unique-moonlight-concerts-at-la-pedrera\/#breadcrumb","itemListElement":[{"@type":"ListItem","position":1,"name":"Home","item":"https:\/\/www.barcelonaobertura.com\/ca\/"},{"@type":"ListItem","position":2,"name":"Planes","item":"https:\/\/www.barcelonaobertura.com\/ca\/plan\/"},{"@type":"ListItem","position":3,"name":"Talents Jazz: Concerts \u00fanics a la llum de la lluna a La Pedrera"}]},{"@type":"WebSite","@id":"https:\/\/www.barcelonaobertura.com\/ca\/#website","url":"https:\/\/www.barcelonaobertura.com\/ca\/","name":"Barcelona Obertura","description":"Come for the music, Stay for the rest","potentialAction":[{"@type":"SearchAction","target":{"@type":"EntryPoint","urlTemplate":"https:\/\/www.barcelonaobertura.com\/ca\/?s={search_term_string}"},"query-input":{"@type":"PropertyValueSpecification","valueRequired":true,"valueName":"search_term_string"}}],"inLanguage":"ca"}]}},"_links":{"self":[{"href":"https:\/\/www.barcelonaobertura.com\/ca\/wp-json\/wp\/v2\/plan\/62777","targetHints":{"allow":["GET"]}}],"collection":[{"href":"https:\/\/www.barcelonaobertura.com\/ca\/wp-json\/wp\/v2\/plan"}],"about":[{"href":"https:\/\/www.barcelonaobertura.com\/ca\/wp-json\/wp\/v2\/types\/plan"}],"wp:featuredmedia":[{"embeddable":true,"href":"https:\/\/www.barcelonaobertura.com\/ca\/wp-json\/wp\/v2\/media\/62760"}],"wp:attachment":[{"href":"https:\/\/www.barcelonaobertura.com\/ca\/wp-json\/wp\/v2\/media?parent=62777"}],"wp:term":[{"taxonomy":"plan-season","embeddable":true,"href":"https:\/\/www.barcelonaobertura.com\/ca\/wp-json\/wp\/v2\/plan-season?post=62777"}],"curies":[{"name":"wp","href":"https:\/\/api.w.org\/{rel}","templated":true}]}}