{"id":63145,"date":"2024-06-14T08:37:58","date_gmt":"2024-06-14T08:37:58","guid":{"rendered":"https:\/\/www.barcelonaobertura.com\/plan\/terrats-in-culture-a-festival-with-class\/"},"modified":"2024-06-14T08:57:22","modified_gmt":"2024-06-14T08:57:22","slug":"terrats-in-culture-a-festival-with-class","status":"publish","type":"plan","link":"https:\/\/www.barcelonaobertura.com\/ca\/plan\/terrats-in-culture-a-festival-with-class\/","title":{"rendered":"Terrats en Cultura, un festival d&#8217;altura"},"content":{"rendered":"\n<p><strong>Comprar una entrada<\/strong> per a un concert o un espectacle teatral sol ser un proc\u00e9s senzill: seleccionar l&#8217;esdeveniment, registrar la ubicaci\u00f3 i la data a l&#8217;agenda i esperar al dia assenyalat. No obstant aix\u00f2, en l&#8217;intrigant univers de <a href=\"https:\/\/www.terratsencultura.org\/\"><strong>Terrats en Cultura<\/strong><\/a>, la din\u00e0mica canvia completament. Encara que pots adquirir la teva entrada, fins a dos dies abans de l&#8217;espectacle desconeixer\u00e0s el lloc exacte de la funci\u00f3.<\/p>\n\n\n\n<p>Aquest festival, cada cop m\u00e9s popular, es distingeix per la seva proposta \u00fanica, on <strong>la sorpresa \u00e9s la principal protagonista<\/strong>. Aix\u00ed, ofereix una experi\u00e8ncia diferent, captivant els cors de centenars d&#8217;amants de la m\u00fasica i el bon teatre que busquen <strong>quelcom m\u00e9s enll\u00e0 del convencional<\/strong>. Submergeix-te en aquesta emocionant travessia cultural, on la incertesa es converteix en l&#8217;abansala de la m\u00e0gia.<\/p>\n\n\n\n<p><\/p>\n\n\n\n<h2 class=\"wp-block-heading\"><strong><strong>L&#8217;associaci\u00f3 cultural Coincid\u00e8ncies<\/strong><\/strong><\/h2>\n\n\n\n<p>Per entendre d&#8217;on surt Terrats en Cultura cal fer una primera parada a <strong>Coincid\u00e8ncies<\/strong>. Aquesta associaci\u00f3 cultural fundada el 2013 t\u00e9 com a missi\u00f3 crear noves experi\u00e8ncies culturals. Per fer-ho, aposten per l&#8217;<strong>intercanvi directe entre creadors i artistes amb els espectadors<\/strong>, convertint-los en elements fonamentals de l&#8217;obra. Amb accions que van des de veure i tocar fins a escoltar i participar, cadascuna de les seves propostes busca <strong>involucrar l&#8217;audi\u00e8ncia<\/strong> de manera activa.<\/p>\n\n\n\n<p>Per a l&#8217;associaci\u00f3, la cultura no est\u00e0 limitada a grans temples com teatres o museus. Defensen, per tant, que aquesta pugui <strong>florir a qualsevol rac\u00f3 urb\u00e0<\/strong>, fent \u00e8mfasi en qu\u00e8 qualsevol lloc pot convertir-se en l&#8217;escenari perfecte per a iniciatives did\u00e0ctiques. Aix\u00ed, alliberen la cultura dels confins tancats, convidant tot tipus de p\u00fablic a gaudir d&#8217;una experi\u00e8ncia \u00fanica i compartida.<\/p>\n\n\n\n<p><\/p>\n\n\n\n<h2 class=\"wp-block-heading\"><strong><strong>L&#8217;origen del projecte: compartir \u00e9s viure<\/strong><\/strong><\/h2>\n\n\n\n<p>La filosofia de compartir es manifesta de manera excepcional en aquest festival carregat d&#8217;<strong>elements clandestins<\/strong>, dissenyat especialment per als exploradors urbans \u00e0vids de descobrir espais normalment tancats al p\u00fablic. L&#8217;esdeveniment se celebra d&#8217;abril a octubre, amb una pausa a l&#8217;agost, i presenta entre <strong>deu i vint espectacles<\/strong> que es concentren als mesos de juny i juliol.<\/p>\n\n\n\n<p>Els escenaris inclouen terrats particulars als barris de Gr\u00e0cia, Sant Andreu o Poblenou, entre altres, i tamb\u00e9 espais com l&#8217;Institut Escola Eixample. Recentment, L&#8217;<strong>Hospitalet de Llobregat<\/strong> tamb\u00e9 s&#8217;ha unit a la proposta acollint algunes de les propostes art\u00edstiques, per exemple, a la <strong>Biblioteca de Bellvitge<\/strong>. Un indicatiu de l&#8217;\u00e8xit d&#8217;un projecte que va guanyant adeptes amb el temps.<\/p>\n\n\n\n<p><\/p>\n\n\n\n<figure class=\"wp-block-image size-large\"><img loading=\"lazy\" decoding=\"async\" width=\"1024\" height=\"683\" src=\"https:\/\/www.barcelonaobertura.com\/wp-content\/uploads\/2024\/06\/Sey-Sisters-c-Guillem-Pacheco-1024x683.jpg\" alt=\"\" class=\"wp-image-63142\" srcset=\"https:\/\/www.barcelonaobertura.com\/wp-content\/uploads\/2024\/06\/Sey-Sisters-c-Guillem-Pacheco-1024x683.jpg 1024w, https:\/\/www.barcelonaobertura.com\/wp-content\/uploads\/2024\/06\/Sey-Sisters-c-Guillem-Pacheco-300x200.jpg 300w, https:\/\/www.barcelonaobertura.com\/wp-content\/uploads\/2024\/06\/Sey-Sisters-c-Guillem-Pacheco-768x512.jpg 768w, https:\/\/www.barcelonaobertura.com\/wp-content\/uploads\/2024\/06\/Sey-Sisters-c-Guillem-Pacheco-1536x1024.jpg 1536w, https:\/\/www.barcelonaobertura.com\/wp-content\/uploads\/2024\/06\/Sey-Sisters-c-Guillem-Pacheco-2048x1365.jpg 2048w\" sizes=\"auto, (max-width: 1024px) 100vw, 1024px\" \/><\/figure>\n\n\n\n<p><\/p>\n\n\n\n<h2 class=\"wp-block-heading\"><strong>Una aposta ferma pels g\u00e8neres h\u00edbrids<\/strong> <\/h2>\n\n\n\n<p>Amb un enfocament que combina m\u00fasica, dansa, teatre, poesia i reflexi\u00f3, el programa inclou <strong>g\u00e8neres ben diversos<\/strong>. La gamma de propostes abasta des de sonoritats vibrants com la rumba fins a lectures dramatitzades, concerts teatralitzats, <strong>espectacles de dansa<\/strong> i fins i tot obres de teatre que han estat censurades. Com a curiositat, en molts casos es tracta d&#8217;estrenes que mostren els nous treballs dels artistes convidats. <\/p>\n\n\n\n<p>Totes les propostes es <strong>distingeixen per la seva proximitat<\/strong> i, sens dubte, s&#8217;enriqueixen amb la singularitat dels espais que les acullen. No cal oblidar que, m\u00e9s enll\u00e0 del social i cultural, l&#8217;objectiu de l&#8217;esdeveniment \u00e9s crear un <strong>espai comunitari<\/strong> que transcendeixi les convencions. Com expliquen els seus fundadors, potser no recordis en quin teatre o sala de concerts has vist una obra en concret, per\u00f2, si has presenciat un espectacle en una terrassa, no se t&#8217;oblidar\u00e0 f\u00e0cilment.<\/p>\n\n\n\n<p><\/p>\n\n\n\n<h2 class=\"wp-block-heading\"><strong>La proximitat m\u00e9s sostenible<\/strong> <\/h2>\n\n\n\n<p>La filosofia de sostenibilitat impregna cada aspecte de la proposta, destacant-se a trav\u00e9s d&#8217;una<strong> pol\u00edtica de &#8220;pl\u00e0stic 0&#8221;<\/strong> que abasta la totalitat del festival. Aquest comprom\u00eds ambiental no nom\u00e9s es limita a la reducci\u00f3 de residus pl\u00e0stics, sin\u00f3 que tamb\u00e9 s&#8217;est\u00e9n a <strong>pr\u00e0ctiques inclusives<\/strong> destinades a col\u00b7lectius menys afavorits. \u00c9s digne de destacar l&#8217;\u00e8mfasi posat en l&#8217;<strong>accessibilitat als terrats<\/strong>, evidenciant una preocupaci\u00f3 genu\u00efna per garantir que l&#8217;esdeveniment sigui gaudible per a tots. <\/p>\n\n\n\n<p>Addicionalment, l&#8217;<strong>aposta per la proximitat i el valor local<\/strong> es manifesta de manera palpable en l&#8217;experi\u00e8ncia gastron\u00f2mica oferta. La <strong>degustaci\u00f3 de vins<\/strong>, acuradament seleccionats per complementar cada esdeveniment, es distingeix pel seu arrelament a la <strong>denominaci\u00f3 d&#8217;origen Catalunya<\/strong>. Aquest enfocament no nom\u00e9s ressalta la qualitat dels productes locals, sin\u00f3 que tamb\u00e9 fomenta un fort suport als productors regionals.<\/p>\n\n\n\n<p><\/p>\n\n\n\n<h2 class=\"wp-block-heading\"><strong>Un projecte a escala europea<\/strong> <\/h2>\n\n\n\n<p>Terrats en Cultura, a m\u00e9s, forma part de la <strong>European Creative Rooftop Network (ECRN)<\/strong>. Aquesta xarxa busca unificar iniciatives socials, culturals, urbanes i mediambientals que transformen els terrats de les ciutats europees en <strong>epicentres culturals<\/strong>. El projecte <strong>R-EU-FTOP<\/strong>, per exemple, est\u00e0 present a nou pa\u00efsos europeus, entre ells Portugal, Su\u00e8cia, Espanya, Xipre, Regne Unit, Pa\u00efsos Baixos, Alemanya i B\u00e8lgica. <\/p>\n\n\n\n<p>El seu enfocament se centra a descobrir com aprofitar el <strong>15-35% infrautilitzat del paisatge urb\u00e0<\/strong>, espec\u00edficament l&#8217;espai de les terrasses. Aquest moviment no nom\u00e9s busca revaloritzar els terrats, sin\u00f3 que tamb\u00e9 <strong>impulsa la creativitat, la sostenibilitat i l&#8217;expressi\u00f3 cultural<\/strong> d&#8217;aquests. Embarca&#8217;t en aquesta iniciativa que redefineix la manera en qu\u00e8 veiem i utilitzem els terrats, contribuint a un entorn urb\u00e0 m\u00e9s vibrant i sostenible.<\/p>\n","protected":false},"excerpt":{"rendered":"<p>Aquest festival, cada cop m\u00e9s popular, es distingeix per la seva proposta \u00fanica, on la sorpresa \u00e9s la principal protagonista. Aix\u00ed, ofereix una experi\u00e8ncia diferent, captivant els cors de centenars d&#8217;amants de la m\u00fasica i el bon teatre.<\/p>\n","protected":false},"featured_media":63140,"template":"","plan-season":[250],"class_list":["post-63145","plan","type-plan","status-publish","has-post-thumbnail","hentry","plan-season-estiu"],"acf":[],"yoast_head":"<!-- This site is optimized with the Yoast SEO plugin v27.4 - https:\/\/yoast.com\/product\/yoast-seo-wordpress\/ -->\n<title>Terrats en Cultura, un festival d&#039;altura - Barcelona Obertura<\/title>\n<meta name=\"description\" content=\"Aquest festival, cada cop m\u00e9s popular, es distingeix per la seva proposta \u00fanica, on la sorpresa \u00e9s la principal protagonista.\" \/>\n<meta name=\"robots\" content=\"index, follow, max-snippet:-1, max-image-preview:large, max-video-preview:-1\" \/>\n<link rel=\"canonical\" href=\"https:\/\/www.barcelonaobertura.com\/ca\/plan\/terrats-in-culture-a-festival-with-class\/\" \/>\n<meta property=\"og:locale\" content=\"ca_ES\" \/>\n<meta property=\"og:type\" content=\"article\" \/>\n<meta property=\"og:title\" content=\"Terrats en Cultura, un festival d&#039;altura - Barcelona Obertura\" \/>\n<meta property=\"og:description\" content=\"Aquest festival, cada cop m\u00e9s popular, es distingeix per la seva proposta \u00fanica, on la sorpresa \u00e9s la principal protagonista.\" \/>\n<meta property=\"og:url\" content=\"https:\/\/www.barcelonaobertura.com\/ca\/plan\/terrats-in-culture-a-festival-with-class\/\" \/>\n<meta property=\"og:site_name\" content=\"Barcelona Obertura\" \/>\n<meta property=\"article:modified_time\" content=\"2024-06-14T08:57:22+00:00\" \/>\n<meta property=\"og:image\" content=\"https:\/\/www.barcelonaobertura.com\/wp-content\/uploads\/2024\/06\/Parne-Gloria-Ribera-c-Guillem-Pacheco-scaled.jpg\" \/>\n\t<meta property=\"og:image:width\" content=\"2560\" \/>\n\t<meta property=\"og:image:height\" content=\"1707\" \/>\n\t<meta property=\"og:image:type\" content=\"image\/jpeg\" \/>\n<meta name=\"twitter:card\" content=\"summary_large_image\" \/>\n<meta name=\"twitter:label1\" content=\"Temps estimat de lectura\" \/>\n\t<meta name=\"twitter:data1\" content=\"4 minuts\" \/>\n<script type=\"application\/ld+json\" class=\"yoast-schema-graph\">{\"@context\":\"https:\\\/\\\/schema.org\",\"@graph\":[{\"@type\":\"WebPage\",\"@id\":\"https:\\\/\\\/www.barcelonaobertura.com\\\/ca\\\/plan\\\/terrats-in-culture-a-festival-with-class\\\/\",\"url\":\"https:\\\/\\\/www.barcelonaobertura.com\\\/ca\\\/plan\\\/terrats-in-culture-a-festival-with-class\\\/\",\"name\":\"Terrats en Cultura, un festival d'altura - Barcelona Obertura\",\"isPartOf\":{\"@id\":\"https:\\\/\\\/www.barcelonaobertura.com\\\/ca\\\/#website\"},\"primaryImageOfPage\":{\"@id\":\"https:\\\/\\\/www.barcelonaobertura.com\\\/ca\\\/plan\\\/terrats-in-culture-a-festival-with-class\\\/#primaryimage\"},\"image\":{\"@id\":\"https:\\\/\\\/www.barcelonaobertura.com\\\/ca\\\/plan\\\/terrats-in-culture-a-festival-with-class\\\/#primaryimage\"},\"thumbnailUrl\":\"https:\\\/\\\/www.barcelonaobertura.com\\\/wp-content\\\/uploads\\\/2024\\\/06\\\/Parne-Gloria-Ribera-c-Guillem-Pacheco-scaled.jpg\",\"datePublished\":\"2024-06-14T08:37:58+00:00\",\"dateModified\":\"2024-06-14T08:57:22+00:00\",\"description\":\"Aquest festival, cada cop m\u00e9s popular, es distingeix per la seva proposta \u00fanica, on la sorpresa \u00e9s la principal protagonista.\",\"breadcrumb\":{\"@id\":\"https:\\\/\\\/www.barcelonaobertura.com\\\/ca\\\/plan\\\/terrats-in-culture-a-festival-with-class\\\/#breadcrumb\"},\"inLanguage\":\"ca\",\"potentialAction\":[{\"@type\":\"ReadAction\",\"target\":[\"https:\\\/\\\/www.barcelonaobertura.com\\\/ca\\\/plan\\\/terrats-in-culture-a-festival-with-class\\\/\"]}]},{\"@type\":\"ImageObject\",\"inLanguage\":\"ca\",\"@id\":\"https:\\\/\\\/www.barcelonaobertura.com\\\/ca\\\/plan\\\/terrats-in-culture-a-festival-with-class\\\/#primaryimage\",\"url\":\"https:\\\/\\\/www.barcelonaobertura.com\\\/wp-content\\\/uploads\\\/2024\\\/06\\\/Parne-Gloria-Ribera-c-Guillem-Pacheco-scaled.jpg\",\"contentUrl\":\"https:\\\/\\\/www.barcelonaobertura.com\\\/wp-content\\\/uploads\\\/2024\\\/06\\\/Parne-Gloria-Ribera-c-Guillem-Pacheco-scaled.jpg\",\"width\":2560,\"height\":1707},{\"@type\":\"BreadcrumbList\",\"@id\":\"https:\\\/\\\/www.barcelonaobertura.com\\\/ca\\\/plan\\\/terrats-in-culture-a-festival-with-class\\\/#breadcrumb\",\"itemListElement\":[{\"@type\":\"ListItem\",\"position\":1,\"name\":\"Home\",\"item\":\"https:\\\/\\\/www.barcelonaobertura.com\\\/ca\\\/\"},{\"@type\":\"ListItem\",\"position\":2,\"name\":\"Planes\",\"item\":\"https:\\\/\\\/www.barcelonaobertura.com\\\/ca\\\/plan\\\/\"},{\"@type\":\"ListItem\",\"position\":3,\"name\":\"Terrats en Cultura, un festival d&#8217;altura\"}]},{\"@type\":\"WebSite\",\"@id\":\"https:\\\/\\\/www.barcelonaobertura.com\\\/ca\\\/#website\",\"url\":\"https:\\\/\\\/www.barcelonaobertura.com\\\/ca\\\/\",\"name\":\"Barcelona Obertura\",\"description\":\"Come for the music, Stay for the rest\",\"potentialAction\":[{\"@type\":\"SearchAction\",\"target\":{\"@type\":\"EntryPoint\",\"urlTemplate\":\"https:\\\/\\\/www.barcelonaobertura.com\\\/ca\\\/?s={search_term_string}\"},\"query-input\":{\"@type\":\"PropertyValueSpecification\",\"valueRequired\":true,\"valueName\":\"search_term_string\"}}],\"inLanguage\":\"ca\"}]}<\/script>\n<!-- \/ Yoast SEO plugin. -->","yoast_head_json":{"title":"Terrats en Cultura, un festival d'altura - Barcelona Obertura","description":"Aquest festival, cada cop m\u00e9s popular, es distingeix per la seva proposta \u00fanica, on la sorpresa \u00e9s la principal protagonista.","robots":{"index":"index","follow":"follow","max-snippet":"max-snippet:-1","max-image-preview":"max-image-preview:large","max-video-preview":"max-video-preview:-1"},"canonical":"https:\/\/www.barcelonaobertura.com\/ca\/plan\/terrats-in-culture-a-festival-with-class\/","og_locale":"ca_ES","og_type":"article","og_title":"Terrats en Cultura, un festival d'altura - Barcelona Obertura","og_description":"Aquest festival, cada cop m\u00e9s popular, es distingeix per la seva proposta \u00fanica, on la sorpresa \u00e9s la principal protagonista.","og_url":"https:\/\/www.barcelonaobertura.com\/ca\/plan\/terrats-in-culture-a-festival-with-class\/","og_site_name":"Barcelona Obertura","article_modified_time":"2024-06-14T08:57:22+00:00","og_image":[{"width":2560,"height":1707,"url":"https:\/\/www.barcelonaobertura.com\/wp-content\/uploads\/2024\/06\/Parne-Gloria-Ribera-c-Guillem-Pacheco-scaled.jpg","type":"image\/jpeg"}],"twitter_card":"summary_large_image","twitter_misc":{"Temps estimat de lectura":"4 minuts"},"schema":{"@context":"https:\/\/schema.org","@graph":[{"@type":"WebPage","@id":"https:\/\/www.barcelonaobertura.com\/ca\/plan\/terrats-in-culture-a-festival-with-class\/","url":"https:\/\/www.barcelonaobertura.com\/ca\/plan\/terrats-in-culture-a-festival-with-class\/","name":"Terrats en Cultura, un festival d'altura - Barcelona Obertura","isPartOf":{"@id":"https:\/\/www.barcelonaobertura.com\/ca\/#website"},"primaryImageOfPage":{"@id":"https:\/\/www.barcelonaobertura.com\/ca\/plan\/terrats-in-culture-a-festival-with-class\/#primaryimage"},"image":{"@id":"https:\/\/www.barcelonaobertura.com\/ca\/plan\/terrats-in-culture-a-festival-with-class\/#primaryimage"},"thumbnailUrl":"https:\/\/www.barcelonaobertura.com\/wp-content\/uploads\/2024\/06\/Parne-Gloria-Ribera-c-Guillem-Pacheco-scaled.jpg","datePublished":"2024-06-14T08:37:58+00:00","dateModified":"2024-06-14T08:57:22+00:00","description":"Aquest festival, cada cop m\u00e9s popular, es distingeix per la seva proposta \u00fanica, on la sorpresa \u00e9s la principal protagonista.","breadcrumb":{"@id":"https:\/\/www.barcelonaobertura.com\/ca\/plan\/terrats-in-culture-a-festival-with-class\/#breadcrumb"},"inLanguage":"ca","potentialAction":[{"@type":"ReadAction","target":["https:\/\/www.barcelonaobertura.com\/ca\/plan\/terrats-in-culture-a-festival-with-class\/"]}]},{"@type":"ImageObject","inLanguage":"ca","@id":"https:\/\/www.barcelonaobertura.com\/ca\/plan\/terrats-in-culture-a-festival-with-class\/#primaryimage","url":"https:\/\/www.barcelonaobertura.com\/wp-content\/uploads\/2024\/06\/Parne-Gloria-Ribera-c-Guillem-Pacheco-scaled.jpg","contentUrl":"https:\/\/www.barcelonaobertura.com\/wp-content\/uploads\/2024\/06\/Parne-Gloria-Ribera-c-Guillem-Pacheco-scaled.jpg","width":2560,"height":1707},{"@type":"BreadcrumbList","@id":"https:\/\/www.barcelonaobertura.com\/ca\/plan\/terrats-in-culture-a-festival-with-class\/#breadcrumb","itemListElement":[{"@type":"ListItem","position":1,"name":"Home","item":"https:\/\/www.barcelonaobertura.com\/ca\/"},{"@type":"ListItem","position":2,"name":"Planes","item":"https:\/\/www.barcelonaobertura.com\/ca\/plan\/"},{"@type":"ListItem","position":3,"name":"Terrats en Cultura, un festival d&#8217;altura"}]},{"@type":"WebSite","@id":"https:\/\/www.barcelonaobertura.com\/ca\/#website","url":"https:\/\/www.barcelonaobertura.com\/ca\/","name":"Barcelona Obertura","description":"Come for the music, Stay for the rest","potentialAction":[{"@type":"SearchAction","target":{"@type":"EntryPoint","urlTemplate":"https:\/\/www.barcelonaobertura.com\/ca\/?s={search_term_string}"},"query-input":{"@type":"PropertyValueSpecification","valueRequired":true,"valueName":"search_term_string"}}],"inLanguage":"ca"}]}},"_links":{"self":[{"href":"https:\/\/www.barcelonaobertura.com\/ca\/wp-json\/wp\/v2\/plan\/63145","targetHints":{"allow":["GET"]}}],"collection":[{"href":"https:\/\/www.barcelonaobertura.com\/ca\/wp-json\/wp\/v2\/plan"}],"about":[{"href":"https:\/\/www.barcelonaobertura.com\/ca\/wp-json\/wp\/v2\/types\/plan"}],"wp:featuredmedia":[{"embeddable":true,"href":"https:\/\/www.barcelonaobertura.com\/ca\/wp-json\/wp\/v2\/media\/63140"}],"wp:attachment":[{"href":"https:\/\/www.barcelonaobertura.com\/ca\/wp-json\/wp\/v2\/media?parent=63145"}],"wp:term":[{"taxonomy":"plan-season","embeddable":true,"href":"https:\/\/www.barcelonaobertura.com\/ca\/wp-json\/wp\/v2\/plan-season?post=63145"}],"curies":[{"name":"wp","href":"https:\/\/api.w.org\/{rel}","templated":true}]}}