{"id":2043,"date":"2022-08-02T11:30:30","date_gmt":"2022-08-02T11:30:30","guid":{"rendered":"http:\/\/barcelonaobertura.lamagnetica.net\/concert\/isata-kanneh-mason-obc-anja-bihlmaier\/"},"modified":"2022-09-22T07:04:12","modified_gmt":"2022-09-22T07:04:12","slug":"isata-kanneh-mason-obc-anja-bihlmaier","status":"publish","type":"concert","link":"https:\/\/www.barcelonaobertura.com\/es\/concert\/isata-kanneh-mason-obc-anja-bihlmaier\/","title":{"rendered":"Isata Kanneh Mason, OBC &#038; Anja Bihlmaier"},"content":{"rendered":"\n<p>Dmitri Shostak\u00f3vich escribi\u00f3 la D\u00e9cima Sinfon\u00eda despu\u00e9s de superar un entorno hostil. La sinfon\u00eda obtuvo un gran \u00e9xito y dio en unos a\u00f1os de gran reconocimiento nacional e internacional.<\/p>\n\n\n\n<p>Sergu\u00e9i Prok\u00f3fiev estren\u00f3 su Concierto para piano n.\u00ba 3 en Chicago cuando ya hac\u00eda tres a\u00f1os que hab\u00eda abandonado Rusia. En su m\u00fasica para piano descubrimos sus obras m\u00e1s inspiradas, imbuidas siempre de una lectura ir\u00f3nica de la tradici\u00f3n. La agresividad r\u00edtmica, el lirismo irresistible y el virtuosismo del solista en el di\u00e1logo con la orquesta han hecho de este concierto una de las obras m\u00e1s populares de toda su producci\u00f3n.<\/p>\n","protected":false},"featured_media":872,"template":"","class_list":["post-2043","concert","type-concert","status-publish","has-post-thumbnail","hentry","concert-venue-lauditori-barcelona","concert-season-primavera-es","concert-year-barcelona-obertura-spring-festival","play-author-dmitri-shostakovich","play-author-s-prokofiev"],"acf":[],"yoast_head":"<!-- This site is optimized with the Yoast SEO plugin v27.5 - https:\/\/yoast.com\/product\/yoast-seo-wordpress\/ -->\n<title>Isata Kanneh Mason, OBC &amp; Anja Bihlmaier - Barcelona Obertura<\/title>\n<meta name=\"description\" content=\"Prep\u00e1rate para disfrutar de Isata Kanneh Mason, OBC &amp; Anja Bihlmaier . Entra para desubrir el elenco y el repertorio.\" \/>\n<meta name=\"robots\" content=\"index, follow, max-snippet:-1, max-image-preview:large, max-video-preview:-1\" \/>\n<link rel=\"canonical\" href=\"https:\/\/www.barcelonaobertura.com\/es\/concert\/isata-kanneh-mason-obc-anja-bihlmaier\/\" \/>\n<meta property=\"og:locale\" content=\"es_ES\" \/>\n<meta property=\"og:type\" content=\"article\" \/>\n<meta property=\"og:title\" content=\"Isata Kanneh Mason, OBC &amp; Anja Bihlmaier - Barcelona Obertura\" \/>\n<meta property=\"og:description\" content=\"Prep\u00e1rate para disfrutar de Isata Kanneh Mason, OBC &amp; Anja Bihlmaier . Entra para desubrir el elenco y el repertorio.\" \/>\n<meta property=\"og:url\" content=\"https:\/\/www.barcelonaobertura.com\/es\/concert\/isata-kanneh-mason-obc-anja-bihlmaier\/\" \/>\n<meta property=\"og:site_name\" content=\"Barcelona Obertura\" \/>\n<meta property=\"article:modified_time\" content=\"2022-09-22T07:04:12+00:00\" \/>\n<meta property=\"og:image\" content=\"https:\/\/www.barcelonaobertura.com\/wp-content\/uploads\/2022\/07\/32_Anja_Bihlmaier.jpg\" \/>\n\t<meta property=\"og:image:width\" content=\"1280\" \/>\n\t<meta property=\"og:image:height\" content=\"600\" \/>\n\t<meta property=\"og:image:type\" content=\"image\/jpeg\" \/>\n<meta name=\"twitter:card\" content=\"summary_large_image\" \/>\n<meta name=\"twitter:label1\" content=\"Tiempo de lectura\" \/>\n\t<meta name=\"twitter:data1\" content=\"1 minuto\" \/>\n<script type=\"application\/ld+json\" class=\"yoast-schema-graph\">{\"@context\":\"https:\\\/\\\/schema.org\",\"@graph\":[{\"@type\":\"WebPage\",\"@id\":\"https:\\\/\\\/www.barcelonaobertura.com\\\/es\\\/concert\\\/isata-kanneh-mason-obc-anja-bihlmaier\\\/\",\"url\":\"https:\\\/\\\/www.barcelonaobertura.com\\\/es\\\/concert\\\/isata-kanneh-mason-obc-anja-bihlmaier\\\/\",\"name\":\"Isata Kanneh Mason, OBC & Anja Bihlmaier - Barcelona Obertura\",\"isPartOf\":{\"@id\":\"https:\\\/\\\/www.barcelonaobertura.com\\\/es\\\/#website\"},\"primaryImageOfPage\":{\"@id\":\"https:\\\/\\\/www.barcelonaobertura.com\\\/es\\\/concert\\\/isata-kanneh-mason-obc-anja-bihlmaier\\\/#primaryimage\"},\"image\":{\"@id\":\"https:\\\/\\\/www.barcelonaobertura.com\\\/es\\\/concert\\\/isata-kanneh-mason-obc-anja-bihlmaier\\\/#primaryimage\"},\"thumbnailUrl\":\"https:\\\/\\\/www.barcelonaobertura.com\\\/wp-content\\\/uploads\\\/2022\\\/07\\\/32_Anja_Bihlmaier.jpg\",\"datePublished\":\"2022-08-02T11:30:30+00:00\",\"dateModified\":\"2022-09-22T07:04:12+00:00\",\"description\":\"Prep\u00e1rate para disfrutar de Isata Kanneh Mason, OBC & Anja Bihlmaier . Entra para desubrir el elenco y el repertorio.\",\"breadcrumb\":{\"@id\":\"https:\\\/\\\/www.barcelonaobertura.com\\\/es\\\/concert\\\/isata-kanneh-mason-obc-anja-bihlmaier\\\/#breadcrumb\"},\"inLanguage\":\"es\",\"potentialAction\":[{\"@type\":\"ReadAction\",\"target\":[\"https:\\\/\\\/www.barcelonaobertura.com\\\/es\\\/concert\\\/isata-kanneh-mason-obc-anja-bihlmaier\\\/\"]}]},{\"@type\":\"ImageObject\",\"inLanguage\":\"es\",\"@id\":\"https:\\\/\\\/www.barcelonaobertura.com\\\/es\\\/concert\\\/isata-kanneh-mason-obc-anja-bihlmaier\\\/#primaryimage\",\"url\":\"https:\\\/\\\/www.barcelonaobertura.com\\\/wp-content\\\/uploads\\\/2022\\\/07\\\/32_Anja_Bihlmaier.jpg\",\"contentUrl\":\"https:\\\/\\\/www.barcelonaobertura.com\\\/wp-content\\\/uploads\\\/2022\\\/07\\\/32_Anja_Bihlmaier.jpg\",\"width\":1280,\"height\":600},{\"@type\":\"BreadcrumbList\",\"@id\":\"https:\\\/\\\/www.barcelonaobertura.com\\\/es\\\/concert\\\/isata-kanneh-mason-obc-anja-bihlmaier\\\/#breadcrumb\",\"itemListElement\":[{\"@type\":\"ListItem\",\"position\":1,\"name\":\"Home\",\"item\":\"https:\\\/\\\/www.barcelonaobertura.com\\\/es\\\/\"},{\"@type\":\"ListItem\",\"position\":2,\"name\":\"Conciertos\",\"item\":\"https:\\\/\\\/www.barcelonaobertura.com\\\/es\\\/concert\\\/\"},{\"@type\":\"ListItem\",\"position\":3,\"name\":\"Isata Kanneh Mason, OBC &#038; Anja Bihlmaier\"}]},{\"@type\":\"WebSite\",\"@id\":\"https:\\\/\\\/www.barcelonaobertura.com\\\/es\\\/#website\",\"url\":\"https:\\\/\\\/www.barcelonaobertura.com\\\/es\\\/\",\"name\":\"Barcelona Obertura\",\"description\":\"Come for the music, Stay for the rest\",\"potentialAction\":[{\"@type\":\"SearchAction\",\"target\":{\"@type\":\"EntryPoint\",\"urlTemplate\":\"https:\\\/\\\/www.barcelonaobertura.com\\\/es\\\/?s={search_term_string}\"},\"query-input\":{\"@type\":\"PropertyValueSpecification\",\"valueRequired\":true,\"valueName\":\"search_term_string\"}}],\"inLanguage\":\"es\"}]}<\/script>\n<!-- \/ Yoast SEO plugin. -->","yoast_head_json":{"title":"Isata Kanneh Mason, OBC & Anja Bihlmaier - Barcelona Obertura","description":"Prep\u00e1rate para disfrutar de Isata Kanneh Mason, OBC & Anja Bihlmaier . Entra para desubrir el elenco y el repertorio.","robots":{"index":"index","follow":"follow","max-snippet":"max-snippet:-1","max-image-preview":"max-image-preview:large","max-video-preview":"max-video-preview:-1"},"canonical":"https:\/\/www.barcelonaobertura.com\/es\/concert\/isata-kanneh-mason-obc-anja-bihlmaier\/","og_locale":"es_ES","og_type":"article","og_title":"Isata Kanneh Mason, OBC & Anja Bihlmaier - Barcelona Obertura","og_description":"Prep\u00e1rate para disfrutar de Isata Kanneh Mason, OBC & Anja Bihlmaier . Entra para desubrir el elenco y el repertorio.","og_url":"https:\/\/www.barcelonaobertura.com\/es\/concert\/isata-kanneh-mason-obc-anja-bihlmaier\/","og_site_name":"Barcelona Obertura","article_modified_time":"2022-09-22T07:04:12+00:00","og_image":[{"width":1280,"height":600,"url":"https:\/\/www.barcelonaobertura.com\/wp-content\/uploads\/2022\/07\/32_Anja_Bihlmaier.jpg","type":"image\/jpeg"}],"twitter_card":"summary_large_image","twitter_misc":{"Tiempo de lectura":"1 minuto"},"schema":{"@context":"https:\/\/schema.org","@graph":[{"@type":"WebPage","@id":"https:\/\/www.barcelonaobertura.com\/es\/concert\/isata-kanneh-mason-obc-anja-bihlmaier\/","url":"https:\/\/www.barcelonaobertura.com\/es\/concert\/isata-kanneh-mason-obc-anja-bihlmaier\/","name":"Isata Kanneh Mason, OBC & Anja Bihlmaier - Barcelona Obertura","isPartOf":{"@id":"https:\/\/www.barcelonaobertura.com\/es\/#website"},"primaryImageOfPage":{"@id":"https:\/\/www.barcelonaobertura.com\/es\/concert\/isata-kanneh-mason-obc-anja-bihlmaier\/#primaryimage"},"image":{"@id":"https:\/\/www.barcelonaobertura.com\/es\/concert\/isata-kanneh-mason-obc-anja-bihlmaier\/#primaryimage"},"thumbnailUrl":"https:\/\/www.barcelonaobertura.com\/wp-content\/uploads\/2022\/07\/32_Anja_Bihlmaier.jpg","datePublished":"2022-08-02T11:30:30+00:00","dateModified":"2022-09-22T07:04:12+00:00","description":"Prep\u00e1rate para disfrutar de Isata Kanneh Mason, OBC & Anja Bihlmaier . Entra para desubrir el elenco y el repertorio.","breadcrumb":{"@id":"https:\/\/www.barcelonaobertura.com\/es\/concert\/isata-kanneh-mason-obc-anja-bihlmaier\/#breadcrumb"},"inLanguage":"es","potentialAction":[{"@type":"ReadAction","target":["https:\/\/www.barcelonaobertura.com\/es\/concert\/isata-kanneh-mason-obc-anja-bihlmaier\/"]}]},{"@type":"ImageObject","inLanguage":"es","@id":"https:\/\/www.barcelonaobertura.com\/es\/concert\/isata-kanneh-mason-obc-anja-bihlmaier\/#primaryimage","url":"https:\/\/www.barcelonaobertura.com\/wp-content\/uploads\/2022\/07\/32_Anja_Bihlmaier.jpg","contentUrl":"https:\/\/www.barcelonaobertura.com\/wp-content\/uploads\/2022\/07\/32_Anja_Bihlmaier.jpg","width":1280,"height":600},{"@type":"BreadcrumbList","@id":"https:\/\/www.barcelonaobertura.com\/es\/concert\/isata-kanneh-mason-obc-anja-bihlmaier\/#breadcrumb","itemListElement":[{"@type":"ListItem","position":1,"name":"Home","item":"https:\/\/www.barcelonaobertura.com\/es\/"},{"@type":"ListItem","position":2,"name":"Conciertos","item":"https:\/\/www.barcelonaobertura.com\/es\/concert\/"},{"@type":"ListItem","position":3,"name":"Isata Kanneh Mason, OBC &#038; Anja Bihlmaier"}]},{"@type":"WebSite","@id":"https:\/\/www.barcelonaobertura.com\/es\/#website","url":"https:\/\/www.barcelonaobertura.com\/es\/","name":"Barcelona Obertura","description":"Come for the music, Stay for the rest","potentialAction":[{"@type":"SearchAction","target":{"@type":"EntryPoint","urlTemplate":"https:\/\/www.barcelonaobertura.com\/es\/?s={search_term_string}"},"query-input":{"@type":"PropertyValueSpecification","valueRequired":true,"valueName":"search_term_string"}}],"inLanguage":"es"}]}},"_links":{"self":[{"href":"https:\/\/www.barcelonaobertura.com\/es\/wp-json\/wp\/v2\/concert\/2043","targetHints":{"allow":["GET"]}}],"collection":[{"href":"https:\/\/www.barcelonaobertura.com\/es\/wp-json\/wp\/v2\/concert"}],"about":[{"href":"https:\/\/www.barcelonaobertura.com\/es\/wp-json\/wp\/v2\/types\/concert"}],"wp:featuredmedia":[{"embeddable":true,"href":"https:\/\/www.barcelonaobertura.com\/es\/wp-json\/wp\/v2\/media\/872"}],"wp:attachment":[{"href":"https:\/\/www.barcelonaobertura.com\/es\/wp-json\/wp\/v2\/media?parent=2043"}],"curies":[{"name":"wp","href":"https:\/\/api.w.org\/{rel}","templated":true}]}}