{"id":2199,"date":"2022-07-13T13:09:54","date_gmt":"2022-07-13T13:09:54","guid":{"rendered":"http:\/\/barcelonaobertura.lamagnetica.net\/stars-of-the-season\/"},"modified":"2023-08-03T08:50:29","modified_gmt":"2023-08-03T08:50:29","slug":"estrellas-de-la-temporada","status":"publish","type":"page","link":"https:\/\/www.barcelonaobertura.com\/es\/estrellas-de-la-temporada\/","title":{"rendered":"Estrellas de la temporada"},"content":{"rendered":"\n<div class=\"wp-block-cover is-light content-header\"><span aria-hidden=\"true\" class=\"wp-block-cover__background has-background-dim-0 has-background-dim\"><\/span><img loading=\"lazy\" decoding=\"async\" width=\"2560\" height=\"499\" class=\"wp-block-cover__image-background wp-image-3711\" alt=\"\" src=\"https:\/\/www.barcelonaobertura.com\/wp-content\/uploads\/2022\/09\/Press-OB-1-scaled.jpg\" data-object-fit=\"cover\" srcset=\"https:\/\/www.barcelonaobertura.com\/wp-content\/uploads\/2022\/09\/Press-OB-1-scaled.jpg 2560w, https:\/\/www.barcelonaobertura.com\/wp-content\/uploads\/2022\/09\/Press-OB-1-300x58.jpg 300w, https:\/\/www.barcelonaobertura.com\/wp-content\/uploads\/2022\/09\/Press-OB-1-1024x199.jpg 1024w, https:\/\/www.barcelonaobertura.com\/wp-content\/uploads\/2022\/09\/Press-OB-1-768x150.jpg 768w, https:\/\/www.barcelonaobertura.com\/wp-content\/uploads\/2022\/09\/Press-OB-1-1536x299.jpg 1536w, https:\/\/www.barcelonaobertura.com\/wp-content\/uploads\/2022\/09\/Press-OB-1-2048x399.jpg 2048w\" sizes=\"auto, (max-width: 2560px) 100vw, 2560px\" \/><div class=\"wp-block-cover__inner-container is-layout-flow wp-block-cover-is-layout-flow\">\n<h1 class=\"wp-block-heading has-text-align-center wrapper\"><strong>Estrellas de la temporada<\/strong><\/h1>\n<\/div><\/div>\n\n\n<div id=\"container-block_39520c2f55fa2b99ce55bf01220dc15e\" class=\"grid-05 grid big-wrapper\">\n    \n\n<div class=\"wp-block-cover is-light\"><img loading=\"lazy\" decoding=\"async\" width=\"400\" height=\"400\" class=\"wp-block-cover__image-background wp-image-54969 size-full\" alt=\"\" src=\"https:\/\/www.barcelonaobertura.com\/wp-content\/uploads\/2023\/08\/Lise-Davidsen_4_credit-James-Hole-copy.webp\" data-object-fit=\"cover\" srcset=\"https:\/\/www.barcelonaobertura.com\/wp-content\/uploads\/2023\/08\/Lise-Davidsen_4_credit-James-Hole-copy.webp 400w, https:\/\/www.barcelonaobertura.com\/wp-content\/uploads\/2023\/08\/Lise-Davidsen_4_credit-James-Hole-copy-300x300.webp 300w, https:\/\/www.barcelonaobertura.com\/wp-content\/uploads\/2023\/08\/Lise-Davidsen_4_credit-James-Hole-copy-150x150.webp 150w\" sizes=\"auto, (max-width: 400px) 100vw, 400px\" \/><span aria-hidden=\"true\" class=\"wp-block-cover__background has-background-dim-0 has-background-dim\" style=\"background-color:#a4a4a4\"><\/span><div class=\"wp-block-cover__inner-container is-layout-flow wp-block-cover-is-layout-flow\">\n<p class=\"has-text-align-center has-white-color has-text-color\">Lise Davidsen<\/p>\n<\/div><\/div>\n\n\n\n<div class=\"wp-block-cover\"><img loading=\"lazy\" decoding=\"async\" width=\"400\" height=\"400\" class=\"wp-block-cover__image-background wp-image-1680 size-full\" alt=\"Jordi-Savall\" src=\"https:\/\/www.barcelonaobertura.com\/wp-content\/uploads\/2022\/08\/jordi-savall-1.jpg\" style=\"object-position:45% 88%\" data-object-fit=\"cover\" data-object-position=\"45% 88%\" srcset=\"https:\/\/www.barcelonaobertura.com\/wp-content\/uploads\/2022\/08\/jordi-savall-1.jpg 400w, https:\/\/www.barcelonaobertura.com\/wp-content\/uploads\/2022\/08\/jordi-savall-1-300x300.jpg 300w, https:\/\/www.barcelonaobertura.com\/wp-content\/uploads\/2022\/08\/jordi-savall-1-150x150.jpg 150w\" sizes=\"auto, (max-width: 400px) 100vw, 400px\" \/><span aria-hidden=\"true\" class=\"wp-block-cover__background has-background-dim-0 has-background-dim\" style=\"background-color:#494949\"><\/span><div class=\"wp-block-cover__inner-container is-layout-flow wp-block-cover-is-layout-flow\">\n<p class=\"has-text-align-center has-white-color has-text-color\">Jordi Savall<\/p>\n<\/div><\/div>\n\n\n\n<div class=\"wp-block-cover\"><img loading=\"lazy\" decoding=\"async\" width=\"1024\" height=\"512\" class=\"wp-block-cover__image-background wp-image-170779 size-large\" alt=\"\" src=\"https:\/\/www.barcelonaobertura.com\/wp-content\/uploads\/2023\/08\/Anduaga-1024x512.png\" style=\"object-position:47% 48%\" data-object-fit=\"cover\" data-object-position=\"47% 48%\" srcset=\"https:\/\/www.barcelonaobertura.com\/wp-content\/uploads\/2023\/08\/Anduaga-1024x512.png 1024w, https:\/\/www.barcelonaobertura.com\/wp-content\/uploads\/2023\/08\/Anduaga-300x150.png 300w, https:\/\/www.barcelonaobertura.com\/wp-content\/uploads\/2023\/08\/Anduaga-768x384.png 768w, https:\/\/www.barcelonaobertura.com\/wp-content\/uploads\/2023\/08\/Anduaga.png 1030w\" sizes=\"auto, (max-width: 1024px) 100vw, 1024px\" \/><span aria-hidden=\"true\" class=\"wp-block-cover__background has-background-dim-0 has-background-dim\" style=\"background-color:#666666\"><\/span><div class=\"wp-block-cover__inner-container is-layout-flow wp-block-cover-is-layout-flow\">\n<p class=\"has-text-align-center has-white-color has-text-color\">Xabier Anduaga<\/p>\n<\/div><\/div>\n\n\n\n<div class=\"wp-block-cover\"><img loading=\"lazy\" decoding=\"async\" width=\"1919\" height=\"2560\" class=\"wp-block-cover__image-background wp-image-170755 size-full\" alt=\"\" src=\"https:\/\/www.barcelonaobertura.com\/wp-content\/uploads\/2023\/08\/59_Lang-Lang-2020-\u00a9-OLAF-HEINE-Deutsche-Grammophon-2-1-scaled.jpg\" style=\"object-position:91% 61%\" data-object-fit=\"cover\" data-object-position=\"91% 61%\" srcset=\"https:\/\/www.barcelonaobertura.com\/wp-content\/uploads\/2023\/08\/59_Lang-Lang-2020-\u00a9-OLAF-HEINE-Deutsche-Grammophon-2-1-scaled.jpg 1919w, https:\/\/www.barcelonaobertura.com\/wp-content\/uploads\/2023\/08\/59_Lang-Lang-2020-\u00a9-OLAF-HEINE-Deutsche-Grammophon-2-1-225x300.jpg 225w, https:\/\/www.barcelonaobertura.com\/wp-content\/uploads\/2023\/08\/59_Lang-Lang-2020-\u00a9-OLAF-HEINE-Deutsche-Grammophon-2-1-768x1024.jpg 768w, https:\/\/www.barcelonaobertura.com\/wp-content\/uploads\/2023\/08\/59_Lang-Lang-2020-\u00a9-OLAF-HEINE-Deutsche-Grammophon-2-1-1152x1536.jpg 1152w, https:\/\/www.barcelonaobertura.com\/wp-content\/uploads\/2023\/08\/59_Lang-Lang-2020-\u00a9-OLAF-HEINE-Deutsche-Grammophon-2-1-1536x2048.jpg 1536w\" sizes=\"auto, (max-width: 1919px) 100vw, 1919px\" \/><span aria-hidden=\"true\" class=\"wp-block-cover__background has-background-dim-0 has-background-dim\" style=\"background-color:#969696\"><\/span><div class=\"wp-block-cover__inner-container is-layout-flow wp-block-cover-is-layout-flow\">\n<p class=\"has-text-align-center has-white-color has-text-color\">Lang Lang<\/p>\n<\/div><\/div>\n\n\n\n<div class=\"wp-block-cover is-light\"><img loading=\"lazy\" decoding=\"async\" width=\"1024\" height=\"1024\" class=\"wp-block-cover__image-background wp-image-170767 size-full\" alt=\"\" src=\"https:\/\/www.barcelonaobertura.com\/wp-content\/uploads\/2023\/08\/35_Pretty-Yende_credit-Kim-Fox-Photography.jpg\" style=\"object-position:82% 87%\" data-object-fit=\"cover\" data-object-position=\"82% 87%\" srcset=\"https:\/\/www.barcelonaobertura.com\/wp-content\/uploads\/2023\/08\/35_Pretty-Yende_credit-Kim-Fox-Photography.jpg 1024w, https:\/\/www.barcelonaobertura.com\/wp-content\/uploads\/2023\/08\/35_Pretty-Yende_credit-Kim-Fox-Photography-300x300.jpg 300w, https:\/\/www.barcelonaobertura.com\/wp-content\/uploads\/2023\/08\/35_Pretty-Yende_credit-Kim-Fox-Photography-150x150.jpg 150w, https:\/\/www.barcelonaobertura.com\/wp-content\/uploads\/2023\/08\/35_Pretty-Yende_credit-Kim-Fox-Photography-768x768.jpg 768w\" sizes=\"auto, (max-width: 1024px) 100vw, 1024px\" \/><span aria-hidden=\"true\" class=\"wp-block-cover__background has-background-dim-0 has-background-dim\" style=\"background-color:#8d8d8d\"><\/span><div class=\"wp-block-cover__inner-container is-layout-flow wp-block-cover-is-layout-flow\">\n<p class=\"has-text-align-center has-white-color has-text-color\">Pretty Yende<\/p>\n<\/div><\/div>\n\n\n\n<div class=\"wp-block-cover\"><img loading=\"lazy\" decoding=\"async\" width=\"2560\" height=\"1920\" class=\"wp-block-cover__image-background wp-image-129282\" alt=\"\" src=\"https:\/\/www.barcelonaobertura.com\/wp-content\/uploads\/2024\/08\/Stephanie-Childress-c-Kaupo-Kikkas-scaled.jpg\" style=\"object-position:41% 53%\" data-object-fit=\"cover\" data-object-position=\"41% 53%\" srcset=\"https:\/\/www.barcelonaobertura.com\/wp-content\/uploads\/2024\/08\/Stephanie-Childress-c-Kaupo-Kikkas-scaled.jpg 2560w, https:\/\/www.barcelonaobertura.com\/wp-content\/uploads\/2024\/08\/Stephanie-Childress-c-Kaupo-Kikkas-300x225.jpg 300w, https:\/\/www.barcelonaobertura.com\/wp-content\/uploads\/2024\/08\/Stephanie-Childress-c-Kaupo-Kikkas-1024x768.jpg 1024w, https:\/\/www.barcelonaobertura.com\/wp-content\/uploads\/2024\/08\/Stephanie-Childress-c-Kaupo-Kikkas-768x576.jpg 768w, https:\/\/www.barcelonaobertura.com\/wp-content\/uploads\/2024\/08\/Stephanie-Childress-c-Kaupo-Kikkas-1536x1152.jpg 1536w, https:\/\/www.barcelonaobertura.com\/wp-content\/uploads\/2024\/08\/Stephanie-Childress-c-Kaupo-Kikkas-2048x1536.jpg 2048w\" sizes=\"auto, (max-width: 2560px) 100vw, 2560px\" \/><span aria-hidden=\"true\" class=\"wp-block-cover__background has-background-dim-0 has-background-dim\" style=\"background-color:#5a5a5a\"><\/span><div class=\"wp-block-cover__inner-container is-layout-flow wp-block-cover-is-layout-flow\">\n<p class=\"has-text-align-center has-white-color has-text-color\"><strong>Stephanie Childress<\/strong><\/p>\n<\/div><\/div>\n\n\n\n<div class=\"wp-block-cover\"><img loading=\"lazy\" decoding=\"async\" width=\"1024\" height=\"683\" class=\"wp-block-cover__image-background wp-image-170776 size-large\" alt=\"\" src=\"https:\/\/www.barcelonaobertura.com\/wp-content\/uploads\/2023\/08\/48_Jonathan-Cohen-011-Marco-Borggreve-1024x683.jpg\" style=\"object-position:36% 57%\" data-object-fit=\"cover\" data-object-position=\"36% 57%\" srcset=\"https:\/\/www.barcelonaobertura.com\/wp-content\/uploads\/2023\/08\/48_Jonathan-Cohen-011-Marco-Borggreve-1024x683.jpg 1024w, https:\/\/www.barcelonaobertura.com\/wp-content\/uploads\/2023\/08\/48_Jonathan-Cohen-011-Marco-Borggreve-300x200.jpg 300w, https:\/\/www.barcelonaobertura.com\/wp-content\/uploads\/2023\/08\/48_Jonathan-Cohen-011-Marco-Borggreve-768x512.jpg 768w, https:\/\/www.barcelonaobertura.com\/wp-content\/uploads\/2023\/08\/48_Jonathan-Cohen-011-Marco-Borggreve-1536x1025.jpg 1536w, https:\/\/www.barcelonaobertura.com\/wp-content\/uploads\/2023\/08\/48_Jonathan-Cohen-011-Marco-Borggreve-2048x1366.jpg 2048w\" sizes=\"auto, (max-width: 1024px) 100vw, 1024px\" \/><span aria-hidden=\"true\" class=\"wp-block-cover__background has-background-dim-0 has-background-dim\" style=\"background-color:#1f1f1f\"><\/span><div class=\"wp-block-cover__inner-container is-layout-flow wp-block-cover-is-layout-flow\">\n<p class=\"has-text-align-center has-white-color has-text-color\"><strong>Jonathan Cohen<\/strong><\/p>\n<\/div><\/div>\n\n\n\n<div class=\"wp-block-cover is-light\"><img loading=\"lazy\" decoding=\"async\" width=\"800\" height=\"800\" class=\"wp-block-cover__image-background wp-image-170770 size-full\" alt=\"\" src=\"https:\/\/www.barcelonaobertura.com\/wp-content\/uploads\/2025\/09\/Retrat-Asmik-Grigorian-c-Algirdas-Bakas.jpg\" data-object-fit=\"cover\" srcset=\"https:\/\/www.barcelonaobertura.com\/wp-content\/uploads\/2025\/09\/Retrat-Asmik-Grigorian-c-Algirdas-Bakas.jpg 800w, https:\/\/www.barcelonaobertura.com\/wp-content\/uploads\/2025\/09\/Retrat-Asmik-Grigorian-c-Algirdas-Bakas-300x300.jpg 300w, https:\/\/www.barcelonaobertura.com\/wp-content\/uploads\/2025\/09\/Retrat-Asmik-Grigorian-c-Algirdas-Bakas-150x150.jpg 150w, https:\/\/www.barcelonaobertura.com\/wp-content\/uploads\/2025\/09\/Retrat-Asmik-Grigorian-c-Algirdas-Bakas-768x768.jpg 768w\" sizes=\"auto, (max-width: 800px) 100vw, 800px\" \/><span aria-hidden=\"true\" class=\"wp-block-cover__background has-background-dim-0 has-background-dim\" style=\"background-color:#adadad\"><\/span><div class=\"wp-block-cover__inner-container is-layout-flow wp-block-cover-is-layout-flow\">\n<p class=\"has-text-align-center has-white-color has-text-color\">Asmik Grigorian<\/p>\n<\/div><\/div>\n\n\n\n<div class=\"wp-block-cover\"><img loading=\"lazy\" decoding=\"async\" width=\"400\" height=\"400\" class=\"wp-block-cover__image-background wp-image-1677\" alt=\"\" src=\"https:\/\/www.barcelonaobertura.com\/wp-content\/uploads\/2022\/08\/Juanjo-Mena.jpg\" data-object-fit=\"cover\" srcset=\"https:\/\/www.barcelonaobertura.com\/wp-content\/uploads\/2022\/08\/Juanjo-Mena.jpg 400w, https:\/\/www.barcelonaobertura.com\/wp-content\/uploads\/2022\/08\/Juanjo-Mena-300x300.jpg 300w, https:\/\/www.barcelonaobertura.com\/wp-content\/uploads\/2022\/08\/Juanjo-Mena-150x150.jpg 150w\" sizes=\"auto, (max-width: 400px) 100vw, 400px\" \/><span aria-hidden=\"true\" class=\"wp-block-cover__background has-background-dim-0 has-background-dim\" style=\"background-color:#474747\"><\/span><div class=\"wp-block-cover__inner-container is-layout-flow wp-block-cover-is-layout-flow\">\n<p class=\"has-text-align-center has-white-color has-text-color\">Juanjo Mena<\/p>\n<\/div><\/div>\n\n\n\n<div class=\"wp-block-cover is-light\"><img loading=\"lazy\" decoding=\"async\" width=\"682\" height=\"1024\" class=\"wp-block-cover__image-background wp-image-170764 size-large\" alt=\"\" src=\"https:\/\/www.barcelonaobertura.com\/wp-content\/uploads\/2023\/08\/19_Yuja-Wang_08_cKirkEdwards-682x1024.jpg\" style=\"object-position:0% 75%\" data-object-fit=\"cover\" data-object-position=\"0% 75%\" srcset=\"https:\/\/www.barcelonaobertura.com\/wp-content\/uploads\/2023\/08\/19_Yuja-Wang_08_cKirkEdwards-682x1024.jpg 682w, https:\/\/www.barcelonaobertura.com\/wp-content\/uploads\/2023\/08\/19_Yuja-Wang_08_cKirkEdwards-200x300.jpg 200w, https:\/\/www.barcelonaobertura.com\/wp-content\/uploads\/2023\/08\/19_Yuja-Wang_08_cKirkEdwards-768x1152.jpg 768w, https:\/\/www.barcelonaobertura.com\/wp-content\/uploads\/2023\/08\/19_Yuja-Wang_08_cKirkEdwards-1024x1536.jpg 1024w, https:\/\/www.barcelonaobertura.com\/wp-content\/uploads\/2023\/08\/19_Yuja-Wang_08_cKirkEdwards.jpg 1333w\" sizes=\"auto, (max-width: 682px) 100vw, 682px\" \/><span aria-hidden=\"true\" class=\"wp-block-cover__background has-background-dim-0 has-background-dim\" style=\"background-color:#aeaeae\"><\/span><div class=\"wp-block-cover__inner-container is-layout-flow wp-block-cover-is-layout-flow\">\n<p class=\"has-text-align-center has-white-color has-text-color\">Yuja Wang<\/p>\n<\/div><\/div>\n\n\n\n<div class=\"wp-block-cover\"><img loading=\"lazy\" decoding=\"async\" width=\"1024\" height=\"713\" class=\"wp-block-cover__image-background wp-image-170761 size-large\" alt=\"\" src=\"https:\/\/www.barcelonaobertura.com\/wp-content\/uploads\/2023\/08\/31_Lezhneva1_Emil-Matveev-1024x713.jpg\" style=\"object-position:58% 70%\" data-object-fit=\"cover\" data-object-position=\"58% 70%\" srcset=\"https:\/\/www.barcelonaobertura.com\/wp-content\/uploads\/2023\/08\/31_Lezhneva1_Emil-Matveev-1024x713.jpg 1024w, https:\/\/www.barcelonaobertura.com\/wp-content\/uploads\/2023\/08\/31_Lezhneva1_Emil-Matveev-300x209.jpg 300w, https:\/\/www.barcelonaobertura.com\/wp-content\/uploads\/2023\/08\/31_Lezhneva1_Emil-Matveev-768x535.jpg 768w, https:\/\/www.barcelonaobertura.com\/wp-content\/uploads\/2023\/08\/31_Lezhneva1_Emil-Matveev-1536x1070.jpg 1536w, https:\/\/www.barcelonaobertura.com\/wp-content\/uploads\/2023\/08\/31_Lezhneva1_Emil-Matveev-2048x1426.jpg 2048w\" sizes=\"auto, (max-width: 1024px) 100vw, 1024px\" \/><span aria-hidden=\"true\" class=\"wp-block-cover__background has-background-dim-0 has-background-dim\" style=\"background-color:#4c4c4c\"><\/span><div class=\"wp-block-cover__inner-container is-layout-flow wp-block-cover-is-layout-flow\">\n<p class=\"has-text-align-center has-white-color has-text-color\">Julia Lezhneva<\/p>\n<\/div><\/div>\n\n\n\n<div class=\"wp-block-cover\"><img loading=\"lazy\" decoding=\"async\" width=\"1024\" height=\"576\" class=\"wp-block-cover__image-background wp-image-170758 size-large\" alt=\"\" src=\"https:\/\/www.barcelonaobertura.com\/wp-content\/uploads\/2023\/08\/Cuarteto-Casals-2000x1125-1-1024x576.jpg\" style=\"object-position:48% 56%\" data-object-fit=\"cover\" data-object-position=\"48% 56%\" srcset=\"https:\/\/www.barcelonaobertura.com\/wp-content\/uploads\/2023\/08\/Cuarteto-Casals-2000x1125-1-1024x576.jpg 1024w, https:\/\/www.barcelonaobertura.com\/wp-content\/uploads\/2023\/08\/Cuarteto-Casals-2000x1125-1-300x169.jpg 300w, https:\/\/www.barcelonaobertura.com\/wp-content\/uploads\/2023\/08\/Cuarteto-Casals-2000x1125-1-768x432.jpg 768w, https:\/\/www.barcelonaobertura.com\/wp-content\/uploads\/2023\/08\/Cuarteto-Casals-2000x1125-1-1536x864.jpg 1536w, https:\/\/www.barcelonaobertura.com\/wp-content\/uploads\/2023\/08\/Cuarteto-Casals-2000x1125-1.jpg 2000w\" sizes=\"auto, (max-width: 1024px) 100vw, 1024px\" \/><span aria-hidden=\"true\" class=\"wp-block-cover__background has-background-dim-0 has-background-dim\" style=\"background-color:#727272\"><\/span><div class=\"wp-block-cover__inner-container is-layout-flow wp-block-cover-is-layout-flow\">\n<p class=\"has-text-align-center has-white-color has-text-color\">Quartet Casals<\/p>\n<\/div><\/div>\n\n\n\n<div class=\"wp-block-cover is-light\"><img loading=\"lazy\" decoding=\"async\" width=\"1024\" height=\"576\" class=\"wp-block-cover__image-background wp-image-170752 size-large\" alt=\"\" src=\"https:\/\/www.barcelonaobertura.com\/wp-content\/uploads\/2023\/08\/James-Ehnes-c-B-Ealovega-1024x576.jpg\" style=\"object-position:61% 53%\" data-object-fit=\"cover\" data-object-position=\"61% 53%\" srcset=\"https:\/\/www.barcelonaobertura.com\/wp-content\/uploads\/2023\/08\/James-Ehnes-c-B-Ealovega-1024x576.jpg 1024w, https:\/\/www.barcelonaobertura.com\/wp-content\/uploads\/2023\/08\/James-Ehnes-c-B-Ealovega-300x169.jpg 300w, https:\/\/www.barcelonaobertura.com\/wp-content\/uploads\/2023\/08\/James-Ehnes-c-B-Ealovega-768x432.jpg 768w, https:\/\/www.barcelonaobertura.com\/wp-content\/uploads\/2023\/08\/James-Ehnes-c-B-Ealovega-1536x864.jpg 1536w, https:\/\/www.barcelonaobertura.com\/wp-content\/uploads\/2023\/08\/James-Ehnes-c-B-Ealovega.jpg 2000w\" sizes=\"auto, (max-width: 1024px) 100vw, 1024px\" \/><span aria-hidden=\"true\" class=\"wp-block-cover__background has-background-dim-0 has-background-dim\" style=\"background-color:#858585\"><\/span><div class=\"wp-block-cover__inner-container is-layout-flow wp-block-cover-is-layout-flow\">\n<p class=\"has-text-align-center has-white-color has-text-color\">James Ehnes<\/p>\n<\/div><\/div>\n\n\n\n<div class=\"wp-block-cover is-light\"><img loading=\"lazy\" decoding=\"async\" width=\"400\" height=\"400\" class=\"wp-block-cover__image-background wp-image-1700 size-full\" alt=\"\" src=\"https:\/\/www.barcelonaobertura.com\/wp-content\/uploads\/2022\/08\/philippe-herrewegh.jpg\" style=\"object-position:57% 77%\" data-object-fit=\"cover\" data-object-position=\"57% 77%\" srcset=\"https:\/\/www.barcelonaobertura.com\/wp-content\/uploads\/2022\/08\/philippe-herrewegh.jpg 400w, https:\/\/www.barcelonaobertura.com\/wp-content\/uploads\/2022\/08\/philippe-herrewegh-300x300.jpg 300w, https:\/\/www.barcelonaobertura.com\/wp-content\/uploads\/2022\/08\/philippe-herrewegh-150x150.jpg 150w\" sizes=\"auto, (max-width: 400px) 100vw, 400px\" \/><span aria-hidden=\"true\" class=\"wp-block-cover__background has-background-dim-0 has-background-dim\" style=\"background-color:#676767\"><\/span><div class=\"wp-block-cover__inner-container is-layout-flow wp-block-cover-is-layout-flow\">\n<p class=\"has-text-align-center has-white-color has-text-color\">Philippe Herreweghe <\/p>\n<\/div><\/div>\n\n\n\n<div class=\"wp-block-cover\"><img loading=\"lazy\" decoding=\"async\" width=\"400\" height=\"400\" class=\"wp-block-cover__image-background wp-image-1711\" alt=\"\" src=\"https:\/\/www.barcelonaobertura.com\/wp-content\/uploads\/2022\/08\/nikita-chuntomov.jpg\" data-object-fit=\"cover\" srcset=\"https:\/\/www.barcelonaobertura.com\/wp-content\/uploads\/2022\/08\/nikita-chuntomov.jpg 400w, https:\/\/www.barcelonaobertura.com\/wp-content\/uploads\/2022\/08\/nikita-chuntomov-300x300.jpg 300w, https:\/\/www.barcelonaobertura.com\/wp-content\/uploads\/2022\/08\/nikita-chuntomov-150x150.jpg 150w\" sizes=\"auto, (max-width: 400px) 100vw, 400px\" \/><span aria-hidden=\"true\" class=\"wp-block-cover__background has-background-dim-0 has-background-dim\"><\/span><div class=\"wp-block-cover__inner-container is-layout-flow wp-block-cover-is-layout-flow\">\n<p class=\"has-text-align-center has-white-color has-text-color\">Teodor Currentzis<\/p>\n<\/div><\/div>\n\n\n\n<div class=\"wp-block-cover\"><img loading=\"lazy\" decoding=\"async\" width=\"1024\" height=\"718\" class=\"wp-block-cover__image-background wp-image-170749 size-large\" alt=\"\" src=\"https:\/\/www.barcelonaobertura.com\/wp-content\/uploads\/2023\/08\/52_Elisabeth-Leonskaja-1024x718.jpg\" data-object-fit=\"cover\" srcset=\"https:\/\/www.barcelonaobertura.com\/wp-content\/uploads\/2023\/08\/52_Elisabeth-Leonskaja-1024x718.jpg 1024w, https:\/\/www.barcelonaobertura.com\/wp-content\/uploads\/2023\/08\/52_Elisabeth-Leonskaja-300x210.jpg 300w, https:\/\/www.barcelonaobertura.com\/wp-content\/uploads\/2023\/08\/52_Elisabeth-Leonskaja-768x539.jpg 768w, https:\/\/www.barcelonaobertura.com\/wp-content\/uploads\/2023\/08\/52_Elisabeth-Leonskaja-1536x1077.jpg 1536w, https:\/\/www.barcelonaobertura.com\/wp-content\/uploads\/2023\/08\/52_Elisabeth-Leonskaja-2048x1436.jpg 2048w, https:\/\/www.barcelonaobertura.com\/wp-content\/uploads\/2023\/08\/52_Elisabeth-Leonskaja-500x350.jpg 500w\" sizes=\"auto, (max-width: 1024px) 100vw, 1024px\" \/><span aria-hidden=\"true\" class=\"wp-block-cover__background has-background-dim-0 has-background-dim\" style=\"background-color:#6b6b66\"><\/span><div class=\"wp-block-cover__inner-container is-layout-flow wp-block-cover-is-layout-flow\">\n<p class=\"has-text-align-center has-white-color has-text-color\">Elisabeth Leonskaja<\/p>\n<\/div><\/div>\n\n\n\n<div class=\"wp-block-cover\"><img loading=\"lazy\" decoding=\"async\" width=\"1024\" height=\"683\" class=\"wp-block-cover__image-background wp-image-170773 size-large\" alt=\"\" src=\"https:\/\/www.barcelonaobertura.com\/wp-content\/uploads\/2023\/08\/57_Fischer_Ivan_credit_marco_borggreve_14-1024x683.jpg\" style=\"object-position:58% 68%\" data-object-fit=\"cover\" data-object-position=\"58% 68%\" srcset=\"https:\/\/www.barcelonaobertura.com\/wp-content\/uploads\/2023\/08\/57_Fischer_Ivan_credit_marco_borggreve_14-1024x683.jpg 1024w, https:\/\/www.barcelonaobertura.com\/wp-content\/uploads\/2023\/08\/57_Fischer_Ivan_credit_marco_borggreve_14-300x200.jpg 300w, https:\/\/www.barcelonaobertura.com\/wp-content\/uploads\/2023\/08\/57_Fischer_Ivan_credit_marco_borggreve_14-768x512.jpg 768w, https:\/\/www.barcelonaobertura.com\/wp-content\/uploads\/2023\/08\/57_Fischer_Ivan_credit_marco_borggreve_14-1536x1024.jpg 1536w, https:\/\/www.barcelonaobertura.com\/wp-content\/uploads\/2023\/08\/57_Fischer_Ivan_credit_marco_borggreve_14-2048x1365.jpg 2048w\" sizes=\"auto, (max-width: 1024px) 100vw, 1024px\" \/><span aria-hidden=\"true\" class=\"wp-block-cover__background has-background-dim-0 has-background-dim\" style=\"background-color:#313131\"><\/span><div class=\"wp-block-cover__inner-container is-layout-flow wp-block-cover-is-layout-flow\">\n<p class=\"has-text-align-center has-white-color has-text-color\">Ivan Fischer<\/p>\n<\/div><\/div>\n\n\n\n<div class=\"wp-block-cover\"><img loading=\"lazy\" decoding=\"async\" width=\"1024\" height=\"576\" class=\"wp-block-cover__image-background wp-image-170740 size-large\" alt=\"\" src=\"https:\/\/www.barcelonaobertura.com\/wp-content\/uploads\/2023\/08\/Christiane-Karg_credit_Martin_Sigmund-1024x576.jpg\" style=\"object-position:45% 44%\" data-object-fit=\"cover\" data-object-position=\"45% 44%\" srcset=\"https:\/\/www.barcelonaobertura.com\/wp-content\/uploads\/2023\/08\/Christiane-Karg_credit_Martin_Sigmund-1024x576.jpg 1024w, https:\/\/www.barcelonaobertura.com\/wp-content\/uploads\/2023\/08\/Christiane-Karg_credit_Martin_Sigmund-300x169.jpg 300w, https:\/\/www.barcelonaobertura.com\/wp-content\/uploads\/2023\/08\/Christiane-Karg_credit_Martin_Sigmund-768x432.jpg 768w, https:\/\/www.barcelonaobertura.com\/wp-content\/uploads\/2023\/08\/Christiane-Karg_credit_Martin_Sigmund-1536x864.jpg 1536w, https:\/\/www.barcelonaobertura.com\/wp-content\/uploads\/2023\/08\/Christiane-Karg_credit_Martin_Sigmund.jpg 2000w\" sizes=\"auto, (max-width: 1024px) 100vw, 1024px\" \/><span aria-hidden=\"true\" class=\"wp-block-cover__background has-background-dim-0 has-background-dim\" style=\"background-color:#606060\"><\/span><div class=\"wp-block-cover__inner-container is-layout-flow wp-block-cover-is-layout-flow\">\n<p class=\"has-text-align-center has-white-color has-text-color\">Christiane Karg<\/p>\n<\/div><\/div>\n\n\n\n<div class=\"wp-block-cover\"><img loading=\"lazy\" decoding=\"async\" width=\"1024\" height=\"721\" class=\"wp-block-cover__image-background wp-image-170746 size-large\" alt=\"\" src=\"https:\/\/www.barcelonaobertura.com\/wp-content\/uploads\/2023\/08\/58_gardiner-john-eliot_01-liliya-olkhovaya_896273-1024x721.jpg\" data-object-fit=\"cover\" srcset=\"https:\/\/www.barcelonaobertura.com\/wp-content\/uploads\/2023\/08\/58_gardiner-john-eliot_01-liliya-olkhovaya_896273-1024x721.jpg 1024w, https:\/\/www.barcelonaobertura.com\/wp-content\/uploads\/2023\/08\/58_gardiner-john-eliot_01-liliya-olkhovaya_896273-300x211.jpg 300w, https:\/\/www.barcelonaobertura.com\/wp-content\/uploads\/2023\/08\/58_gardiner-john-eliot_01-liliya-olkhovaya_896273-768x541.jpg 768w, https:\/\/www.barcelonaobertura.com\/wp-content\/uploads\/2023\/08\/58_gardiner-john-eliot_01-liliya-olkhovaya_896273-1536x1081.jpg 1536w, https:\/\/www.barcelonaobertura.com\/wp-content\/uploads\/2023\/08\/58_gardiner-john-eliot_01-liliya-olkhovaya_896273-2048x1442.jpg 2048w\" sizes=\"auto, (max-width: 1024px) 100vw, 1024px\" \/><span aria-hidden=\"true\" class=\"wp-block-cover__background has-background-dim-0 has-background-dim\" style=\"background-color:#646464\"><\/span><div class=\"wp-block-cover__inner-container is-layout-flow wp-block-cover-is-layout-flow\">\n<p class=\"has-text-align-center has-white-color has-text-color\">John Eliot Gardiner<\/p>\n<\/div><\/div>\n\n\n\n<div class=\"wp-block-cover\"><img loading=\"lazy\" decoding=\"async\" width=\"400\" height=\"400\" class=\"wp-block-cover__image-background wp-image-55002\" alt=\"\" src=\"https:\/\/www.barcelonaobertura.com\/wp-content\/uploads\/2023\/08\/camarena-javier_1120075-copy-1.webp\" style=\"object-position:31% 50%\" data-object-fit=\"cover\" data-object-position=\"31% 50%\" srcset=\"https:\/\/www.barcelonaobertura.com\/wp-content\/uploads\/2023\/08\/camarena-javier_1120075-copy-1.webp 400w, https:\/\/www.barcelonaobertura.com\/wp-content\/uploads\/2023\/08\/camarena-javier_1120075-copy-1-300x300.webp 300w, https:\/\/www.barcelonaobertura.com\/wp-content\/uploads\/2023\/08\/camarena-javier_1120075-copy-1-150x150.webp 150w\" sizes=\"auto, (max-width: 400px) 100vw, 400px\" \/><span aria-hidden=\"true\" class=\"wp-block-cover__background has-background-dim-0 has-background-dim\"><\/span><div class=\"wp-block-cover__inner-container is-layout-flow wp-block-cover-is-layout-flow\">\n<p class=\"has-text-align-center has-white-color has-text-color\">Javier Camarena<\/p>\n<\/div><\/div>\n\n\n<\/div>","protected":false},"excerpt":{"rendered":"","protected":false},"author":1,"featured_media":0,"parent":0,"menu_order":0,"comment_status":"closed","ping_status":"closed","template":"","meta":{"_acf_changed":false,"footnotes":""},"class_list":["post-2199","page","type-page","status-publish","hentry"],"acf":[],"yoast_head":"<!-- This site is optimized with the Yoast SEO plugin v27.4 - https:\/\/yoast.com\/product\/yoast-seo-wordpress\/ -->\n<title>Estrellas de la Temporada - Barcelona Obertura<\/title>\n<meta name=\"description\" content=\"Echa un vistazo a todas las Estrellas de la temporada encargadas de transmitirte la emoci\u00f3n de la m\u00fasica cl\u00e1sica en impresionantes escenarios.\" \/>\n<meta name=\"robots\" content=\"index, follow, max-snippet:-1, max-image-preview:large, max-video-preview:-1\" \/>\n<link rel=\"canonical\" href=\"https:\/\/www.barcelonaobertura.com\/es\/estrellas-de-la-temporada\/\" \/>\n<meta property=\"og:locale\" content=\"es_ES\" \/>\n<meta property=\"og:type\" content=\"article\" \/>\n<meta property=\"og:title\" content=\"Estrellas de la Temporada - Barcelona Obertura\" \/>\n<meta property=\"og:description\" content=\"Echa un vistazo a todas las Estrellas de la temporada encargadas de transmitirte la emoci\u00f3n de la m\u00fasica cl\u00e1sica en impresionantes escenarios.\" \/>\n<meta property=\"og:url\" content=\"https:\/\/www.barcelonaobertura.com\/es\/estrellas-de-la-temporada\/\" \/>\n<meta property=\"og:site_name\" content=\"Barcelona Obertura\" \/>\n<meta property=\"article:modified_time\" content=\"2023-08-03T08:50:29+00:00\" \/>\n<meta property=\"og:image\" content=\"https:\/\/www.barcelonaobertura.com\/wp-content\/uploads\/2022\/09\/Press-OB-1-scaled.jpg\" \/>\n<meta name=\"twitter:card\" content=\"summary_large_image\" \/>\n<meta name=\"twitter:label1\" content=\"Tiempo de lectura\" \/>\n\t<meta name=\"twitter:data1\" content=\"1 minuto\" \/>\n<script type=\"application\/ld+json\" class=\"yoast-schema-graph\">{\"@context\":\"https:\\\/\\\/schema.org\",\"@graph\":[{\"@type\":\"WebPage\",\"@id\":\"https:\\\/\\\/www.barcelonaobertura.com\\\/es\\\/estrellas-de-la-temporada\\\/\",\"url\":\"https:\\\/\\\/www.barcelonaobertura.com\\\/es\\\/estrellas-de-la-temporada\\\/\",\"name\":\"Estrellas de la Temporada - Barcelona Obertura\",\"isPartOf\":{\"@id\":\"https:\\\/\\\/www.barcelonaobertura.com\\\/es\\\/#website\"},\"primaryImageOfPage\":{\"@id\":\"https:\\\/\\\/www.barcelonaobertura.com\\\/es\\\/estrellas-de-la-temporada\\\/#primaryimage\"},\"image\":{\"@id\":\"https:\\\/\\\/www.barcelonaobertura.com\\\/es\\\/estrellas-de-la-temporada\\\/#primaryimage\"},\"thumbnailUrl\":\"https:\\\/\\\/www.barcelonaobertura.com\\\/wp-content\\\/uploads\\\/2022\\\/09\\\/Press-OB-1-scaled.jpg\",\"datePublished\":\"2022-07-13T13:09:54+00:00\",\"dateModified\":\"2023-08-03T08:50:29+00:00\",\"description\":\"Echa un vistazo a todas las Estrellas de la temporada encargadas de transmitirte la emoci\u00f3n de la m\u00fasica cl\u00e1sica en impresionantes escenarios.\",\"breadcrumb\":{\"@id\":\"https:\\\/\\\/www.barcelonaobertura.com\\\/es\\\/estrellas-de-la-temporada\\\/#breadcrumb\"},\"inLanguage\":\"es\",\"potentialAction\":[{\"@type\":\"ReadAction\",\"target\":[\"https:\\\/\\\/www.barcelonaobertura.com\\\/es\\\/estrellas-de-la-temporada\\\/\"]}]},{\"@type\":\"ImageObject\",\"inLanguage\":\"es\",\"@id\":\"https:\\\/\\\/www.barcelonaobertura.com\\\/es\\\/estrellas-de-la-temporada\\\/#primaryimage\",\"url\":\"https:\\\/\\\/www.barcelonaobertura.com\\\/wp-content\\\/uploads\\\/2022\\\/09\\\/Press-OB-1-scaled.jpg\",\"contentUrl\":\"https:\\\/\\\/www.barcelonaobertura.com\\\/wp-content\\\/uploads\\\/2022\\\/09\\\/Press-OB-1-scaled.jpg\"},{\"@type\":\"BreadcrumbList\",\"@id\":\"https:\\\/\\\/www.barcelonaobertura.com\\\/es\\\/estrellas-de-la-temporada\\\/#breadcrumb\",\"itemListElement\":[{\"@type\":\"ListItem\",\"position\":1,\"name\":\"Home\",\"item\":\"https:\\\/\\\/www.barcelonaobertura.com\\\/es\\\/\"},{\"@type\":\"ListItem\",\"position\":2,\"name\":\"Estrellas de la temporada\"}]},{\"@type\":\"WebSite\",\"@id\":\"https:\\\/\\\/www.barcelonaobertura.com\\\/es\\\/#website\",\"url\":\"https:\\\/\\\/www.barcelonaobertura.com\\\/es\\\/\",\"name\":\"Barcelona Obertura\",\"description\":\"Come for the music, Stay for the rest\",\"potentialAction\":[{\"@type\":\"SearchAction\",\"target\":{\"@type\":\"EntryPoint\",\"urlTemplate\":\"https:\\\/\\\/www.barcelonaobertura.com\\\/es\\\/?s={search_term_string}\"},\"query-input\":{\"@type\":\"PropertyValueSpecification\",\"valueRequired\":true,\"valueName\":\"search_term_string\"}}],\"inLanguage\":\"es\"}]}<\/script>\n<!-- \/ Yoast SEO plugin. -->","yoast_head_json":{"title":"Estrellas de la Temporada - Barcelona Obertura","description":"Echa un vistazo a todas las Estrellas de la temporada encargadas de transmitirte la emoci\u00f3n de la m\u00fasica cl\u00e1sica en impresionantes escenarios.","robots":{"index":"index","follow":"follow","max-snippet":"max-snippet:-1","max-image-preview":"max-image-preview:large","max-video-preview":"max-video-preview:-1"},"canonical":"https:\/\/www.barcelonaobertura.com\/es\/estrellas-de-la-temporada\/","og_locale":"es_ES","og_type":"article","og_title":"Estrellas de la Temporada - Barcelona Obertura","og_description":"Echa un vistazo a todas las Estrellas de la temporada encargadas de transmitirte la emoci\u00f3n de la m\u00fasica cl\u00e1sica en impresionantes escenarios.","og_url":"https:\/\/www.barcelonaobertura.com\/es\/estrellas-de-la-temporada\/","og_site_name":"Barcelona Obertura","article_modified_time":"2023-08-03T08:50:29+00:00","og_image":[{"url":"https:\/\/www.barcelonaobertura.com\/wp-content\/uploads\/2022\/09\/Press-OB-1-scaled.jpg","type":"","width":"","height":""}],"twitter_card":"summary_large_image","twitter_misc":{"Tiempo de lectura":"1 minuto"},"schema":{"@context":"https:\/\/schema.org","@graph":[{"@type":"WebPage","@id":"https:\/\/www.barcelonaobertura.com\/es\/estrellas-de-la-temporada\/","url":"https:\/\/www.barcelonaobertura.com\/es\/estrellas-de-la-temporada\/","name":"Estrellas de la Temporada - Barcelona Obertura","isPartOf":{"@id":"https:\/\/www.barcelonaobertura.com\/es\/#website"},"primaryImageOfPage":{"@id":"https:\/\/www.barcelonaobertura.com\/es\/estrellas-de-la-temporada\/#primaryimage"},"image":{"@id":"https:\/\/www.barcelonaobertura.com\/es\/estrellas-de-la-temporada\/#primaryimage"},"thumbnailUrl":"https:\/\/www.barcelonaobertura.com\/wp-content\/uploads\/2022\/09\/Press-OB-1-scaled.jpg","datePublished":"2022-07-13T13:09:54+00:00","dateModified":"2023-08-03T08:50:29+00:00","description":"Echa un vistazo a todas las Estrellas de la temporada encargadas de transmitirte la emoci\u00f3n de la m\u00fasica cl\u00e1sica en impresionantes escenarios.","breadcrumb":{"@id":"https:\/\/www.barcelonaobertura.com\/es\/estrellas-de-la-temporada\/#breadcrumb"},"inLanguage":"es","potentialAction":[{"@type":"ReadAction","target":["https:\/\/www.barcelonaobertura.com\/es\/estrellas-de-la-temporada\/"]}]},{"@type":"ImageObject","inLanguage":"es","@id":"https:\/\/www.barcelonaobertura.com\/es\/estrellas-de-la-temporada\/#primaryimage","url":"https:\/\/www.barcelonaobertura.com\/wp-content\/uploads\/2022\/09\/Press-OB-1-scaled.jpg","contentUrl":"https:\/\/www.barcelonaobertura.com\/wp-content\/uploads\/2022\/09\/Press-OB-1-scaled.jpg"},{"@type":"BreadcrumbList","@id":"https:\/\/www.barcelonaobertura.com\/es\/estrellas-de-la-temporada\/#breadcrumb","itemListElement":[{"@type":"ListItem","position":1,"name":"Home","item":"https:\/\/www.barcelonaobertura.com\/es\/"},{"@type":"ListItem","position":2,"name":"Estrellas de la temporada"}]},{"@type":"WebSite","@id":"https:\/\/www.barcelonaobertura.com\/es\/#website","url":"https:\/\/www.barcelonaobertura.com\/es\/","name":"Barcelona Obertura","description":"Come for the music, Stay for the rest","potentialAction":[{"@type":"SearchAction","target":{"@type":"EntryPoint","urlTemplate":"https:\/\/www.barcelonaobertura.com\/es\/?s={search_term_string}"},"query-input":{"@type":"PropertyValueSpecification","valueRequired":true,"valueName":"search_term_string"}}],"inLanguage":"es"}]}},"_links":{"self":[{"href":"https:\/\/www.barcelonaobertura.com\/es\/wp-json\/wp\/v2\/pages\/2199","targetHints":{"allow":["GET"]}}],"collection":[{"href":"https:\/\/www.barcelonaobertura.com\/es\/wp-json\/wp\/v2\/pages"}],"about":[{"href":"https:\/\/www.barcelonaobertura.com\/es\/wp-json\/wp\/v2\/types\/page"}],"author":[{"embeddable":true,"href":"https:\/\/www.barcelonaobertura.com\/es\/wp-json\/wp\/v2\/users\/1"}],"replies":[{"embeddable":true,"href":"https:\/\/www.barcelonaobertura.com\/es\/wp-json\/wp\/v2\/comments?post=2199"}],"version-history":[{"count":0,"href":"https:\/\/www.barcelonaobertura.com\/es\/wp-json\/wp\/v2\/pages\/2199\/revisions"}],"wp:attachment":[{"href":"https:\/\/www.barcelonaobertura.com\/es\/wp-json\/wp\/v2\/media?parent=2199"}],"curies":[{"name":"wp","href":"https:\/\/api.w.org\/{rel}","templated":true}]}}