{"id":61365,"date":"2024-03-22T10:16:27","date_gmt":"2024-03-22T10:16:27","guid":{"rendered":"https:\/\/www.barcelonaobertura.com\/plan\/sonar-30-years-of-creative-musical-innovation\/"},"modified":"2024-03-22T10:24:02","modified_gmt":"2024-03-22T10:24:02","slug":"sonar-30-years-of-creative-musical-innovation","status":"publish","type":"plan","link":"https:\/\/www.barcelonaobertura.com\/es\/plan\/sonar-30-years-of-creative-musical-innovation\/","title":{"rendered":"S\u00f3nar: 30 a\u00f1os de innovaci\u00f3n musical y creativa"},"content":{"rendered":"\n<p>El <strong>ic\u00f3nico festival barcelon\u00e9s<\/strong> es un evento \u00fanico que transforma la ciudad cada mes de junio. Con m\u00e1s de<strong> tres d\u00e9cadas de existencia <\/strong>y un centenar de ediciones en todo el mundo, S\u00f3nar ha consolidado su posici\u00f3n como el <strong>epicentro de las m\u00fasicas y las artes de vanguardia<\/strong> desde su inauguraci\u00f3n en 1994. El festival, adem\u00e1s, cuenta con sedes en ciudades como Lisboa e Istanbul.<\/p>\n\n\n\n<p>La 31\u00aa edici\u00f3n se llevar\u00e1 a cabo los d\u00edas 13, 14 y 15 de junio en <strong>Fira Montju\u00efc<\/strong> (S\u00f3nar de D\u00eda y S\u00f3nar+D) y<strong> Fira Gran Via<\/strong> (S\u00f3nar de Noche). Durante esa semana, la ciudad se transformar\u00e1 nuevamente en la capital mundial de <strong>la m\u00fasica, la creatividad y la tecnolog\u00eda<\/strong>. Entre las propuestas encontrar\u00e1s actuaciones musicales, DJ sets, conferencias audiovisuales, foros de debate y masterclasses.<\/p>\n\n\n\n<p><\/p>\n\n\n\n<h2 class=\"wp-block-heading\"><strong><strong>Una mirada hacia el futuro<\/strong><\/strong><\/h2>\n\n\n\n<p>El festival, que lleva impreso en su nombre el significado de ser<strong> un detector de sonidos<\/strong>, no solo refleja el presente musical, sino que amplifica y proyecta<strong> el futuro del panorama art\u00edstico<\/strong>. Barcelona se convierte as\u00ed en el centro de la innovaci\u00f3n en contenidos y formatos, congregando a un p\u00fablico diverso, <strong>artistas de renombre<\/strong> y profesionales de todos los rincones del globo.<\/p>\n\n\n\n<p>Fiel a su esencia, se posiciona como el catalizador que propulsa<strong> las propuestas art\u00edsticas m\u00e1s influyentes del momento<\/strong> a nivel global. Este escenario de creatividad se erige, as\u00ed, como un espacio donde convergen la m\u00fasica, la ciencia, la tecnolog\u00eda y la sociedad, fomentando el descubrimiento de <strong>tendencias y corrientes emergentes<\/strong> en las artes.<\/p>\n\n\n\n<p><\/p>\n\n\n\n<h2 class=\"wp-block-heading\"><strong><strong>Los invitados de esta edici\u00f3n<\/strong><\/strong><\/h2>\n\n\n\n<p>En la nueva edici\u00f3n destacan artistas de renombre que exploran diversos g\u00e9neros dentro de la <strong>m\u00fasica de baile<\/strong>. Entre ellos, <strong>Charlotte de Witte<\/strong>, que fusiona techno y trance; el ic\u00f3nico DJ de m\u00fasica disco y house <strong>Folamour<\/strong>, que presenta su nuevo show audiovisual; o <strong>Ben B\u00f6hmer, Floating Points y Reinier Zonneveld live<\/strong>, que ofrecer\u00e1n una experiencia en vivo \u00fanica.<\/p>\n\n\n\n<p><strong>Jessie Ware<\/strong>, por su parte, da vida a las sensuales vibraciones de su quinto \u00e1lbum, impregnado de soul y disco, mientras que <strong>Kaytranada<\/strong> aporta su ecl\u00e9ctica mezcla de hip hop, funk y R&amp;B. Grandes nombres que podr\u00e1s descubrir en los dos espacios del festival: el <strong>S\u00f3nar de D\u00eda<\/strong>, al aire libre y con un ambiente distendido y mediterr\u00e1neo, y el <strong>S\u00f3nar de Noche<\/strong>, mucho m\u00e1s cercano a la cultura de club europea.<\/p>\n\n\n\n<p><\/p>\n\n\n\n<h2 class=\"wp-block-heading\"><strong><strong>Performances radicales y sonidos nuevos<\/strong><\/strong><\/h2>\n\n\n\n<p>La<strong> provocaci\u00f3n <\/strong>ser\u00e1 un elemento destacado en la pr\u00f3xima edici\u00f3n. <strong>Team Rolfes<\/strong> presentar\u00e1 su pol\u00e9mica \u00f3pera de realidad virtual \u201c321Rule\u201d, mientras que <strong>Blackhaine<\/strong> fusionar\u00e1 <em>drill<\/em>,<em> noise <\/em>y coreograf\u00edas. <strong>VMO a.k.a. Violent Magic Orchestra<\/strong>, por su parte, combinar\u00e1 <em>black-metal <\/em>y<em> gabber<\/em>, mientras que el colectivo <strong>ASIANDOPEBOYS<\/strong> presentar\u00e1 \u201cPHYSIS\u201d, un espect\u00e1culo radical de seis horas de duraci\u00f3n.<\/p>\n\n\n\n<p>S\u00f3nar tambi\u00e9n apuesta por promover<strong> sonidos completamente nuevos<\/strong>. As\u00ed, podr\u00e1s experimentar el pop con influencias funk y flamencas de <strong>Judeline<\/strong>, el synth-pop con tintes rap de <strong>CASISDEAD<\/strong> y la electr\u00f3nica de vanguardia de<strong> Marie Davidson<\/strong>. Movimientos como el downtempo, el neo-soul afro y el afro-rave tambi\u00e9n estar\u00e1n presentes en una programaci\u00f3n, que incluye una amplia variedad de propuestas de estrellas y talentos emergentes.<\/p>\n\n\n\n<p><\/p>\n\n\n\n<figure class=\"wp-block-image size-full\"><img loading=\"lazy\" decoding=\"async\" width=\"900\" height=\"600\" src=\"https:\/\/www.barcelonaobertura.com\/wp-content\/uploads\/2024\/03\/sonard_sonar360_by_alex_augier.jpg\" alt=\"\" class=\"wp-image-61360\" srcset=\"https:\/\/www.barcelonaobertura.com\/wp-content\/uploads\/2024\/03\/sonard_sonar360_by_alex_augier.jpg 900w, https:\/\/www.barcelonaobertura.com\/wp-content\/uploads\/2024\/03\/sonard_sonar360_by_alex_augier-300x200.jpg 300w, https:\/\/www.barcelonaobertura.com\/wp-content\/uploads\/2024\/03\/sonard_sonar360_by_alex_augier-768x512.jpg 768w\" sizes=\"auto, (max-width: 900px) 100vw, 900px\" \/><\/figure>\n\n\n\n<p><\/p>\n\n\n\n<h2 class=\"wp-block-heading\"><strong><strong>S\u00f3nar+D, charlas y masterclasses con los mejores<\/strong><\/strong><\/h2>\n\n\n\n<p>Desde 2013, <strong>S\u00f3nar+D<\/strong> se ha posicionado como el encuentro internacional por excelencia que fusiona arte, ciencia y cultura digital, revelando c\u00f3mo la creatividad no solo moldea el presente, sino que tambi\u00e9n es la fuerza impulsora detr\u00e1s de<strong> futuros inexplorados<\/strong>. Por eso, este evento convoca a destacados artistas, tecn\u00f3logos, creativos, m\u00fasicos, pensadores, cient\u00edficos y emprendedores.<\/p>\n\n\n\n<p>En un programa meticulosamente comisariado, S\u00f3nar+D ofrece <strong>charlas, masterclasses y tech-shows <\/strong>con el objetivo de inspirar y fomentar el networking. Este espacio \u00fanico, abierto y relajado, ha atra\u00eddo a<strong> profesionales y curiosos de m\u00e1s de 100 pa\u00edses<\/strong>, brindando la oportunidad de descubrir trabajos innovadores, adquirir nuevas habilidades y establecer conexiones valiosas y sostenibles.<\/p>\n\n\n\n<p><\/p>\n\n\n\n<h2 class=\"wp-block-heading\"><strong><strong>Con un foco especial en la inteligencia artificial<\/strong><\/strong><\/h2>\n\n\n\n<p>La <strong>relaci\u00f3n entre la naturaleza y la tecnolog\u00eda <\/strong>ser\u00e1 uno de los enfoques principales de las conferencias audiovisuales en S\u00f3nar+D 2024. Podr\u00e1s conocer a <strong>Tom\u00e1s Saraceno<\/strong>, reconocido por sus innovadores trabajos con globos solares y telas de ara\u00f1a. Asimismo, el fundador y director del proyecto CETI (Cetacean Translation Initiative),<strong> David Gruber<\/strong>, compartir\u00e1 sus avances en la traducci\u00f3n del lenguaje de los cachalotes mediante el uso de la inteligencia artificial.<\/p>\n\n\n\n<p>Enriqueciendo a\u00fan m\u00e1s la experiencia, <strong>Nicole L\u2019Huillier y Marta Verde <\/strong>presentar\u00e1n fascinantes masterclasses, brindando una perspectiva l\u00fadica sobre c\u00f3mo emplean la IA en sus respectivas disciplinas. Adem\u00e1s, no te pierdas el hacklab de m\u00fasica &amp; IA, liderado por el destacado tecn\u00f3logo<strong> Peter Kirn<\/strong>, y el <strong>AI &amp; Blockchain Creative Summit<\/strong>, un espacio para el intercambio de ideas sobre los usos creativos de la IA y la Web3.&nbsp;<\/p>\n\n\n\n<p><\/p>\n\n\n\n<h2 class=\"wp-block-heading\"><strong><strong>Explora los Sonidos de S\u00f3nar en las Playlists Oficiales<\/strong><\/strong><\/h2>\n\n\n\n<p>Sum\u00e9rgete en la experiencia auditiva de #sonar2024 con las <strong>playlists oficiales<\/strong>, dise\u00f1adas para introducirte a los diversos paisajes sonoros que definen el festival. Canciones como \u201cPleasure Peak\u201d de <strong>Eliza Rose<\/strong> <strong>y The Martinez Brothers<\/strong>, \u201cSpring\u201d de Dan Shake, o \u201cYou Are In My System\u201d, de <strong>Kerri Chandler, Dennis Quin y Troy Denari <\/strong>forman parte de las elaboradas listas de reproducci\u00f3n que est\u00e1n disponibles en Spotify y Youtube.<\/p>\n\n\n\n<p><strong>SonarMix<\/strong>, por su parte, es una una cautivadora serie de <strong>DJ sets, mixes y podcasts <\/strong>seleccionados por el equipo del festival. Esta serie destaca artistas de ediciones pasadas, actuales y futuras, capturando el esp\u00edritu vanguardista, innovador y arriesgado que define a S\u00f3nar. Un buen ejemplo es el SonarMix 031 de <strong>Kapote y Sam Ruffillo<\/strong>, con el que presentan una impresionante sesi\u00f3n de house y disco. Una muestra m\u00e1s de c\u00f3mo S\u00f3nar contin\u00faa desdibujando<strong> los l\u00edmites tradicionales de un festival<\/strong>.<\/p>\n","protected":false},"excerpt":{"rendered":"<p>El ic\u00f3nico festival barcelon\u00e9s es un evento \u00fanico que transforma la ciudad cada mes de junio. Con m\u00e1s de tres d\u00e9cadas de existencia y un centenar de ediciones en todo el mundo, S\u00f3nar ha consolidado su posici\u00f3n como el epicentro de las m\u00fasicas y las artes de vanguardia desde su inauguraci\u00f3n en 1994. <\/p>\n","protected":false},"featured_media":61359,"template":"","plan-season":[246],"class_list":["post-61365","plan","type-plan","status-publish","has-post-thumbnail","hentry","plan-season-primavera-es"],"acf":[],"yoast_head":"<!-- This site is optimized with the Yoast SEO plugin v27.4 - https:\/\/yoast.com\/product\/yoast-seo-wordpress\/ -->\n<title>S\u00f3nar: 30 a\u00f1os de innovaci\u00f3n musical y creativa - Barcelona Obertura<\/title>\n<meta name=\"description\" content=\"El ic\u00f3nico festival barcelon\u00e9s es un evento \u00fanico que transforma la ciudad cada mes de junio. Con m\u00e1s de tres d\u00e9cadas de existencia, el S\u00f3nar ha consolidado su posici\u00f3n como el epicentro de las m\u00fasicas y las artes de vanguardia.\" \/>\n<meta name=\"robots\" content=\"index, follow, max-snippet:-1, max-image-preview:large, max-video-preview:-1\" \/>\n<link rel=\"canonical\" href=\"https:\/\/www.barcelonaobertura.com\/es\/plan\/sonar-30-years-of-creative-musical-innovation\/\" \/>\n<meta property=\"og:locale\" content=\"es_ES\" \/>\n<meta property=\"og:type\" content=\"article\" \/>\n<meta property=\"og:title\" content=\"S\u00f3nar: 30 a\u00f1os de innovaci\u00f3n musical y creativa - Barcelona Obertura\" \/>\n<meta property=\"og:description\" content=\"El ic\u00f3nico festival barcelon\u00e9s es un evento \u00fanico que transforma la ciudad cada mes de junio. Con m\u00e1s de tres d\u00e9cadas de existencia, el S\u00f3nar ha consolidado su posici\u00f3n como el epicentro de las m\u00fasicas y las artes de vanguardia.\" \/>\n<meta property=\"og:url\" content=\"https:\/\/www.barcelonaobertura.com\/es\/plan\/sonar-30-years-of-creative-musical-innovation\/\" \/>\n<meta property=\"og:site_name\" content=\"Barcelona Obertura\" \/>\n<meta property=\"article:modified_time\" content=\"2024-03-22T10:24:02+00:00\" \/>\n<meta property=\"og:image\" content=\"https:\/\/www.barcelonaobertura.com\/wp-content\/uploads\/2024\/03\/2_sonar-de-noche_nereacoll-scaled.jpg\" \/>\n\t<meta property=\"og:image:width\" content=\"2560\" \/>\n\t<meta property=\"og:image:height\" content=\"1707\" \/>\n\t<meta property=\"og:image:type\" content=\"image\/jpeg\" \/>\n<meta name=\"twitter:card\" content=\"summary_large_image\" \/>\n<meta name=\"twitter:label1\" content=\"Tiempo de lectura\" \/>\n\t<meta name=\"twitter:data1\" content=\"5 minutos\" \/>\n<script type=\"application\/ld+json\" class=\"yoast-schema-graph\">{\"@context\":\"https:\\\/\\\/schema.org\",\"@graph\":[{\"@type\":\"WebPage\",\"@id\":\"https:\\\/\\\/www.barcelonaobertura.com\\\/es\\\/plan\\\/sonar-30-years-of-creative-musical-innovation\\\/\",\"url\":\"https:\\\/\\\/www.barcelonaobertura.com\\\/es\\\/plan\\\/sonar-30-years-of-creative-musical-innovation\\\/\",\"name\":\"S\u00f3nar: 30 a\u00f1os de innovaci\u00f3n musical y creativa - Barcelona Obertura\",\"isPartOf\":{\"@id\":\"https:\\\/\\\/www.barcelonaobertura.com\\\/es\\\/#website\"},\"primaryImageOfPage\":{\"@id\":\"https:\\\/\\\/www.barcelonaobertura.com\\\/es\\\/plan\\\/sonar-30-years-of-creative-musical-innovation\\\/#primaryimage\"},\"image\":{\"@id\":\"https:\\\/\\\/www.barcelonaobertura.com\\\/es\\\/plan\\\/sonar-30-years-of-creative-musical-innovation\\\/#primaryimage\"},\"thumbnailUrl\":\"https:\\\/\\\/www.barcelonaobertura.com\\\/wp-content\\\/uploads\\\/2024\\\/03\\\/2_sonar-de-noche_nereacoll-scaled.jpg\",\"datePublished\":\"2024-03-22T10:16:27+00:00\",\"dateModified\":\"2024-03-22T10:24:02+00:00\",\"description\":\"El ic\u00f3nico festival barcelon\u00e9s es un evento \u00fanico que transforma la ciudad cada mes de junio. Con m\u00e1s de tres d\u00e9cadas de existencia, el S\u00f3nar ha consolidado su posici\u00f3n como el epicentro de las m\u00fasicas y las artes de vanguardia.\",\"breadcrumb\":{\"@id\":\"https:\\\/\\\/www.barcelonaobertura.com\\\/es\\\/plan\\\/sonar-30-years-of-creative-musical-innovation\\\/#breadcrumb\"},\"inLanguage\":\"es\",\"potentialAction\":[{\"@type\":\"ReadAction\",\"target\":[\"https:\\\/\\\/www.barcelonaobertura.com\\\/es\\\/plan\\\/sonar-30-years-of-creative-musical-innovation\\\/\"]}]},{\"@type\":\"ImageObject\",\"inLanguage\":\"es\",\"@id\":\"https:\\\/\\\/www.barcelonaobertura.com\\\/es\\\/plan\\\/sonar-30-years-of-creative-musical-innovation\\\/#primaryimage\",\"url\":\"https:\\\/\\\/www.barcelonaobertura.com\\\/wp-content\\\/uploads\\\/2024\\\/03\\\/2_sonar-de-noche_nereacoll-scaled.jpg\",\"contentUrl\":\"https:\\\/\\\/www.barcelonaobertura.com\\\/wp-content\\\/uploads\\\/2024\\\/03\\\/2_sonar-de-noche_nereacoll-scaled.jpg\",\"width\":2560,\"height\":1707},{\"@type\":\"BreadcrumbList\",\"@id\":\"https:\\\/\\\/www.barcelonaobertura.com\\\/es\\\/plan\\\/sonar-30-years-of-creative-musical-innovation\\\/#breadcrumb\",\"itemListElement\":[{\"@type\":\"ListItem\",\"position\":1,\"name\":\"Home\",\"item\":\"https:\\\/\\\/www.barcelonaobertura.com\\\/es\\\/\"},{\"@type\":\"ListItem\",\"position\":2,\"name\":\"Planes\",\"item\":\"https:\\\/\\\/www.barcelonaobertura.com\\\/es\\\/plan\\\/\"},{\"@type\":\"ListItem\",\"position\":3,\"name\":\"S\u00f3nar: 30 a\u00f1os de innovaci\u00f3n musical y creativa\"}]},{\"@type\":\"WebSite\",\"@id\":\"https:\\\/\\\/www.barcelonaobertura.com\\\/es\\\/#website\",\"url\":\"https:\\\/\\\/www.barcelonaobertura.com\\\/es\\\/\",\"name\":\"Barcelona Obertura\",\"description\":\"Come for the music, Stay for the rest\",\"potentialAction\":[{\"@type\":\"SearchAction\",\"target\":{\"@type\":\"EntryPoint\",\"urlTemplate\":\"https:\\\/\\\/www.barcelonaobertura.com\\\/es\\\/?s={search_term_string}\"},\"query-input\":{\"@type\":\"PropertyValueSpecification\",\"valueRequired\":true,\"valueName\":\"search_term_string\"}}],\"inLanguage\":\"es\"}]}<\/script>\n<!-- \/ Yoast SEO plugin. -->","yoast_head_json":{"title":"S\u00f3nar: 30 a\u00f1os de innovaci\u00f3n musical y creativa - Barcelona Obertura","description":"El ic\u00f3nico festival barcelon\u00e9s es un evento \u00fanico que transforma la ciudad cada mes de junio. Con m\u00e1s de tres d\u00e9cadas de existencia, el S\u00f3nar ha consolidado su posici\u00f3n como el epicentro de las m\u00fasicas y las artes de vanguardia.","robots":{"index":"index","follow":"follow","max-snippet":"max-snippet:-1","max-image-preview":"max-image-preview:large","max-video-preview":"max-video-preview:-1"},"canonical":"https:\/\/www.barcelonaobertura.com\/es\/plan\/sonar-30-years-of-creative-musical-innovation\/","og_locale":"es_ES","og_type":"article","og_title":"S\u00f3nar: 30 a\u00f1os de innovaci\u00f3n musical y creativa - Barcelona Obertura","og_description":"El ic\u00f3nico festival barcelon\u00e9s es un evento \u00fanico que transforma la ciudad cada mes de junio. Con m\u00e1s de tres d\u00e9cadas de existencia, el S\u00f3nar ha consolidado su posici\u00f3n como el epicentro de las m\u00fasicas y las artes de vanguardia.","og_url":"https:\/\/www.barcelonaobertura.com\/es\/plan\/sonar-30-years-of-creative-musical-innovation\/","og_site_name":"Barcelona Obertura","article_modified_time":"2024-03-22T10:24:02+00:00","og_image":[{"width":2560,"height":1707,"url":"https:\/\/www.barcelonaobertura.com\/wp-content\/uploads\/2024\/03\/2_sonar-de-noche_nereacoll-scaled.jpg","type":"image\/jpeg"}],"twitter_card":"summary_large_image","twitter_misc":{"Tiempo de lectura":"5 minutos"},"schema":{"@context":"https:\/\/schema.org","@graph":[{"@type":"WebPage","@id":"https:\/\/www.barcelonaobertura.com\/es\/plan\/sonar-30-years-of-creative-musical-innovation\/","url":"https:\/\/www.barcelonaobertura.com\/es\/plan\/sonar-30-years-of-creative-musical-innovation\/","name":"S\u00f3nar: 30 a\u00f1os de innovaci\u00f3n musical y creativa - Barcelona Obertura","isPartOf":{"@id":"https:\/\/www.barcelonaobertura.com\/es\/#website"},"primaryImageOfPage":{"@id":"https:\/\/www.barcelonaobertura.com\/es\/plan\/sonar-30-years-of-creative-musical-innovation\/#primaryimage"},"image":{"@id":"https:\/\/www.barcelonaobertura.com\/es\/plan\/sonar-30-years-of-creative-musical-innovation\/#primaryimage"},"thumbnailUrl":"https:\/\/www.barcelonaobertura.com\/wp-content\/uploads\/2024\/03\/2_sonar-de-noche_nereacoll-scaled.jpg","datePublished":"2024-03-22T10:16:27+00:00","dateModified":"2024-03-22T10:24:02+00:00","description":"El ic\u00f3nico festival barcelon\u00e9s es un evento \u00fanico que transforma la ciudad cada mes de junio. Con m\u00e1s de tres d\u00e9cadas de existencia, el S\u00f3nar ha consolidado su posici\u00f3n como el epicentro de las m\u00fasicas y las artes de vanguardia.","breadcrumb":{"@id":"https:\/\/www.barcelonaobertura.com\/es\/plan\/sonar-30-years-of-creative-musical-innovation\/#breadcrumb"},"inLanguage":"es","potentialAction":[{"@type":"ReadAction","target":["https:\/\/www.barcelonaobertura.com\/es\/plan\/sonar-30-years-of-creative-musical-innovation\/"]}]},{"@type":"ImageObject","inLanguage":"es","@id":"https:\/\/www.barcelonaobertura.com\/es\/plan\/sonar-30-years-of-creative-musical-innovation\/#primaryimage","url":"https:\/\/www.barcelonaobertura.com\/wp-content\/uploads\/2024\/03\/2_sonar-de-noche_nereacoll-scaled.jpg","contentUrl":"https:\/\/www.barcelonaobertura.com\/wp-content\/uploads\/2024\/03\/2_sonar-de-noche_nereacoll-scaled.jpg","width":2560,"height":1707},{"@type":"BreadcrumbList","@id":"https:\/\/www.barcelonaobertura.com\/es\/plan\/sonar-30-years-of-creative-musical-innovation\/#breadcrumb","itemListElement":[{"@type":"ListItem","position":1,"name":"Home","item":"https:\/\/www.barcelonaobertura.com\/es\/"},{"@type":"ListItem","position":2,"name":"Planes","item":"https:\/\/www.barcelonaobertura.com\/es\/plan\/"},{"@type":"ListItem","position":3,"name":"S\u00f3nar: 30 a\u00f1os de innovaci\u00f3n musical y creativa"}]},{"@type":"WebSite","@id":"https:\/\/www.barcelonaobertura.com\/es\/#website","url":"https:\/\/www.barcelonaobertura.com\/es\/","name":"Barcelona Obertura","description":"Come for the music, Stay for the rest","potentialAction":[{"@type":"SearchAction","target":{"@type":"EntryPoint","urlTemplate":"https:\/\/www.barcelonaobertura.com\/es\/?s={search_term_string}"},"query-input":{"@type":"PropertyValueSpecification","valueRequired":true,"valueName":"search_term_string"}}],"inLanguage":"es"}]}},"_links":{"self":[{"href":"https:\/\/www.barcelonaobertura.com\/es\/wp-json\/wp\/v2\/plan\/61365","targetHints":{"allow":["GET"]}}],"collection":[{"href":"https:\/\/www.barcelonaobertura.com\/es\/wp-json\/wp\/v2\/plan"}],"about":[{"href":"https:\/\/www.barcelonaobertura.com\/es\/wp-json\/wp\/v2\/types\/plan"}],"wp:featuredmedia":[{"embeddable":true,"href":"https:\/\/www.barcelonaobertura.com\/es\/wp-json\/wp\/v2\/media\/61359"}],"wp:attachment":[{"href":"https:\/\/www.barcelonaobertura.com\/es\/wp-json\/wp\/v2\/media?parent=61365"}],"wp:term":[{"taxonomy":"plan-season","embeddable":true,"href":"https:\/\/www.barcelonaobertura.com\/es\/wp-json\/wp\/v2\/plan-season?post=61365"}],"curies":[{"name":"wp","href":"https:\/\/api.w.org\/{rel}","templated":true}]}}