{"id":62778,"date":"2024-06-10T14:22:52","date_gmt":"2024-06-10T14:22:52","guid":{"rendered":"https:\/\/www.barcelonaobertura.com\/plan\/talents-jazz-unique-moonlight-concerts-at-la-pedrera\/"},"modified":"2024-06-10T14:25:01","modified_gmt":"2024-06-10T14:25:01","slug":"talents-jazz-unique-moonlight-concerts-at-la-pedrera","status":"publish","type":"plan","link":"https:\/\/www.barcelonaobertura.com\/es\/plan\/talents-jazz-unique-moonlight-concerts-at-la-pedrera\/","title":{"rendered":"Talents Jazz: Conciertos \u00fanicos a la luz de la luna en La Pedrera"},"content":{"rendered":"\n<p>Imagina <strong>disfrutar de un atardecer <\/strong>en uno de los lugares m\u00e1s emblem\u00e1ticos de Barcelona. Bajo un cielo te\u00f1ido de tonos rosados, las notas de un saxof\u00f3n o un piano resuenan, transformando el ic\u00f3nico escenario dise\u00f1ado por <strong>Antoni Gaud\u00ed <\/strong>en una inigualable sala de conciertos de jazz. Este es el encanto de <strong><a href=\"https:\/\/www.lapedrera.com\/es\/agenda-actividades-barcelona\/festival-talents-jazz\">Talents Jazz<\/a><\/strong>, un ciclo de conciertos que te sumerge en el talento emergente de m\u00fasicos provenientes de las mejores escuelas del pa\u00eds.&nbsp;<\/p>\n\n\n\n<p>Este encuentro musical, ya consolidado como un cl\u00e1sico del verano barcelon\u00e9s, se lleva a cabo en colaboraci\u00f3n con el <strong>Conservatori del Liceu, l&#8217;ESMUC y el Taller de M\u00fasics<\/strong>. Estas prestigiosas instituciones se unen para impulsar y respaldar el talento musical en formaci\u00f3n, brindando a los estudiantes la oportunidad de adquirir experiencia en condiciones similares a las del entorno profesional. La nueva edici\u00f3n se celebrar\u00e1 <strong>del 16 de mayo al 26 de julio<\/strong>.<\/p>\n\n\n\n<p>Talents Jazz se distingue as\u00ed por presentar <strong>proyectos de nueva creaci\u00f3n<\/strong> que fusionan el jazz con diversos estilos, desde la m\u00fasica cl\u00e1sica de Johann Sebastian Bach hasta el neosoul y los ritmos electr\u00f3nicos m\u00e1s contempor\u00e1neos. Sum\u00e9rgete en esta experiencia \u00fanica, donde<strong> el arte, la arquitectura y la formaci\u00f3n <\/strong>se entrelazan en un entorno m\u00e1gico, creando recuerdos inolvidables en cada acorde.<\/p>\n\n\n\n<figure class=\"wp-block-image size-full\"><img loading=\"lazy\" decoding=\"async\" width=\"850\" height=\"566\" src=\"https:\/\/www.barcelonaobertura.com\/wp-content\/uploads\/2024\/06\/visita-especial-pedrera-dia-barcelona-1.jpg\" alt=\"\" class=\"wp-image-62759\" srcset=\"https:\/\/www.barcelonaobertura.com\/wp-content\/uploads\/2024\/06\/visita-especial-pedrera-dia-barcelona-1.jpg 850w, https:\/\/www.barcelonaobertura.com\/wp-content\/uploads\/2024\/06\/visita-especial-pedrera-dia-barcelona-1-300x200.jpg 300w, https:\/\/www.barcelonaobertura.com\/wp-content\/uploads\/2024\/06\/visita-especial-pedrera-dia-barcelona-1-768x511.jpg 768w\" sizes=\"auto, (max-width: 850px) 100vw, 850px\" \/><\/figure>\n\n\n\n<h2 class=\"wp-block-heading\"><strong>Conciertos con vistas panor\u00e1micas de Barcelona<\/strong><\/h2>\n\n\n\n<p>La vibrante programaci\u00f3n consta de <strong>una veintena de conciertos<\/strong> que ofrecen el escenario a los talentos j\u00f3venes m\u00e1s prometedores del panorama jazz\u00edstico actual. Cada jueves y viernes a las 20h, la <strong>azotea de La Pedrera &#8211; Casa Mil\u00e0 <\/strong>se llena de la m\u00fasica de estos artistas formados en instituciones culturales de renombre. La combinaci\u00f3n de la m\u00fasica, el entorno al aire libre y las vistas panor\u00e1micas crea una sinergia perfecta.&nbsp;<\/p>\n\n\n\n<p>Y es que las impresionantes <strong>vistas de 360\u00ba de Barcelona<\/strong> crean una experiencia \u00fanica para los amantes de la m\u00fasica y de la arquitectura con historia. Por eso, te recomendamos que llegues un poco antes del concierto, de manera que tengas tiempo para descubrir algunos de los<strong> detalles arquitect\u00f3nicos del edificio<\/strong>, visitar las exposiciones que se incluyen en la entrada y andar a tus anchas por la ondulada terraza gaudiniana antes de que empiece la fiesta.<\/p>\n\n\n\n<p>Hay que tener en cuenta que La Pedrera &#8211; Casa Mil\u00e0 es uno de los primeros edificios de Gaud\u00ed que realiz\u00f3<strong> actividades nocturnas<\/strong> en la azotea. Este edificio patrimonio de la UNESCO, Bien Cultural del Patrimonio Mundial y monumento hist\u00f3rico-art\u00edstico de Inter\u00e9s Nacional, adem\u00e1s, organiza otros eventos interesantes como <strong>La Pedrera Night Experience<\/strong>, en el que se incluye un<em> videomapping<\/em> en la azotea.<\/p>\n\n\n\n<p><\/p>\n\n\n\n<h2 class=\"wp-block-heading\"><strong>Los artistas invitados a Talents Jazz<\/strong><\/h2>\n\n\n\n<p>El ciclo de conciertos cuenta con un <strong>repertorio ecl\u00e9ctico <\/strong>de la mejor m\u00fasica jazz y contempor\u00e1nea de Espa\u00f1a. Sum\u00e9rgete en la creatividad de <strong>int\u00e9rpretes y compositores j\u00f3venes<\/strong>, muchos de los cuales rinden homenaje a leyendas del jazz como <strong>Stan Getz, Tom Jobim o Chris Cheek<\/strong>. Otros prefieren rescatar a int\u00e9rpretes olvidados del siglo XX, especialmente mujeres que, como <strong>Betty Comden y Carolyn Leigh<\/strong>, dejaron su huella en las sonoridades jazz\u00edsticas.&nbsp;<\/p>\n\n\n\n<p>Tambi\u00e9n hay algunos m\u00fasicos que prefieren explorar la fusi\u00f3n de diferentes estilos, como la<strong> electr\u00f3nica, el flamenco, el R&amp;B o el neo soul<\/strong>, entre otros. Otros deciden experimentar con apuntes de rock con modulaciones jazz\u00edsticas, creando atm\u00f3sferas de lo m\u00e1s cinematogr\u00e1ficas. Cada vez m\u00e1s, como curiosidad, los m\u00fasicos participantes apuestan por <strong>sonoridades electr\u00f3nicas<\/strong>, reflejando una creciente tendencia en este g\u00e9nero musical.&nbsp;<\/p>\n\n\n\n<p>Para los artistas m\u00e1s reconocidos, es com\u00fan aprovechar sus conciertos en Talents Jazz para adelantar <strong>temas de sus nuevos discos<\/strong>. En ediciones recientes, nombres como <strong>Isaac Romagosa <\/strong>o <strong>Arnau Torn\u00e9 <\/strong>han presentado en primicia algunos de sus temas, muchas veces antes de su lanzamiento oficial en otros lugares. Asiste a estos conciertos para descubrir exclusivamente <strong>los nuevos sonidos <\/strong>que marcar\u00e1n tendencia en la escena musical contempor\u00e1nea.<\/p>\n\n\n\n<p><\/p>\n\n\n\n<figure class=\"wp-block-image size-large\"><img loading=\"lazy\" decoding=\"async\" width=\"1024\" height=\"746\" src=\"https:\/\/www.barcelonaobertura.com\/wp-content\/uploads\/2024\/06\/La-Pedrera-03-1-1024x746.jpg\" alt=\"\" class=\"wp-image-62756\" srcset=\"https:\/\/www.barcelonaobertura.com\/wp-content\/uploads\/2024\/06\/La-Pedrera-03-1-1024x746.jpg 1024w, https:\/\/www.barcelonaobertura.com\/wp-content\/uploads\/2024\/06\/La-Pedrera-03-1-300x218.jpg 300w, https:\/\/www.barcelonaobertura.com\/wp-content\/uploads\/2024\/06\/La-Pedrera-03-1-768x559.jpg 768w, https:\/\/www.barcelonaobertura.com\/wp-content\/uploads\/2024\/06\/La-Pedrera-03-1-1536x1118.jpg 1536w, https:\/\/www.barcelonaobertura.com\/wp-content\/uploads\/2024\/06\/La-Pedrera-03-1-2048x1491.jpg 2048w\" sizes=\"auto, (max-width: 1024px) 100vw, 1024px\" \/><\/figure>\n\n\n\n<h2 class=\"wp-block-heading\"><strong>Mucho m\u00e1s que m\u00fasica: La visita a La Pedrera<\/strong><\/h2>\n\n\n\n<p>Talents Jazz no solo te sumerge en la magia de la m\u00fasica, sino que tambi\u00e9n te invita a explorar <strong><a href=\"https:\/\/www.lapedrera.com\/es\">La Pedrera &#8211; Casa Mil\u00e0<\/a><\/strong>. Antes de entrar, admira <strong>la fachada del edificio<\/strong>, una obra maestra construida con bloques de piedra caliza del Garraf y la cantera de Vilafranca. Las formas ondulantes evocan el <strong>movimiento del mar<\/strong>, mientras que las barandillas de hierro retorcido se asemejan a las formas de las algas.&nbsp;<\/p>\n\n\n\n<p>Al adentrarte, el<strong> Patio de las Flores<\/strong> te cautivar\u00e1 con sus pinturas murales florales y una espectacular escalera que te lleva al piso principal. En el desv\u00e1n de La Pedrera, conocido como el<strong> \u00c1tico de la Ballena<\/strong>, descubrir\u00e1s la exposici\u00f3n \u2018Gaud\u00ed\u2019, ubicada en el lugar que antes albergaba los lavaderos. Dividida en siete \u00e1mbitos, muestra<strong> las inspiraciones naturales <\/strong>y la genialidad del arquitecto a trav\u00e9s de maquetas, planos, objetos y dise\u00f1os.&nbsp;<\/p>\n\n\n\n<p>Ya en la azotea del edificio, ser\u00e1s recibido por <strong>chimeneas que parecen guardianes guerreros<\/strong>, ofreciendo vistas impresionantes de Barcelona tanto de d\u00eda como de noche, las mismas que disfrutar\u00e1s durante los conciertos. Para hacer la experiencia a\u00fan m\u00e1s completa, al llegar te obsequiar\u00e1n con <strong>una copa de cava<\/strong> para brindar por el inicio del concierto. Un plan perfecto para aprovechar al m\u00e1ximo las noches de verano en la ciudad.&nbsp;<\/p>\n","protected":false},"excerpt":{"rendered":"<p>Bajo un cielo te\u00f1ido de tonos rosados, las notas de un saxof\u00f3n o un piano resuenan, transformando el ic\u00f3nico escenario dise\u00f1ado por Antoni Gaud\u00ed en una inigualable sala de conciertos de jazz. <\/p>\n","protected":false},"featured_media":62761,"template":"","plan-season":[251],"class_list":["post-62778","plan","type-plan","status-publish","has-post-thumbnail","hentry","plan-season-verano"],"acf":[],"yoast_head":"<!-- This site is optimized with the Yoast SEO plugin v27.4 - https:\/\/yoast.com\/product\/yoast-seo-wordpress\/ -->\n<title>Talents Jazz: Conciertos \u00fanicos a la luz de la luna en La Pedrera - Barcelona Obertura<\/title>\n<meta name=\"description\" content=\"Bajo un cielo te\u00f1ido de tonos rosados, las notas de un saxof\u00f3n o un piano resuenan, transformando el ic\u00f3nico escenario dise\u00f1ado por Antoni Gaud\u00ed en una inigualable sala de conciertos de jazz.\" \/>\n<meta name=\"robots\" content=\"index, follow, max-snippet:-1, max-image-preview:large, max-video-preview:-1\" \/>\n<link rel=\"canonical\" href=\"https:\/\/www.barcelonaobertura.com\/es\/plan\/talents-jazz-unique-moonlight-concerts-at-la-pedrera\/\" \/>\n<meta property=\"og:locale\" content=\"es_ES\" \/>\n<meta property=\"og:type\" content=\"article\" \/>\n<meta property=\"og:title\" content=\"Talents Jazz: Conciertos \u00fanicos a la luz de la luna en La Pedrera - Barcelona Obertura\" \/>\n<meta property=\"og:description\" content=\"Bajo un cielo te\u00f1ido de tonos rosados, las notas de un saxof\u00f3n o un piano resuenan, transformando el ic\u00f3nico escenario dise\u00f1ado por Antoni Gaud\u00ed en una inigualable sala de conciertos de jazz.\" \/>\n<meta property=\"og:url\" content=\"https:\/\/www.barcelonaobertura.com\/es\/plan\/talents-jazz-unique-moonlight-concerts-at-la-pedrera\/\" \/>\n<meta property=\"og:site_name\" content=\"Barcelona Obertura\" \/>\n<meta property=\"article:modified_time\" content=\"2024-06-10T14:25:01+00:00\" \/>\n<meta property=\"og:image\" content=\"https:\/\/www.barcelonaobertura.com\/wp-content\/uploads\/2024\/06\/visita-especial-pedrera-dia-barcelona-1.jpg\" \/>\n\t<meta property=\"og:image:width\" content=\"850\" \/>\n\t<meta property=\"og:image:height\" content=\"566\" \/>\n\t<meta property=\"og:image:type\" content=\"image\/jpeg\" \/>\n<meta name=\"twitter:card\" content=\"summary_large_image\" \/>\n<meta name=\"twitter:label1\" content=\"Tiempo de lectura\" \/>\n\t<meta name=\"twitter:data1\" content=\"5 minutos\" \/>\n<script type=\"application\/ld+json\" class=\"yoast-schema-graph\">{\"@context\":\"https:\\\/\\\/schema.org\",\"@graph\":[{\"@type\":\"WebPage\",\"@id\":\"https:\\\/\\\/www.barcelonaobertura.com\\\/es\\\/plan\\\/talents-jazz-unique-moonlight-concerts-at-la-pedrera\\\/\",\"url\":\"https:\\\/\\\/www.barcelonaobertura.com\\\/es\\\/plan\\\/talents-jazz-unique-moonlight-concerts-at-la-pedrera\\\/\",\"name\":\"Talents Jazz: Conciertos \u00fanicos a la luz de la luna en La Pedrera - Barcelona Obertura\",\"isPartOf\":{\"@id\":\"https:\\\/\\\/www.barcelonaobertura.com\\\/es\\\/#website\"},\"primaryImageOfPage\":{\"@id\":\"https:\\\/\\\/www.barcelonaobertura.com\\\/es\\\/plan\\\/talents-jazz-unique-moonlight-concerts-at-la-pedrera\\\/#primaryimage\"},\"image\":{\"@id\":\"https:\\\/\\\/www.barcelonaobertura.com\\\/es\\\/plan\\\/talents-jazz-unique-moonlight-concerts-at-la-pedrera\\\/#primaryimage\"},\"thumbnailUrl\":\"https:\\\/\\\/www.barcelonaobertura.com\\\/wp-content\\\/uploads\\\/2024\\\/06\\\/visita-especial-pedrera-dia-barcelona-1.jpg\",\"datePublished\":\"2024-06-10T14:22:52+00:00\",\"dateModified\":\"2024-06-10T14:25:01+00:00\",\"description\":\"Bajo un cielo te\u00f1ido de tonos rosados, las notas de un saxof\u00f3n o un piano resuenan, transformando el ic\u00f3nico escenario dise\u00f1ado por Antoni Gaud\u00ed en una inigualable sala de conciertos de jazz.\",\"breadcrumb\":{\"@id\":\"https:\\\/\\\/www.barcelonaobertura.com\\\/es\\\/plan\\\/talents-jazz-unique-moonlight-concerts-at-la-pedrera\\\/#breadcrumb\"},\"inLanguage\":\"es\",\"potentialAction\":[{\"@type\":\"ReadAction\",\"target\":[\"https:\\\/\\\/www.barcelonaobertura.com\\\/es\\\/plan\\\/talents-jazz-unique-moonlight-concerts-at-la-pedrera\\\/\"]}]},{\"@type\":\"ImageObject\",\"inLanguage\":\"es\",\"@id\":\"https:\\\/\\\/www.barcelonaobertura.com\\\/es\\\/plan\\\/talents-jazz-unique-moonlight-concerts-at-la-pedrera\\\/#primaryimage\",\"url\":\"https:\\\/\\\/www.barcelonaobertura.com\\\/wp-content\\\/uploads\\\/2024\\\/06\\\/visita-especial-pedrera-dia-barcelona-1.jpg\",\"contentUrl\":\"https:\\\/\\\/www.barcelonaobertura.com\\\/wp-content\\\/uploads\\\/2024\\\/06\\\/visita-especial-pedrera-dia-barcelona-1.jpg\",\"width\":850,\"height\":566},{\"@type\":\"BreadcrumbList\",\"@id\":\"https:\\\/\\\/www.barcelonaobertura.com\\\/es\\\/plan\\\/talents-jazz-unique-moonlight-concerts-at-la-pedrera\\\/#breadcrumb\",\"itemListElement\":[{\"@type\":\"ListItem\",\"position\":1,\"name\":\"Home\",\"item\":\"https:\\\/\\\/www.barcelonaobertura.com\\\/es\\\/\"},{\"@type\":\"ListItem\",\"position\":2,\"name\":\"Planes\",\"item\":\"https:\\\/\\\/www.barcelonaobertura.com\\\/es\\\/plan\\\/\"},{\"@type\":\"ListItem\",\"position\":3,\"name\":\"Talents Jazz: Conciertos \u00fanicos a la luz de la luna en La Pedrera\"}]},{\"@type\":\"WebSite\",\"@id\":\"https:\\\/\\\/www.barcelonaobertura.com\\\/es\\\/#website\",\"url\":\"https:\\\/\\\/www.barcelonaobertura.com\\\/es\\\/\",\"name\":\"Barcelona Obertura\",\"description\":\"Come for the music, Stay for the rest\",\"potentialAction\":[{\"@type\":\"SearchAction\",\"target\":{\"@type\":\"EntryPoint\",\"urlTemplate\":\"https:\\\/\\\/www.barcelonaobertura.com\\\/es\\\/?s={search_term_string}\"},\"query-input\":{\"@type\":\"PropertyValueSpecification\",\"valueRequired\":true,\"valueName\":\"search_term_string\"}}],\"inLanguage\":\"es\"}]}<\/script>\n<!-- \/ Yoast SEO plugin. -->","yoast_head_json":{"title":"Talents Jazz: Conciertos \u00fanicos a la luz de la luna en La Pedrera - Barcelona Obertura","description":"Bajo un cielo te\u00f1ido de tonos rosados, las notas de un saxof\u00f3n o un piano resuenan, transformando el ic\u00f3nico escenario dise\u00f1ado por Antoni Gaud\u00ed en una inigualable sala de conciertos de jazz.","robots":{"index":"index","follow":"follow","max-snippet":"max-snippet:-1","max-image-preview":"max-image-preview:large","max-video-preview":"max-video-preview:-1"},"canonical":"https:\/\/www.barcelonaobertura.com\/es\/plan\/talents-jazz-unique-moonlight-concerts-at-la-pedrera\/","og_locale":"es_ES","og_type":"article","og_title":"Talents Jazz: Conciertos \u00fanicos a la luz de la luna en La Pedrera - Barcelona Obertura","og_description":"Bajo un cielo te\u00f1ido de tonos rosados, las notas de un saxof\u00f3n o un piano resuenan, transformando el ic\u00f3nico escenario dise\u00f1ado por Antoni Gaud\u00ed en una inigualable sala de conciertos de jazz.","og_url":"https:\/\/www.barcelonaobertura.com\/es\/plan\/talents-jazz-unique-moonlight-concerts-at-la-pedrera\/","og_site_name":"Barcelona Obertura","article_modified_time":"2024-06-10T14:25:01+00:00","og_image":[{"width":850,"height":566,"url":"https:\/\/www.barcelonaobertura.com\/wp-content\/uploads\/2024\/06\/visita-especial-pedrera-dia-barcelona-1.jpg","type":"image\/jpeg"}],"twitter_card":"summary_large_image","twitter_misc":{"Tiempo de lectura":"5 minutos"},"schema":{"@context":"https:\/\/schema.org","@graph":[{"@type":"WebPage","@id":"https:\/\/www.barcelonaobertura.com\/es\/plan\/talents-jazz-unique-moonlight-concerts-at-la-pedrera\/","url":"https:\/\/www.barcelonaobertura.com\/es\/plan\/talents-jazz-unique-moonlight-concerts-at-la-pedrera\/","name":"Talents Jazz: Conciertos \u00fanicos a la luz de la luna en La Pedrera - Barcelona Obertura","isPartOf":{"@id":"https:\/\/www.barcelonaobertura.com\/es\/#website"},"primaryImageOfPage":{"@id":"https:\/\/www.barcelonaobertura.com\/es\/plan\/talents-jazz-unique-moonlight-concerts-at-la-pedrera\/#primaryimage"},"image":{"@id":"https:\/\/www.barcelonaobertura.com\/es\/plan\/talents-jazz-unique-moonlight-concerts-at-la-pedrera\/#primaryimage"},"thumbnailUrl":"https:\/\/www.barcelonaobertura.com\/wp-content\/uploads\/2024\/06\/visita-especial-pedrera-dia-barcelona-1.jpg","datePublished":"2024-06-10T14:22:52+00:00","dateModified":"2024-06-10T14:25:01+00:00","description":"Bajo un cielo te\u00f1ido de tonos rosados, las notas de un saxof\u00f3n o un piano resuenan, transformando el ic\u00f3nico escenario dise\u00f1ado por Antoni Gaud\u00ed en una inigualable sala de conciertos de jazz.","breadcrumb":{"@id":"https:\/\/www.barcelonaobertura.com\/es\/plan\/talents-jazz-unique-moonlight-concerts-at-la-pedrera\/#breadcrumb"},"inLanguage":"es","potentialAction":[{"@type":"ReadAction","target":["https:\/\/www.barcelonaobertura.com\/es\/plan\/talents-jazz-unique-moonlight-concerts-at-la-pedrera\/"]}]},{"@type":"ImageObject","inLanguage":"es","@id":"https:\/\/www.barcelonaobertura.com\/es\/plan\/talents-jazz-unique-moonlight-concerts-at-la-pedrera\/#primaryimage","url":"https:\/\/www.barcelonaobertura.com\/wp-content\/uploads\/2024\/06\/visita-especial-pedrera-dia-barcelona-1.jpg","contentUrl":"https:\/\/www.barcelonaobertura.com\/wp-content\/uploads\/2024\/06\/visita-especial-pedrera-dia-barcelona-1.jpg","width":850,"height":566},{"@type":"BreadcrumbList","@id":"https:\/\/www.barcelonaobertura.com\/es\/plan\/talents-jazz-unique-moonlight-concerts-at-la-pedrera\/#breadcrumb","itemListElement":[{"@type":"ListItem","position":1,"name":"Home","item":"https:\/\/www.barcelonaobertura.com\/es\/"},{"@type":"ListItem","position":2,"name":"Planes","item":"https:\/\/www.barcelonaobertura.com\/es\/plan\/"},{"@type":"ListItem","position":3,"name":"Talents Jazz: Conciertos \u00fanicos a la luz de la luna en La Pedrera"}]},{"@type":"WebSite","@id":"https:\/\/www.barcelonaobertura.com\/es\/#website","url":"https:\/\/www.barcelonaobertura.com\/es\/","name":"Barcelona Obertura","description":"Come for the music, Stay for the rest","potentialAction":[{"@type":"SearchAction","target":{"@type":"EntryPoint","urlTemplate":"https:\/\/www.barcelonaobertura.com\/es\/?s={search_term_string}"},"query-input":{"@type":"PropertyValueSpecification","valueRequired":true,"valueName":"search_term_string"}}],"inLanguage":"es"}]}},"_links":{"self":[{"href":"https:\/\/www.barcelonaobertura.com\/es\/wp-json\/wp\/v2\/plan\/62778","targetHints":{"allow":["GET"]}}],"collection":[{"href":"https:\/\/www.barcelonaobertura.com\/es\/wp-json\/wp\/v2\/plan"}],"about":[{"href":"https:\/\/www.barcelonaobertura.com\/es\/wp-json\/wp\/v2\/types\/plan"}],"wp:featuredmedia":[{"embeddable":true,"href":"https:\/\/www.barcelonaobertura.com\/es\/wp-json\/wp\/v2\/media\/62761"}],"wp:attachment":[{"href":"https:\/\/www.barcelonaobertura.com\/es\/wp-json\/wp\/v2\/media?parent=62778"}],"wp:term":[{"taxonomy":"plan-season","embeddable":true,"href":"https:\/\/www.barcelonaobertura.com\/es\/wp-json\/wp\/v2\/plan-season?post=62778"}],"curies":[{"name":"wp","href":"https:\/\/api.w.org\/{rel}","templated":true}]}}