{"id":63146,"date":"2024-06-14T08:37:58","date_gmt":"2024-06-14T08:37:58","guid":{"rendered":"https:\/\/www.barcelonaobertura.com\/plan\/terrats-in-culture-a-festival-with-class\/"},"modified":"2024-06-14T08:58:00","modified_gmt":"2024-06-14T08:58:00","slug":"terrats-in-culture-a-festival-with-class","status":"publish","type":"plan","link":"https:\/\/www.barcelonaobertura.com\/es\/plan\/terrats-in-culture-a-festival-with-class\/","title":{"rendered":"Terrats en Cultura, un festival de altura"},"content":{"rendered":"\n<p>Comprar<strong> una entrada<\/strong> para un concierto o un espect\u00e1culo teatral suele ser un proceso sencillo: seleccionar el evento, registrar la ubicaci\u00f3n y la fecha en la agenda y esperar al d\u00eda se\u00f1alado. Sin embargo, en el intrigante universo de<strong> <a href=\"https:\/\/www.terratsencultura.org\/es\/\">Terrats en Cultura<\/a><\/strong>, la din\u00e1mica cambia por completo. Aunque puedes adquirir tu entrada, hasta dos d\u00edas previos al espect\u00e1culo desconocer\u00e1s el lugar exacto de la funci\u00f3n.<\/p>\n\n\n\n<p>Este festival, cada vez m\u00e1s popular, se distingue por su propuesta \u00fanica, donde<strong> la sorpresa es la principal protagonista<\/strong>. As\u00ed, ofrece una experiencia diferente, cautivando los corazones de cientos de amantes de la m\u00fasica y el buen teatro que buscan <strong>algo m\u00e1s all\u00e1 de lo convencional<\/strong>. Sum\u00e9rgete en esta emocionante traves\u00eda cultural, donde la incertidumbre se convierte en la antesala de la magia.<\/p>\n\n\n\n<p><\/p>\n\n\n\n<h2 class=\"wp-block-heading\"><strong><strong>La asociaci\u00f3n cultural Coincid\u00e8ncies<\/strong><\/strong><\/h2>\n\n\n\n<p>Para entender de d\u00f3nde sale Terrats en Cultura hay que hacer una primera parada en <strong>Coincid\u00e8ncies<\/strong>. Esta asociaci\u00f3n cultural fundada en 2013 tiene como misi\u00f3n crear nuevas experiencias culturales. Para hacerlo, apuestan por el<strong> intercambio directo entre creadores y artistas con los espectadores<\/strong>, convirti\u00e9ndolos en elementos fundamentales de la obra. Con acciones que van desde ver y tocar hasta escuchar y participar, cada una de sus propuestas busca<strong> involucrar a la audiencia<\/strong> de manera activa.<\/p>\n\n\n\n<p>Para la asociaci\u00f3n, la cultura no est\u00e1 limitada a grandes templos como teatros o museos. Defienden, por tanto, que<strong> \u00e9sta pueda florecer en cualquier rinc\u00f3n urbano<\/strong>, haciendo hincapi\u00e9 en que cualquier lugar puede convertirse en el escenario perfecto para iniciativas did\u00e1cticas. As\u00ed, liberan la cultura de los confines cerrados, invitando a todo tipo de p\u00fablico a disfrutar de una experiencia \u00fanica y compartida.<\/p>\n\n\n\n<p><\/p>\n\n\n\n<h2 class=\"wp-block-heading\"><strong><strong>Un proyecto en el que compartir es vivir<\/strong><\/strong><\/h2>\n\n\n\n<p>La filosof\u00eda de compartir se manifiesta de manera excepcional en este festival cargado de<strong> elementos clandestinos<\/strong>, dise\u00f1ado especialmente para los exploradores urbanos \u00e1vidos de descubrir espacios normalmente cerrados al p\u00fablico. El evento se celebra de abril a octubre, con una pausa en agosto, y presenta entre <strong>diez y veinte espect\u00e1culos <\/strong>que se concentran en los meses de junio y julio.<\/p>\n\n\n\n<p>Los escenarios incluyen azoteas particulares en los barrios de Gr\u00e0cia, Sant Andreu o Poblenou, entre otros, y tambi\u00e9n espacios como el Institut Escola Eixample. <strong>L&#8217;Hospitalet de Llobregat<\/strong> tambi\u00e9n se ha unido a la propuesta acogiendo algunas de las propuestas art\u00edsticas, por ejemplo, en la <strong>Biblioteca de Bellvitge<\/strong>. Un indicativo del \u00e9xito de un proyecto que va ganando adeptos con el tiempo.&nbsp;<\/p>\n\n\n\n<p><\/p>\n\n\n\n<figure class=\"wp-block-image size-large\"><img loading=\"lazy\" decoding=\"async\" width=\"1024\" height=\"683\" src=\"https:\/\/www.barcelonaobertura.com\/wp-content\/uploads\/2024\/06\/Sey-Sisters-c-Guillem-Pacheco-1024x683.jpg\" alt=\"\" class=\"wp-image-63142\" srcset=\"https:\/\/www.barcelonaobertura.com\/wp-content\/uploads\/2024\/06\/Sey-Sisters-c-Guillem-Pacheco-1024x683.jpg 1024w, https:\/\/www.barcelonaobertura.com\/wp-content\/uploads\/2024\/06\/Sey-Sisters-c-Guillem-Pacheco-300x200.jpg 300w, https:\/\/www.barcelonaobertura.com\/wp-content\/uploads\/2024\/06\/Sey-Sisters-c-Guillem-Pacheco-768x512.jpg 768w, https:\/\/www.barcelonaobertura.com\/wp-content\/uploads\/2024\/06\/Sey-Sisters-c-Guillem-Pacheco-1536x1024.jpg 1536w, https:\/\/www.barcelonaobertura.com\/wp-content\/uploads\/2024\/06\/Sey-Sisters-c-Guillem-Pacheco-2048x1365.jpg 2048w\" sizes=\"auto, (max-width: 1024px) 100vw, 1024px\" \/><\/figure>\n\n\n\n<p><\/p>\n\n\n\n<h2 class=\"wp-block-heading\"><strong><strong>Una apuesta firme por los g\u00e9neros h\u00edbridos<\/strong><\/strong><\/h2>\n\n\n\n<p>Con un enfoque que combina m\u00fasica, danza, teatro, poes\u00eda y reflexi\u00f3n, el programa incluye <strong>g\u00e9neros bien diversos<\/strong>. La gama abarca desde sonoridades vibrantes como la rumba hasta lecturas dramatizadas, conciertos teatralizados, <strong>espect\u00e1culos de danza<\/strong> e incluso obras de teatro que han sido censuradas. Como curiosidad, en muchos casos se trata de estrenos que muestran los nuevos trabajos de los artistas invitados.<\/p>\n\n\n\n<p>Todas las propuestas se<strong> distinguen por su cercan\u00eda<\/strong> y, sin duda, se enriquecen con la singularidad de los espacios que las albergan. No hay que olvidar que, m\u00e1s all\u00e1 de lo social y cultural, el objetivo del evento es<strong> crear un espacio comunitario<\/strong> que trascienda las convenciones. Como explican sus fundadores, quiz\u00e1s no recuerdes en qu\u00e9 teatro o sala de conciertos has visto una obra en concreto, pero, si has presenciado un espect\u00e1culo en una terraza, no se te olvidar\u00e1 f\u00e1cilmente.<\/p>\n\n\n\n<p><\/p>\n\n\n\n<h2 class=\"wp-block-heading\"><strong><strong>La proximidad m\u00e1s sostenible<\/strong><\/strong><\/h2>\n\n\n\n<p>La filosof\u00eda de sostenibilidad impregna cada aspecto de la propuesta, destac\u00e1ndose a trav\u00e9s de una <strong>pol\u00edtica de \u00abpl\u00e1stico 0\u00bb<\/strong> que abarca la totalidad del festival. Este compromiso ambiental no solo se limita a la reducci\u00f3n de residuos pl\u00e1sticos, sino que tambi\u00e9n se extiende a <strong>pr\u00e1cticas inclusivas<\/strong> destinadas a colectivos menos favorecidos. Es digno de destacar el \u00e9nfasis puesto en la <strong>accesibilidad a las azoteas<\/strong>, evidenciando una preocupaci\u00f3n genuina por garantizar que el evento sea disfrutable para todos.<\/p>\n\n\n\n<p>Adicionalmente, la <strong>apuesta por la proximidad y el valor local <\/strong>se manifiesta de manera palpable en la experiencia gastron\u00f3mica ofrecida. La <strong>degustaci\u00f3n de vinos<\/strong>, cuidadosamente seleccionados para complementar cada evento, se distingue por su arraigo a la <strong>denominaci\u00f3n de origen Catalunya<\/strong>. Este enfoque no solo resalta la calidad de los productos locales, sino que tambi\u00e9n fomenta un fuerte respaldo a los productores regionales.&nbsp;<\/p>\n\n\n\n<p><\/p>\n\n\n\n<h2 class=\"wp-block-heading\"><strong><strong>Un proyecto a escala europea<\/strong><\/strong><\/h2>\n\n\n\n<p>Terrats en Cultura forma parte de la <strong>European Creative Rooftop Network (ECRN)<\/strong>. Esta red busca unificar iniciativas sociales, culturales, urbanas y medioambientales que transforman las azoteas de las ciudades europeas en<strong> epicentros culturales<\/strong>. El proyecto <strong>R-EU-FTOP<\/strong>, por ejemplo, est\u00e1 presente en nueve pa\u00edses europeos, entre ellos Portugal, Suecia, Espa\u00f1a, Chipre, Reino Unido, Pa\u00edses Bajos, Alemania y B\u00e9lgica.&nbsp;<\/p>\n\n\n\n<p>Su enfoque se centra en descubrir c\u00f3mo aprovechar el<strong> 15-35% subutilizado del paisaje urbano<\/strong>, espec\u00edficamente las azoteas. Este movimiento no solo busca revalorizarlas, sino que tambi\u00e9n<strong> impulsa la creatividad, la sostenibilidad y la expresi\u00f3n cultural<\/strong> de las mismas. Emb\u00e1rcate en esta iniciativa que redefine la manera en que vemos y utilizamos las terrazas, contribuyendo a un entorno urbano m\u00e1s vibrante y sostenible.<\/p>\n","protected":false},"excerpt":{"rendered":"<p>Este festival, cada vez m\u00e1s popular, se distingue por su propuesta \u00fanica, donde la sorpresa es la principal protagonista. As\u00ed, ofrece una experiencia diferente, cautivando los corazones de cientos de amantes de la m\u00fasica.<\/p>\n","protected":false},"featured_media":63141,"template":"","plan-season":[251],"class_list":["post-63146","plan","type-plan","status-publish","has-post-thumbnail","hentry","plan-season-verano"],"acf":[],"yoast_head":"<!-- This site is optimized with the Yoast SEO plugin v27.4 - https:\/\/yoast.com\/product\/yoast-seo-wordpress\/ -->\n<title>Terrats en Cultura, un festival de altura - Barcelona Obertura<\/title>\n<meta name=\"description\" content=\"Este festival, cada vez m\u00e1s popular, se distingue por su propuesta \u00fanica, donde la sorpresa es la principal protagonista.\" \/>\n<meta name=\"robots\" content=\"index, follow, max-snippet:-1, max-image-preview:large, max-video-preview:-1\" \/>\n<link rel=\"canonical\" href=\"https:\/\/www.barcelonaobertura.com\/es\/plan\/terrats-in-culture-a-festival-with-class\/\" \/>\n<meta property=\"og:locale\" content=\"es_ES\" \/>\n<meta property=\"og:type\" content=\"article\" \/>\n<meta property=\"og:title\" content=\"Terrats en Cultura, un festival de altura - Barcelona Obertura\" \/>\n<meta property=\"og:description\" content=\"Este festival, cada vez m\u00e1s popular, se distingue por su propuesta \u00fanica, donde la sorpresa es la principal protagonista.\" \/>\n<meta property=\"og:url\" content=\"https:\/\/www.barcelonaobertura.com\/es\/plan\/terrats-in-culture-a-festival-with-class\/\" \/>\n<meta property=\"og:site_name\" content=\"Barcelona Obertura\" \/>\n<meta property=\"article:modified_time\" content=\"2024-06-14T08:58:00+00:00\" \/>\n<meta property=\"og:image\" content=\"https:\/\/www.barcelonaobertura.com\/wp-content\/uploads\/2024\/06\/Parne-Gloria-Ribera-c-Guillem-Pacheco-scaled.jpg\" \/>\n\t<meta property=\"og:image:width\" content=\"2560\" \/>\n\t<meta property=\"og:image:height\" content=\"1707\" \/>\n\t<meta property=\"og:image:type\" content=\"image\/jpeg\" \/>\n<meta name=\"twitter:card\" content=\"summary_large_image\" \/>\n<meta name=\"twitter:label1\" content=\"Tiempo de lectura\" \/>\n\t<meta name=\"twitter:data1\" content=\"4 minutos\" \/>\n<script type=\"application\/ld+json\" class=\"yoast-schema-graph\">{\"@context\":\"https:\\\/\\\/schema.org\",\"@graph\":[{\"@type\":\"WebPage\",\"@id\":\"https:\\\/\\\/www.barcelonaobertura.com\\\/es\\\/plan\\\/terrats-in-culture-a-festival-with-class\\\/\",\"url\":\"https:\\\/\\\/www.barcelonaobertura.com\\\/es\\\/plan\\\/terrats-in-culture-a-festival-with-class\\\/\",\"name\":\"Terrats en Cultura, un festival de altura - Barcelona Obertura\",\"isPartOf\":{\"@id\":\"https:\\\/\\\/www.barcelonaobertura.com\\\/es\\\/#website\"},\"primaryImageOfPage\":{\"@id\":\"https:\\\/\\\/www.barcelonaobertura.com\\\/es\\\/plan\\\/terrats-in-culture-a-festival-with-class\\\/#primaryimage\"},\"image\":{\"@id\":\"https:\\\/\\\/www.barcelonaobertura.com\\\/es\\\/plan\\\/terrats-in-culture-a-festival-with-class\\\/#primaryimage\"},\"thumbnailUrl\":\"https:\\\/\\\/www.barcelonaobertura.com\\\/wp-content\\\/uploads\\\/2024\\\/06\\\/Parne-Gloria-Ribera-c-Guillem-Pacheco-scaled.jpg\",\"datePublished\":\"2024-06-14T08:37:58+00:00\",\"dateModified\":\"2024-06-14T08:58:00+00:00\",\"description\":\"Este festival, cada vez m\u00e1s popular, se distingue por su propuesta \u00fanica, donde la sorpresa es la principal protagonista.\",\"breadcrumb\":{\"@id\":\"https:\\\/\\\/www.barcelonaobertura.com\\\/es\\\/plan\\\/terrats-in-culture-a-festival-with-class\\\/#breadcrumb\"},\"inLanguage\":\"es\",\"potentialAction\":[{\"@type\":\"ReadAction\",\"target\":[\"https:\\\/\\\/www.barcelonaobertura.com\\\/es\\\/plan\\\/terrats-in-culture-a-festival-with-class\\\/\"]}]},{\"@type\":\"ImageObject\",\"inLanguage\":\"es\",\"@id\":\"https:\\\/\\\/www.barcelonaobertura.com\\\/es\\\/plan\\\/terrats-in-culture-a-festival-with-class\\\/#primaryimage\",\"url\":\"https:\\\/\\\/www.barcelonaobertura.com\\\/wp-content\\\/uploads\\\/2024\\\/06\\\/Parne-Gloria-Ribera-c-Guillem-Pacheco-scaled.jpg\",\"contentUrl\":\"https:\\\/\\\/www.barcelonaobertura.com\\\/wp-content\\\/uploads\\\/2024\\\/06\\\/Parne-Gloria-Ribera-c-Guillem-Pacheco-scaled.jpg\",\"width\":2560,\"height\":1707},{\"@type\":\"BreadcrumbList\",\"@id\":\"https:\\\/\\\/www.barcelonaobertura.com\\\/es\\\/plan\\\/terrats-in-culture-a-festival-with-class\\\/#breadcrumb\",\"itemListElement\":[{\"@type\":\"ListItem\",\"position\":1,\"name\":\"Home\",\"item\":\"https:\\\/\\\/www.barcelonaobertura.com\\\/es\\\/\"},{\"@type\":\"ListItem\",\"position\":2,\"name\":\"Planes\",\"item\":\"https:\\\/\\\/www.barcelonaobertura.com\\\/es\\\/plan\\\/\"},{\"@type\":\"ListItem\",\"position\":3,\"name\":\"Terrats en Cultura, un festival de altura\"}]},{\"@type\":\"WebSite\",\"@id\":\"https:\\\/\\\/www.barcelonaobertura.com\\\/es\\\/#website\",\"url\":\"https:\\\/\\\/www.barcelonaobertura.com\\\/es\\\/\",\"name\":\"Barcelona Obertura\",\"description\":\"Come for the music, Stay for the rest\",\"potentialAction\":[{\"@type\":\"SearchAction\",\"target\":{\"@type\":\"EntryPoint\",\"urlTemplate\":\"https:\\\/\\\/www.barcelonaobertura.com\\\/es\\\/?s={search_term_string}\"},\"query-input\":{\"@type\":\"PropertyValueSpecification\",\"valueRequired\":true,\"valueName\":\"search_term_string\"}}],\"inLanguage\":\"es\"}]}<\/script>\n<!-- \/ Yoast SEO plugin. -->","yoast_head_json":{"title":"Terrats en Cultura, un festival de altura - Barcelona Obertura","description":"Este festival, cada vez m\u00e1s popular, se distingue por su propuesta \u00fanica, donde la sorpresa es la principal protagonista.","robots":{"index":"index","follow":"follow","max-snippet":"max-snippet:-1","max-image-preview":"max-image-preview:large","max-video-preview":"max-video-preview:-1"},"canonical":"https:\/\/www.barcelonaobertura.com\/es\/plan\/terrats-in-culture-a-festival-with-class\/","og_locale":"es_ES","og_type":"article","og_title":"Terrats en Cultura, un festival de altura - Barcelona Obertura","og_description":"Este festival, cada vez m\u00e1s popular, se distingue por su propuesta \u00fanica, donde la sorpresa es la principal protagonista.","og_url":"https:\/\/www.barcelonaobertura.com\/es\/plan\/terrats-in-culture-a-festival-with-class\/","og_site_name":"Barcelona Obertura","article_modified_time":"2024-06-14T08:58:00+00:00","og_image":[{"width":2560,"height":1707,"url":"https:\/\/www.barcelonaobertura.com\/wp-content\/uploads\/2024\/06\/Parne-Gloria-Ribera-c-Guillem-Pacheco-scaled.jpg","type":"image\/jpeg"}],"twitter_card":"summary_large_image","twitter_misc":{"Tiempo de lectura":"4 minutos"},"schema":{"@context":"https:\/\/schema.org","@graph":[{"@type":"WebPage","@id":"https:\/\/www.barcelonaobertura.com\/es\/plan\/terrats-in-culture-a-festival-with-class\/","url":"https:\/\/www.barcelonaobertura.com\/es\/plan\/terrats-in-culture-a-festival-with-class\/","name":"Terrats en Cultura, un festival de altura - Barcelona Obertura","isPartOf":{"@id":"https:\/\/www.barcelonaobertura.com\/es\/#website"},"primaryImageOfPage":{"@id":"https:\/\/www.barcelonaobertura.com\/es\/plan\/terrats-in-culture-a-festival-with-class\/#primaryimage"},"image":{"@id":"https:\/\/www.barcelonaobertura.com\/es\/plan\/terrats-in-culture-a-festival-with-class\/#primaryimage"},"thumbnailUrl":"https:\/\/www.barcelonaobertura.com\/wp-content\/uploads\/2024\/06\/Parne-Gloria-Ribera-c-Guillem-Pacheco-scaled.jpg","datePublished":"2024-06-14T08:37:58+00:00","dateModified":"2024-06-14T08:58:00+00:00","description":"Este festival, cada vez m\u00e1s popular, se distingue por su propuesta \u00fanica, donde la sorpresa es la principal protagonista.","breadcrumb":{"@id":"https:\/\/www.barcelonaobertura.com\/es\/plan\/terrats-in-culture-a-festival-with-class\/#breadcrumb"},"inLanguage":"es","potentialAction":[{"@type":"ReadAction","target":["https:\/\/www.barcelonaobertura.com\/es\/plan\/terrats-in-culture-a-festival-with-class\/"]}]},{"@type":"ImageObject","inLanguage":"es","@id":"https:\/\/www.barcelonaobertura.com\/es\/plan\/terrats-in-culture-a-festival-with-class\/#primaryimage","url":"https:\/\/www.barcelonaobertura.com\/wp-content\/uploads\/2024\/06\/Parne-Gloria-Ribera-c-Guillem-Pacheco-scaled.jpg","contentUrl":"https:\/\/www.barcelonaobertura.com\/wp-content\/uploads\/2024\/06\/Parne-Gloria-Ribera-c-Guillem-Pacheco-scaled.jpg","width":2560,"height":1707},{"@type":"BreadcrumbList","@id":"https:\/\/www.barcelonaobertura.com\/es\/plan\/terrats-in-culture-a-festival-with-class\/#breadcrumb","itemListElement":[{"@type":"ListItem","position":1,"name":"Home","item":"https:\/\/www.barcelonaobertura.com\/es\/"},{"@type":"ListItem","position":2,"name":"Planes","item":"https:\/\/www.barcelonaobertura.com\/es\/plan\/"},{"@type":"ListItem","position":3,"name":"Terrats en Cultura, un festival de altura"}]},{"@type":"WebSite","@id":"https:\/\/www.barcelonaobertura.com\/es\/#website","url":"https:\/\/www.barcelonaobertura.com\/es\/","name":"Barcelona Obertura","description":"Come for the music, Stay for the rest","potentialAction":[{"@type":"SearchAction","target":{"@type":"EntryPoint","urlTemplate":"https:\/\/www.barcelonaobertura.com\/es\/?s={search_term_string}"},"query-input":{"@type":"PropertyValueSpecification","valueRequired":true,"valueName":"search_term_string"}}],"inLanguage":"es"}]}},"_links":{"self":[{"href":"https:\/\/www.barcelonaobertura.com\/es\/wp-json\/wp\/v2\/plan\/63146","targetHints":{"allow":["GET"]}}],"collection":[{"href":"https:\/\/www.barcelonaobertura.com\/es\/wp-json\/wp\/v2\/plan"}],"about":[{"href":"https:\/\/www.barcelonaobertura.com\/es\/wp-json\/wp\/v2\/types\/plan"}],"wp:featuredmedia":[{"embeddable":true,"href":"https:\/\/www.barcelonaobertura.com\/es\/wp-json\/wp\/v2\/media\/63141"}],"wp:attachment":[{"href":"https:\/\/www.barcelonaobertura.com\/es\/wp-json\/wp\/v2\/media?parent=63146"}],"wp:term":[{"taxonomy":"plan-season","embeddable":true,"href":"https:\/\/www.barcelonaobertura.com\/es\/wp-json\/wp\/v2\/plan-season?post=63146"}],"curies":[{"name":"wp","href":"https:\/\/api.w.org\/{rel}","templated":true}]}}